{"id":9763,"date":"2024-11-14T11:18:25","date_gmt":"2024-11-14T15:18:25","guid":{"rendered":"https:\/\/funerariaconceptochile.cl\/?post_type=product&#038;p=9763"},"modified":"2025-08-09T14:00:39","modified_gmt":"2025-08-09T18:00:39","slug":"2-paquete-de-estatuas-de-decoracion-de-jardin-solar-angel","status":"publish","type":"product","link":"https:\/\/funerariaconceptochile.cl\/es\/product\/2-paquete-de-estatuas-de-decoracion-de-jardin-solar-angel\/","title":{"rendered":"Paquete De 2 Estatuas De Decoraci\u00f3n De Jard\u00edn Solar \u00c1ngel"},"content":{"rendered":"<p>Tem\u00e1tica: Amor<br \/>\nMaterial: Resina<br \/>\nTipo de estatua: \u00e1ngeles<br \/>\nTipo de ensamble: Montaje en el suelo<br \/>\nUso recomendado: Exterior<br \/>\nEstilo: Cl\u00e1sico<br \/>\nOcasi\u00f3n: D\u00eda de San Valent\u00edn<br \/>\nFuente de alimentaci\u00f3n: Carga solar<br \/>\nCaracter\u00edsticas de la bater\u00eda: Bater\u00eda solar<br \/>\nBater\u00eda solar: Bater\u00eda de n\u00edquel<\/p>","protected":false},"excerpt":{"rendered":"<p>2 Paquete De Estatuas De Decoraci\u00f3n De Jard\u00edn Solar \u00c1ngel, Estaca De Luces Solares De \u00c1ngel De Jard\u00edn, Figurina De \u00c1ngel, Regalos Para Mam\u00e1 Abuela, Decoraciones De Cementerio Para Tumba Adorno De Jard\u00edn Memorial<\/p>","protected":false},"featured_media":9766,"comment_status":"open","ping_status":"closed","template":"","meta":[],"product_brand":[],"product_cat":[73],"product_tag":[],"class_list":{"0":"post-9763","1":"product","2":"type-product","3":"status-publish","4":"has-post-thumbnail","6":"product_cat-accesorios-funerarios","8":"first","9":"instock","10":"shipping-taxable","11":"purchasable","12":"product-type-simple"},"yoast_head":"<!-- This site is optimized with the Yoast SEO plugin v27.5 - https:\/\/yoast.com\/product\/yoast-seo-wordpress\/ -->\n<title>Paquete De 2 Estatuas De Decoraci\u00f3n De Jard\u00edn Solar \u00c1ngel - Funeraria Concepto<\/title>\n<meta name=\"robots\" content=\"index, follow, max-snippet:-1, max-image-preview:large, max-video-preview:-1\" \/>\n<link rel=\"canonical\" href=\"https:\/\/funerariaconceptochile.cl\/es\/product\/2-paquete-de-estatuas-de-decoracion-de-jardin-solar-angel\/\" \/>\n<meta property=\"og:locale\" content=\"es_ES\" \/>\n<meta property=\"og:type\" content=\"article\" \/>\n<meta property=\"og:title\" content=\"Paquete De 2 Estatuas De Decoraci\u00f3n De Jard\u00edn Solar \u00c1ngel - Funeraria Concepto\" \/>\n<meta property=\"og:description\" content=\"2 Paquete De Estatuas De Decoraci\u00f3n De Jard\u00edn Solar \u00c1ngel, Estaca De Luces Solares De \u00c1ngel De Jard\u00edn, Figurina De \u00c1ngel, Regalos Para Mam\u00e1 Abuela, Decoraciones De Cementerio Para Tumba Adorno De Jard\u00edn Memorial\" \/>\n<meta property=\"og:url\" content=\"https:\/\/funerariaconceptochile.cl\/es\/product\/2-paquete-de-estatuas-de-decoracion-de-jardin-solar-angel\/\" \/>\n<meta property=\"og:site_name\" content=\"Funeraria Concepto\" \/>\n<meta property=\"article:modified_time\" content=\"2025-08-09T18:00:39+00:00\" \/>\n<meta property=\"og:image\" content=\"https:\/\/funerariaconceptochile.cl\/wp-content\/uploads\/2024\/11\/216.-2-Paquete-De-Estatuas-De-Decoracion-De-Jardin-Solar-Angel-1.png\" \/>\n\t<meta property=\"og:image:width\" content=\"723\" \/>\n\t<meta property=\"og:image:height\" content=\"727\" \/>\n\t<meta property=\"og:image:type\" content=\"image\/png\" \/>\n<meta name=\"twitter:card\" content=\"summary_large_image\" \/>\n<meta name=\"twitter:label1\" content=\"Tiempo de lectura\" \/>\n\t<meta name=\"twitter:data1\" content=\"1 minuto\" \/>\n<script type=\"application\/ld+json\" class=\"yoast-schema-graph\">{\"@context\":\"https:\\\/\\\/schema.org\",\"@graph\":[{\"@type\":\"WebPage\",\"@id\":\"https:\\\/\\\/funerariaconceptochile.cl\\\/product\\\/2-paquete-de-estatuas-de-decoracion-de-jardin-solar-angel\\\/\",\"url\":\"https:\\\/\\\/funerariaconceptochile.cl\\\/product\\\/2-paquete-de-estatuas-de-decoracion-de-jardin-solar-angel\\\/\",\"name\":\"Paquete De 2 Estatuas De Decoraci\u00f3n De Jard\u00edn Solar \u00c1ngel - Funeraria Concepto\",\"isPartOf\":{\"@id\":\"https:\\\/\\\/funerariaconceptochile.cl\\\/#website\"},\"primaryImageOfPage\":{\"@id\":\"https:\\\/\\\/funerariaconceptochile.cl\\\/product\\\/2-paquete-de-estatuas-de-decoracion-de-jardin-solar-angel\\\/#primaryimage\"},\"image\":{\"@id\":\"https:\\\/\\\/funerariaconceptochile.cl\\\/product\\\/2-paquete-de-estatuas-de-decoracion-de-jardin-solar-angel\\\/#primaryimage\"},\"thumbnailUrl\":\"https:\\\/\\\/funerariaconceptochile.cl\\\/wp-content\\\/uploads\\\/2024\\\/11\\\/216.-2-Paquete-De-Estatuas-De-Decoracion-De-Jardin-Solar-Angel-1.png\",\"datePublished\":\"2024-11-14T15:18:25+00:00\",\"dateModified\":\"2025-08-09T18:00:39+00:00\",\"breadcrumb\":{\"@id\":\"https:\\\/\\\/funerariaconceptochile.cl\\\/product\\\/2-paquete-de-estatuas-de-decoracion-de-jardin-solar-angel\\\/#breadcrumb\"},\"inLanguage\":\"es\",\"potentialAction\":[{\"@type\":\"ReadAction\",\"target\":[\"https:\\\/\\\/funerariaconceptochile.cl\\\/product\\\/2-paquete-de-estatuas-de-decoracion-de-jardin-solar-angel\\\/\"]}]},{\"@type\":\"ImageObject\",\"inLanguage\":\"es\",\"@id\":\"https:\\\/\\\/funerariaconceptochile.cl\\\/product\\\/2-paquete-de-estatuas-de-decoracion-de-jardin-solar-angel\\\/#primaryimage\",\"url\":\"https:\\\/\\\/funerariaconceptochile.cl\\\/wp-content\\\/uploads\\\/2024\\\/11\\\/216.-2-Paquete-De-Estatuas-De-Decoracion-De-Jardin-Solar-Angel-1.png\",\"contentUrl\":\"https:\\\/\\\/funerariaconceptochile.cl\\\/wp-content\\\/uploads\\\/2024\\\/11\\\/216.-2-Paquete-De-Estatuas-De-Decoracion-De-Jardin-Solar-Angel-1.png\",\"width\":723,\"height\":727},{\"@type\":\"BreadcrumbList\",\"@id\":\"https:\\\/\\\/funerariaconceptochile.cl\\\/product\\\/2-paquete-de-estatuas-de-decoracion-de-jardin-solar-angel\\\/#breadcrumb\",\"itemListElement\":[{\"@type\":\"ListItem\",\"position\":1,\"name\":\"Portada\",\"item\":\"https:\\\/\\\/funerariaconceptochile.cl\\\/\"},{\"@type\":\"ListItem\",\"position\":2,\"name\":\"Accesorios\",\"item\":\"https:\\\/\\\/funerariaconceptochile.cl\\\/tienda-accesorios-funerarios\\\/\"},{\"@type\":\"ListItem\",\"position\":3,\"name\":\"Paquete De 2 Estatuas De Decoraci\u00f3n De Jard\u00edn Solar \u00c1ngel\"}]},{\"@type\":\"WebSite\",\"@id\":\"https:\\\/\\\/funerariaconceptochile.cl\\\/#website\",\"url\":\"https:\\\/\\\/funerariaconceptochile.cl\\\/\",\"name\":\"Funeraria Concepto\",\"description\":\"\",\"potentialAction\":[{\"@type\":\"SearchAction\",\"target\":{\"@type\":\"EntryPoint\",\"urlTemplate\":\"https:\\\/\\\/funerariaconceptochile.cl\\\/?s={search_term_string}\"},\"query-input\":{\"@type\":\"PropertyValueSpecification\",\"valueRequired\":true,\"valueName\":\"search_term_string\"}}],\"inLanguage\":\"es\"}]}<\/script>\n<!-- \/ Yoast SEO plugin. -->","yoast_head_json":{"title":"Paquete De 2 Estatuas De Decoraci\u00f3n De Jard\u00edn Solar \u00c1ngel - Funeraria Concepto","robots":{"index":"index","follow":"follow","max-snippet":"max-snippet:-1","max-image-preview":"max-image-preview:large","max-video-preview":"max-video-preview:-1"},"canonical":"https:\/\/funerariaconceptochile.cl\/es\/product\/2-paquete-de-estatuas-de-decoracion-de-jardin-solar-angel\/","og_locale":"es_ES","og_type":"article","og_title":"Paquete De 2 Estatuas De Decoraci\u00f3n De Jard\u00edn Solar \u00c1ngel - Funeraria Concepto","og_description":"2 Paquete De Estatuas De Decoraci\u00f3n De Jard\u00edn Solar \u00c1ngel, Estaca De Luces Solares De \u00c1ngel De Jard\u00edn, Figurina De \u00c1ngel, Regalos Para Mam\u00e1 Abuela, Decoraciones De Cementerio Para Tumba Adorno De Jard\u00edn Memorial","og_url":"https:\/\/funerariaconceptochile.cl\/es\/product\/2-paquete-de-estatuas-de-decoracion-de-jardin-solar-angel\/","og_site_name":"Funeraria Concepto","article_modified_time":"2025-08-09T18:00:39+00:00","og_image":[{"width":723,"height":727,"url":"https:\/\/funerariaconceptochile.cl\/wp-content\/uploads\/2024\/11\/216.-2-Paquete-De-Estatuas-De-Decoracion-De-Jardin-Solar-Angel-1.png","type":"image\/png"}],"twitter_card":"summary_large_image","twitter_misc":{"Tiempo de lectura":"1 minuto"},"schema":{"@context":"https:\/\/schema.org","@graph":[{"@type":"WebPage","@id":"https:\/\/funerariaconceptochile.cl\/product\/2-paquete-de-estatuas-de-decoracion-de-jardin-solar-angel\/","url":"https:\/\/funerariaconceptochile.cl\/product\/2-paquete-de-estatuas-de-decoracion-de-jardin-solar-angel\/","name":"Paquete De 2 Estatuas De Decoraci\u00f3n De Jard\u00edn Solar \u00c1ngel - Funeraria Concepto","isPartOf":{"@id":"https:\/\/funerariaconceptochile.cl\/#website"},"primaryImageOfPage":{"@id":"https:\/\/funerariaconceptochile.cl\/product\/2-paquete-de-estatuas-de-decoracion-de-jardin-solar-angel\/#primaryimage"},"image":{"@id":"https:\/\/funerariaconceptochile.cl\/product\/2-paquete-de-estatuas-de-decoracion-de-jardin-solar-angel\/#primaryimage"},"thumbnailUrl":"https:\/\/funerariaconceptochile.cl\/wp-content\/uploads\/2024\/11\/216.-2-Paquete-De-Estatuas-De-Decoracion-De-Jardin-Solar-Angel-1.png","datePublished":"2024-11-14T15:18:25+00:00","dateModified":"2025-08-09T18:00:39+00:00","breadcrumb":{"@id":"https:\/\/funerariaconceptochile.cl\/product\/2-paquete-de-estatuas-de-decoracion-de-jardin-solar-angel\/#breadcrumb"},"inLanguage":"es","potentialAction":[{"@type":"ReadAction","target":["https:\/\/funerariaconceptochile.cl\/product\/2-paquete-de-estatuas-de-decoracion-de-jardin-solar-angel\/"]}]},{"@type":"ImageObject","inLanguage":"es","@id":"https:\/\/funerariaconceptochile.cl\/product\/2-paquete-de-estatuas-de-decoracion-de-jardin-solar-angel\/#primaryimage","url":"https:\/\/funerariaconceptochile.cl\/wp-content\/uploads\/2024\/11\/216.-2-Paquete-De-Estatuas-De-Decoracion-De-Jardin-Solar-Angel-1.png","contentUrl":"https:\/\/funerariaconceptochile.cl\/wp-content\/uploads\/2024\/11\/216.-2-Paquete-De-Estatuas-De-Decoracion-De-Jardin-Solar-Angel-1.png","width":723,"height":727},{"@type":"BreadcrumbList","@id":"https:\/\/funerariaconceptochile.cl\/product\/2-paquete-de-estatuas-de-decoracion-de-jardin-solar-angel\/#breadcrumb","itemListElement":[{"@type":"ListItem","position":1,"name":"Portada","item":"https:\/\/funerariaconceptochile.cl\/"},{"@type":"ListItem","position":2,"name":"Accesorios","item":"https:\/\/funerariaconceptochile.cl\/tienda-accesorios-funerarios\/"},{"@type":"ListItem","position":3,"name":"Paquete De 2 Estatuas De Decoraci\u00f3n De Jard\u00edn Solar \u00c1ngel"}]},{"@type":"WebSite","@id":"https:\/\/funerariaconceptochile.cl\/#website","url":"https:\/\/funerariaconceptochile.cl\/","name":"Funeraria Concepto","description":"","potentialAction":[{"@type":"SearchAction","target":{"@type":"EntryPoint","urlTemplate":"https:\/\/funerariaconceptochile.cl\/?s={search_term_string}"},"query-input":{"@type":"PropertyValueSpecification","valueRequired":true,"valueName":"search_term_string"}}],"inLanguage":"es"}]}},"_links":{"self":[{"href":"https:\/\/funerariaconceptochile.cl\/es\/wp-json\/wp\/v2\/product\/9763","targetHints":{"allow":["GET"]}}],"collection":[{"href":"https:\/\/funerariaconceptochile.cl\/es\/wp-json\/wp\/v2\/product"}],"about":[{"href":"https:\/\/funerariaconceptochile.cl\/es\/wp-json\/wp\/v2\/types\/product"}],"replies":[{"embeddable":true,"href":"https:\/\/funerariaconceptochile.cl\/es\/wp-json\/wp\/v2\/comments?post=9763"}],"wp:featuredmedia":[{"embeddable":true,"href":"https:\/\/funerariaconceptochile.cl\/es\/wp-json\/wp\/v2\/media\/9766"}],"wp:attachment":[{"href":"https:\/\/funerariaconceptochile.cl\/es\/wp-json\/wp\/v2\/media?parent=9763"}],"wp:term":[{"taxonomy":"product_brand","embeddable":true,"href":"https:\/\/funerariaconceptochile.cl\/es\/wp-json\/wp\/v2\/product_brand?post=9763"},{"taxonomy":"product_cat","embeddable":true,"href":"https:\/\/funerariaconceptochile.cl\/es\/wp-json\/wp\/v2\/product_cat?post=9763"},{"taxonomy":"product_tag","embeddable":true,"href":"https:\/\/funerariaconceptochile.cl\/es\/wp-json\/wp\/v2\/product_tag?post=9763"}],"curies":[{"name":"wp","href":"https:\/\/api.w.org\/{rel}","templated":true}]}}