{"id":9726,"date":"2024-11-08T23:14:42","date_gmt":"2024-11-09T03:14:42","guid":{"rendered":"https:\/\/funerariaconceptochile.cl\/?page_id=9726"},"modified":"2025-05-27T13:44:32","modified_gmt":"2025-05-27T17:44:32","slug":"caja-los-andes","status":"publish","type":"page","link":"https:\/\/funerariaconceptochile.cl\/es\/caja-los-andes\/","title":{"rendered":"Caja los andes"},"content":{"rendered":"<section class=\"wpb-content-wrapper\"><div class=\"vc_row wpb_row vc_row-fluid\"><div class=\"wpb_column vc_column_container vc_col-sm-12\"><div class=\"vc_column-inner\"><div class=\"wpb_wrapper\">\n\t<div class=\"wpb_text_column wpb_content_element\" >\n\t\t<div class=\"wpb_wrapper\">\n\t\t\t<div id=\"wd-672ecf8706410\" class=\"wd-text-block wd-wpb reset-last-child wd-rs-672ecf8706410 text-left color-title wd-fontsize-custom \">\n<div id=\"wd-672ecf8706410\" class=\"wd-text-block wd-wpb reset-last-child wd-rs-672ecf8706410 text-left color-title wd-fontsize-custom \"><\/div>\n<div id=\"wd-672ecfac411ca\" class=\"wd-text-block wd-wpb reset-last-child wd-rs-672ecfac411ca text-left wd-width-enabled wd-fontsize-custom vc_custom_1731121081600\">\n<h4><\/h4>\n<\/div>\n<p><img loading=\"lazy\" decoding=\"async\" class=\" wp-image-9699 aligncenter\" src=\"https:\/\/funerariaconceptochile.cl\/wp-content\/uploads\/2024\/11\/462963698_1052823830187238_3838267713811729559_n-1-400x300.jpg\" alt=\"\" width=\"513\" height=\"385\" srcset=\"https:\/\/funerariaconceptochile.cl\/wp-content\/uploads\/2024\/11\/462963698_1052823830187238_3838267713811729559_n-1-400x300.jpg 400w, https:\/\/funerariaconceptochile.cl\/wp-content\/uploads\/2024\/11\/462963698_1052823830187238_3838267713811729559_n-1-1067x800.jpg 1067w, https:\/\/funerariaconceptochile.cl\/wp-content\/uploads\/2024\/11\/462963698_1052823830187238_3838267713811729559_n-1-768x576.jpg 768w, https:\/\/funerariaconceptochile.cl\/wp-content\/uploads\/2024\/11\/462963698_1052823830187238_3838267713811729559_n-1-1536x1152.jpg 1536w, https:\/\/funerariaconceptochile.cl\/wp-content\/uploads\/2024\/11\/462963698_1052823830187238_3838267713811729559_n-1-150x113.jpg 150w, https:\/\/funerariaconceptochile.cl\/wp-content\/uploads\/2024\/11\/462963698_1052823830187238_3838267713811729559_n-1.jpg 1600w\" sizes=\"auto, (max-width: 513px) 100vw, 513px\" \/><\/p>\n<\/div>\n<p>&nbsp;<\/p>\n<div id=\"wd-672ecf8706410\" class=\"wd-text-block wd-wpb reset-last-child wd-rs-672ecf8706410 text-left color-title wd-fontsize-custom \">\n<p style=\"text-align: left;\">Con el prop\u00f3sito de contribuir al bienestar familiar y del entorno, celebramos convenio de colaboraci\u00f3n junto @cajalosandes<br class=\"html-br\" \/>Sus afiliados y su c\u00edrculo familiar en la provincia del Biob\u00edo, podr\u00e1n disponer de los siguientes beneficios:<\/p>\n<\/div>\n<div id=\"wd-672ecfac411ca\" class=\"wd-text-block wd-wpb reset-last-child wd-rs-672ecfac411ca text-left wd-width-enabled wd-fontsize-custom vc_custom_1731121081600\">\n<h4 style=\"text-align: left;\">* Asesor\u00eda legal gratuita realizada por nuestros abogados <span class=\"html-span xexx8yu x4uap5 x18d9i69 xkhd6sd x1hl2dhg x16tdsg8 x1vvkbs x3nfvp2 x1j61x8r x1fcty0u xdj266r xat24cr xgzva0m xhhsvwb xxymvpz xlup9mm x1kky2od\"><img loading=\"lazy\" decoding=\"async\" class=\"xz74otr lazy loaded\" src=\"https:\/\/static.xx.fbcdn.net\/images\/emoji.php\/v9\/ta\/1\/16\/2696.png\" alt=\"\u2696\ufe0f\" width=\"16\" height=\"16\" data-src=\"https:\/\/static.xx.fbcdn.net\/images\/emoji.php\/v9\/ta\/1\/16\/2696.png\" data-was-processed=\"true\" \/><\/span><br class=\"html-br\" \/>* 15% descuento en servicios funerarios necesidad inmediata\u00a0<span class=\"html-span xexx8yu x4uap5 x18d9i69 xkhd6sd x1hl2dhg x16tdsg8 x1vvkbs x3nfvp2 x1j61x8r x1fcty0u xdj266r xat24cr xgzva0m xhhsvwb xxymvpz xlup9mm x1kky2od\"><img loading=\"lazy\" decoding=\"async\" class=\"xz74otr lazy loaded\" src=\"https:\/\/static.xx.fbcdn.net\/images\/emoji.php\/v9\/t2e\/1\/16\/1faa6.png\" alt=\"\ud83e\udea6\" width=\"16\" height=\"16\" data-src=\"https:\/\/static.xx.fbcdn.net\/images\/emoji.php\/v9\/t2e\/1\/16\/1faa6.png\" data-was-processed=\"true\" \/><\/span><br class=\"html-br\" \/>* 15% descuento en servicios funerarios necesidad futura\u00a0<span class=\"html-span xexx8yu x4uap5 x18d9i69 xkhd6sd x1hl2dhg x16tdsg8 x1vvkbs x3nfvp2 x1j61x8r x1fcty0u xdj266r xat24cr xgzva0m xhhsvwb xxymvpz\">\ud83e\uddd1\u200d\ud83e\uddd1\u200d\ud83e\uddd2\u200d\ud83e\uddd2<\/span><br class=\"html-br\" \/>* 15% descuento en servicios de cremaci\u00f3n\u00a0<span class=\"html-span xexx8yu x4uap5 x18d9i69 xkhd6sd x1hl2dhg x16tdsg8 x1vvkbs x3nfvp2 x1j61x8r x1fcty0u xdj266r xat24cr xgzva0m xhhsvwb xxymvpz xlup9mm x1kky2od\"><img loading=\"lazy\" decoding=\"async\" class=\"xz74otr lazy loaded\" src=\"https:\/\/static.xx.fbcdn.net\/images\/emoji.php\/v9\/t46\/1\/16\/1f3fa.png\" alt=\"\ud83c\udffa\" width=\"16\" height=\"16\" data-src=\"https:\/\/static.xx.fbcdn.net\/images\/emoji.php\/v9\/t46\/1\/16\/1f3fa.png\" data-was-processed=\"true\" \/><\/span><br class=\"html-br\" \/>* 15% descuento en servicios jur\u00eddicos\u00a0<span class=\"html-span xexx8yu x4uap5 x18d9i69 xkhd6sd x1hl2dhg x16tdsg8 x1vvkbs x3nfvp2 x1j61x8r x1fcty0u xdj266r xat24cr xgzva0m xhhsvwb xxymvpz xlup9mm x1kky2od\"><img loading=\"lazy\" decoding=\"async\" class=\"xz74otr lazy loaded\" src=\"https:\/\/static.xx.fbcdn.net\/images\/emoji.php\/v9\/ta\/1\/16\/2696.png\" alt=\"\u2696\ufe0f\" width=\"16\" height=\"16\" data-src=\"https:\/\/static.xx.fbcdn.net\/images\/emoji.php\/v9\/ta\/1\/16\/2696.png\" data-was-processed=\"true\" \/><\/span><\/h4>\n<\/div>\n<p>&nbsp;<\/p>\n\n\t\t<\/div>\n\t<\/div>\n<\/div><\/div><\/div><\/div><div class=\"wpforms-container wpforms-container-full\" id=\"wpforms-7049\"><form id=\"wpforms-form-7049\" class=\"wpforms-validate wpforms-form wpforms-ajax-form\" data-formid=\"7049\" method=\"post\" enctype=\"multipart\/form-data\" action=\"\/es\/wp-json\/wp\/v2\/pages\/9726\" data-token=\"7a3ec7b3d1a6b7c9d7ebf620d351e364\" data-token-time=\"1777652246\"><noscript class=\"wpforms-error-noscript\">Por favor, activa JavaScript en tu navegador para completar este formulario.<\/noscript><div class=\"wpforms-field-container\"><div id=\"wpforms-7049-field_0-container\" class=\"wpforms-field wpforms-field-name\" data-field-id=\"0\"><label class=\"wpforms-field-label\">Nombre <span class=\"wpforms-required-label\">*<\/span><\/label><div class=\"wpforms-field-row wpforms-field-large\"><div class=\"wpforms-field-row-block wpforms-first wpforms-one-half\"><input type=\"text\" id=\"wpforms-7049-field_0\" class=\"wpforms-field-name-first wpforms-field-required\" name=\"wpforms[fields][0][first]\" required><label for=\"wpforms-7049-field_0\" class=\"wpforms-field-sublabel after\">Nombre<\/label><\/div><div class=\"wpforms-field-row-block wpforms-one-half\"><input type=\"text\" id=\"wpforms-7049-field_0-last\" class=\"wpforms-field-name-last wpforms-field-required\" name=\"wpforms[fields][0][last]\" required><label for=\"wpforms-7049-field_0-last\" class=\"wpforms-field-sublabel after\">Apellidos<\/label><\/div><\/div><\/div><div id=\"wpforms-7049-field_1-container\" class=\"wpforms-field wpforms-field-email\" data-field-id=\"1\"><label class=\"wpforms-field-label\" for=\"wpforms-7049-field_1\">Correo electr\u00f3nico <span class=\"wpforms-required-label\">*<\/span><\/label><input type=\"email\" id=\"wpforms-7049-field_1\" class=\"wpforms-field-large wpforms-field-required\" name=\"wpforms[fields][1]\" spellcheck=\"false\" required><\/div><div id=\"wpforms-7049-field_3-container\" class=\"wpforms-field wpforms-field-text\" data-field-id=\"3\"><label class=\"wpforms-field-label\" for=\"wpforms-7049-field_3\">Tel\u00e9fono <span class=\"wpforms-required-label\">*<\/span><\/label><input type=\"text\" id=\"wpforms-7049-field_3\" class=\"wpforms-field-large wpforms-field-required\" name=\"wpforms[fields][3]\" required><\/div><div id=\"wpforms-7049-field_2-container\" class=\"wpforms-field wpforms-field-textarea\" data-field-id=\"2\"><label class=\"wpforms-field-label\" for=\"wpforms-7049-field_2\">Comentario o mensaje<\/label><textarea id=\"wpforms-7049-field_2\" class=\"wpforms-field-medium\" name=\"wpforms[fields][2]\" ><\/textarea><\/div><\/div><!-- .wpforms-field-container --><div class=\"wpforms-recaptcha-container wpforms-is-recaptcha wpforms-is-recaptcha-type-v2\" ><div class=\"g-recaptcha\" data-sitekey=\"6LeWpToqAAAAACfIvqzEdIzidBlmKDPLzxbr0Cvn\"><\/div><input type=\"text\" name=\"g-recaptcha-hidden\" class=\"wpforms-recaptcha-hidden\" style=\"position:absolute!important;clip:rect(0,0,0,0)!important;height:1px!important;width:1px!important;border:0!important;overflow:hidden!important;padding:0!important;margin:0!important;\" data-rule-recaptcha=\"1\"><\/div><div class=\"wpforms-submit-container\" ><input type=\"hidden\" name=\"wpforms[id]\" value=\"7049\"><input type=\"hidden\" name=\"page_title\" value=\"\"><input type=\"hidden\" name=\"page_url\" value=\"https:\/\/funerariaconceptochile.cl\/es\/wp-json\/wp\/v2\/pages\/9726\"><input type=\"hidden\" name=\"url_referer\" value=\"\"><button type=\"submit\" name=\"wpforms[submit]\" id=\"wpforms-submit-7049\" class=\"wpforms-submit\" data-alt-text=\"Enviando...\" data-submit-text=\"Enviar\" aria-live=\"assertive\" value=\"wpforms-submit\">Enviar<\/button><img loading=\"lazy\" decoding=\"async\" src=\"https:\/\/funerariaconceptochile.cl\/wp-content\/plugins\/wpforms-lite\/assets\/images\/submit-spin.svg\" class=\"wpforms-submit-spinner\" style=\"display: none;\" width=\"26\" height=\"26\" alt=\"Cargando\"><\/div><\/form><\/div>  <!-- .wpforms-container --><\/p>\n<\/section>","protected":false},"excerpt":{"rendered":"&nbsp; Con el prop\u00f3sito de contribuir al bienestar familiar y del entorno, celebramos convenio de colaboraci\u00f3n junto @cajalosandesSus afiliados y","protected":false},"author":2,"featured_media":0,"parent":0,"menu_order":0,"comment_status":"closed","ping_status":"closed","template":"","meta":{"footnotes":""},"class_list":["post-9726","page","type-page","status-publish","hentry"],"yoast_head":"<!-- This site is optimized with the Yoast SEO plugin v27.5 - https:\/\/yoast.com\/product\/yoast-seo-wordpress\/ -->\n<title>Caja los andes - Funeraria Concepto<\/title>\n<meta name=\"robots\" content=\"index, follow, max-snippet:-1, max-image-preview:large, max-video-preview:-1\" \/>\n<link rel=\"canonical\" href=\"https:\/\/funerariaconceptochile.cl\/es\/caja-los-andes\/\" \/>\n<meta property=\"og:locale\" content=\"es_ES\" \/>\n<meta property=\"og:type\" content=\"article\" \/>\n<meta property=\"og:title\" content=\"Caja los andes - Funeraria Concepto\" \/>\n<meta property=\"og:url\" content=\"https:\/\/funerariaconceptochile.cl\/es\/caja-los-andes\/\" \/>\n<meta property=\"og:site_name\" content=\"Funeraria Concepto\" \/>\n<meta property=\"article:modified_time\" content=\"2025-05-27T17:44:32+00:00\" \/>\n<meta property=\"og:image\" content=\"https:\/\/funerariaconceptochile.cl\/wp-content\/uploads\/2024\/11\/462963698_1052823830187238_3838267713811729559_n-1.jpg\" \/>\n\t<meta property=\"og:image:width\" content=\"1600\" \/>\n\t<meta property=\"og:image:height\" content=\"1200\" \/>\n\t<meta property=\"og:image:type\" content=\"image\/jpeg\" \/>\n<meta name=\"twitter:card\" content=\"summary_large_image\" \/>\n<meta name=\"twitter:label1\" content=\"Tiempo de lectura\" \/>\n\t<meta name=\"twitter:data1\" content=\"2 minutos\" \/>\n<script type=\"application\/ld+json\" class=\"yoast-schema-graph\">{\"@context\":\"https:\\\/\\\/schema.org\",\"@graph\":[{\"@type\":\"WebPage\",\"@id\":\"https:\\\/\\\/funerariaconceptochile.cl\\\/caja-los-andes\\\/\",\"url\":\"https:\\\/\\\/funerariaconceptochile.cl\\\/caja-los-andes\\\/\",\"name\":\"Caja los andes - Funeraria Concepto\",\"isPartOf\":{\"@id\":\"https:\\\/\\\/funerariaconceptochile.cl\\\/#website\"},\"primaryImageOfPage\":{\"@id\":\"https:\\\/\\\/funerariaconceptochile.cl\\\/caja-los-andes\\\/#primaryimage\"},\"image\":{\"@id\":\"https:\\\/\\\/funerariaconceptochile.cl\\\/caja-los-andes\\\/#primaryimage\"},\"thumbnailUrl\":\"https:\\\/\\\/funerariaconceptochile.cl\\\/wp-content\\\/uploads\\\/2024\\\/11\\\/462963698_1052823830187238_3838267713811729559_n-1-400x300.jpg\",\"datePublished\":\"2024-11-09T03:14:42+00:00\",\"dateModified\":\"2025-05-27T17:44:32+00:00\",\"breadcrumb\":{\"@id\":\"https:\\\/\\\/funerariaconceptochile.cl\\\/caja-los-andes\\\/#breadcrumb\"},\"inLanguage\":\"es\",\"potentialAction\":[{\"@type\":\"ReadAction\",\"target\":[\"https:\\\/\\\/funerariaconceptochile.cl\\\/caja-los-andes\\\/\"]}]},{\"@type\":\"ImageObject\",\"inLanguage\":\"es\",\"@id\":\"https:\\\/\\\/funerariaconceptochile.cl\\\/caja-los-andes\\\/#primaryimage\",\"url\":\"https:\\\/\\\/funerariaconceptochile.cl\\\/wp-content\\\/uploads\\\/2024\\\/11\\\/462963698_1052823830187238_3838267713811729559_n-1-400x300.jpg\",\"contentUrl\":\"https:\\\/\\\/funerariaconceptochile.cl\\\/wp-content\\\/uploads\\\/2024\\\/11\\\/462963698_1052823830187238_3838267713811729559_n-1-400x300.jpg\"},{\"@type\":\"BreadcrumbList\",\"@id\":\"https:\\\/\\\/funerariaconceptochile.cl\\\/caja-los-andes\\\/#breadcrumb\",\"itemListElement\":[{\"@type\":\"ListItem\",\"position\":1,\"name\":\"Portada\",\"item\":\"https:\\\/\\\/funerariaconceptochile.cl\\\/\"},{\"@type\":\"ListItem\",\"position\":2,\"name\":\"Caja los andes\"}]},{\"@type\":\"WebSite\",\"@id\":\"https:\\\/\\\/funerariaconceptochile.cl\\\/#website\",\"url\":\"https:\\\/\\\/funerariaconceptochile.cl\\\/\",\"name\":\"Funeraria Concepto\",\"description\":\"\",\"potentialAction\":[{\"@type\":\"SearchAction\",\"target\":{\"@type\":\"EntryPoint\",\"urlTemplate\":\"https:\\\/\\\/funerariaconceptochile.cl\\\/?s={search_term_string}\"},\"query-input\":{\"@type\":\"PropertyValueSpecification\",\"valueRequired\":true,\"valueName\":\"search_term_string\"}}],\"inLanguage\":\"es\"}]}<\/script>\n<!-- \/ Yoast SEO plugin. -->","yoast_head_json":{"title":"Caja los andes - Funeraria Concepto","robots":{"index":"index","follow":"follow","max-snippet":"max-snippet:-1","max-image-preview":"max-image-preview:large","max-video-preview":"max-video-preview:-1"},"canonical":"https:\/\/funerariaconceptochile.cl\/es\/caja-los-andes\/","og_locale":"es_ES","og_type":"article","og_title":"Caja los andes - Funeraria Concepto","og_url":"https:\/\/funerariaconceptochile.cl\/es\/caja-los-andes\/","og_site_name":"Funeraria Concepto","article_modified_time":"2025-05-27T17:44:32+00:00","og_image":[{"width":1600,"height":1200,"url":"https:\/\/funerariaconceptochile.cl\/wp-content\/uploads\/2024\/11\/462963698_1052823830187238_3838267713811729559_n-1.jpg","type":"image\/jpeg"}],"twitter_card":"summary_large_image","twitter_misc":{"Tiempo de lectura":"2 minutos"},"schema":{"@context":"https:\/\/schema.org","@graph":[{"@type":"WebPage","@id":"https:\/\/funerariaconceptochile.cl\/caja-los-andes\/","url":"https:\/\/funerariaconceptochile.cl\/caja-los-andes\/","name":"Caja los andes - Funeraria Concepto","isPartOf":{"@id":"https:\/\/funerariaconceptochile.cl\/#website"},"primaryImageOfPage":{"@id":"https:\/\/funerariaconceptochile.cl\/caja-los-andes\/#primaryimage"},"image":{"@id":"https:\/\/funerariaconceptochile.cl\/caja-los-andes\/#primaryimage"},"thumbnailUrl":"https:\/\/funerariaconceptochile.cl\/wp-content\/uploads\/2024\/11\/462963698_1052823830187238_3838267713811729559_n-1-400x300.jpg","datePublished":"2024-11-09T03:14:42+00:00","dateModified":"2025-05-27T17:44:32+00:00","breadcrumb":{"@id":"https:\/\/funerariaconceptochile.cl\/caja-los-andes\/#breadcrumb"},"inLanguage":"es","potentialAction":[{"@type":"ReadAction","target":["https:\/\/funerariaconceptochile.cl\/caja-los-andes\/"]}]},{"@type":"ImageObject","inLanguage":"es","@id":"https:\/\/funerariaconceptochile.cl\/caja-los-andes\/#primaryimage","url":"https:\/\/funerariaconceptochile.cl\/wp-content\/uploads\/2024\/11\/462963698_1052823830187238_3838267713811729559_n-1-400x300.jpg","contentUrl":"https:\/\/funerariaconceptochile.cl\/wp-content\/uploads\/2024\/11\/462963698_1052823830187238_3838267713811729559_n-1-400x300.jpg"},{"@type":"BreadcrumbList","@id":"https:\/\/funerariaconceptochile.cl\/caja-los-andes\/#breadcrumb","itemListElement":[{"@type":"ListItem","position":1,"name":"Portada","item":"https:\/\/funerariaconceptochile.cl\/"},{"@type":"ListItem","position":2,"name":"Caja los andes"}]},{"@type":"WebSite","@id":"https:\/\/funerariaconceptochile.cl\/#website","url":"https:\/\/funerariaconceptochile.cl\/","name":"Funeraria Concepto","description":"","potentialAction":[{"@type":"SearchAction","target":{"@type":"EntryPoint","urlTemplate":"https:\/\/funerariaconceptochile.cl\/?s={search_term_string}"},"query-input":{"@type":"PropertyValueSpecification","valueRequired":true,"valueName":"search_term_string"}}],"inLanguage":"es"}]}},"_links":{"self":[{"href":"https:\/\/funerariaconceptochile.cl\/es\/wp-json\/wp\/v2\/pages\/9726","targetHints":{"allow":["GET"]}}],"collection":[{"href":"https:\/\/funerariaconceptochile.cl\/es\/wp-json\/wp\/v2\/pages"}],"about":[{"href":"https:\/\/funerariaconceptochile.cl\/es\/wp-json\/wp\/v2\/types\/page"}],"author":[{"embeddable":true,"href":"https:\/\/funerariaconceptochile.cl\/es\/wp-json\/wp\/v2\/users\/2"}],"replies":[{"embeddable":true,"href":"https:\/\/funerariaconceptochile.cl\/es\/wp-json\/wp\/v2\/comments?post=9726"}],"version-history":[{"count":9,"href":"https:\/\/funerariaconceptochile.cl\/es\/wp-json\/wp\/v2\/pages\/9726\/revisions"}],"predecessor-version":[{"id":10487,"href":"https:\/\/funerariaconceptochile.cl\/es\/wp-json\/wp\/v2\/pages\/9726\/revisions\/10487"}],"wp:attachment":[{"href":"https:\/\/funerariaconceptochile.cl\/es\/wp-json\/wp\/v2\/media?parent=9726"}],"curies":[{"name":"wp","href":"https:\/\/api.w.org\/{rel}","templated":true}]}}