{"id":9705,"date":"2024-11-08T23:01:08","date_gmt":"2024-11-09T03:01:08","guid":{"rendered":"https:\/\/funerariaconceptochile.cl\/?page_id=9705"},"modified":"2024-12-04T10:12:54","modified_gmt":"2024-12-04T14:12:54","slug":"9705-2","status":"publish","type":"page","link":"https:\/\/funerariaconceptochile.cl\/es\/9705-2\/","title":{"rendered":"Convenio Funeraria Concepto"},"content":{"rendered":"<section class=\"wpb-content-wrapper\"><div data-vc-full-width=\"true\" data-vc-full-width-init=\"false\" data-vc-stretch-content=\"true\" class=\"vc_row wpb_row vc_row-fluid vc_custom_1629815524200 vc_row-has-fill vc_row-no-padding vc_row-o-equal-height vc_row-flex wd-rs-612502df09f2d\"><div class=\"wpb_column vc_column_container vc_col-sm-12 vc_col-lg-6 vc_col-md-12 vc_col-xs-12 wd-rs-612502fce930b\"><div class=\"vc_column-inner vc_custom_1629815553577\"><div class=\"wpb_wrapper\">\n\t<div  class=\"wpb_single_image wpb_content_element vc_align_left\">\n\t\t\n\t\t<figure class=\"wpb_wrapper vc_figure\">\n\t\t\t<div class=\"vc_single_image-wrapper   vc_box_border_grey\"><img loading=\"lazy\" decoding=\"async\" width=\"1600\" height=\"1200\" src=\"https:\/\/funerariaconceptochile.cl\/wp-content\/uploads\/2024\/11\/462963698_1052823830187238_3838267713811729559_n-1.jpg\" class=\"vc_single_image-img attachment-full\" alt=\"\" title=\"462963698_1052823830187238_3838267713811729559_n (1)\" srcset=\"https:\/\/funerariaconceptochile.cl\/wp-content\/uploads\/2024\/11\/462963698_1052823830187238_3838267713811729559_n-1.jpg 1600w, https:\/\/funerariaconceptochile.cl\/wp-content\/uploads\/2024\/11\/462963698_1052823830187238_3838267713811729559_n-1-400x300.jpg 400w, https:\/\/funerariaconceptochile.cl\/wp-content\/uploads\/2024\/11\/462963698_1052823830187238_3838267713811729559_n-1-1067x800.jpg 1067w, https:\/\/funerariaconceptochile.cl\/wp-content\/uploads\/2024\/11\/462963698_1052823830187238_3838267713811729559_n-1-768x576.jpg 768w, https:\/\/funerariaconceptochile.cl\/wp-content\/uploads\/2024\/11\/462963698_1052823830187238_3838267713811729559_n-1-1536x1152.jpg 1536w, https:\/\/funerariaconceptochile.cl\/wp-content\/uploads\/2024\/11\/462963698_1052823830187238_3838267713811729559_n-1-150x113.jpg 150w\" sizes=\"auto, (max-width: 1600px) 100vw, 1600px\" \/><\/div>\n\t\t<\/figure>\n\t<\/div>\n<\/div><\/div><\/div><div class=\"wpb_column vc_column_container vc_col-sm-12 vc_col-lg-5 vc_col-md-8 vc_col-xs-12 woodmart-sticky-column wd_sticky_offset_150 wd-rs-612502d7504af\"><div class=\"vc_column-inner vc_custom_1629815517130\"><div class=\"wpb_wrapper\">\n\t\t<div id=\"wd-674d378e2d7e0\" class=\"title-wrapper wd-wpb set-mb-s reset-last-child  wd-rs-674d378e2d7e0 wd-title-color-default wd-title-style-default text-left vc_custom_1733113747652 wd-underline-colored\">\n\t\t\t\n\t\t\t<div class=\"liner-continer\">\n\t\t\t\t<h4 class=\"woodmart-title-container title  wd-font-weight- wd-fontsize-xxxl\" >CONVENIO FUNERARIA CONCEPTO CON CAJA LOS ANDES<\/h4>\n\t\t\t\t\t\t\t<\/div>\n\t\t\t\n\t\t\t\n\t\t\t\n\t\t<\/div>\n\t\t\n\t\t\n<div class=\"vc-zigzag-wrapper vc_custom_1731121165371 vc-zigzag-align-left\"><div class=\"vc-zigzag-inner\" style=\"width: 10%;min-height: 14px;background: 0 repeat-x url(&#039;data:image\/svg+xml;utf-8,%3C%3Fxml%20version%3D%221.0%22%20encoding%3D%22utf-8%22%3F%3E%3C%21DOCTYPE%20svg%20PUBLIC%20%22-%2F%2FW3C%2F%2FDTD%20SVG%201.1%2F%2FEN%22%20%22http%3A%2F%2Fwww.w3.org%2FGraphics%2FSVG%2F1.1%2FDTD%2Fsvg11.dtd%22%3E%3Csvg%20width%3D%2214px%22%20height%3D%2212px%22%20viewBox%3D%220%200%2018%2015%22%20version%3D%221.1%22%20xmlns%3D%22http%3A%2F%2Fwww.w3.org%2F2000%2Fsvg%22%20xmlns%3Axlink%3D%22http%3A%2F%2Fwww.w3.org%2F1999%2Fxlink%22%3E%3Cpolygon%20id%3D%22Combined-Shape%22%20fill%3D%22%230f0303%22%20points%3D%228.98762301%200%200%209.12771969%200%2014.519983%209%205.40479869%2018%2014.519983%2018%209.12771969%22%3E%3C%2Fpolygon%3E%3C%2Fsvg%3E&#039;);\"><\/div><\/div>\t\t<div id=\"wd-672ecf8706410\" class=\"wd-text-block wd-wpb reset-last-child wd-rs-672ecf8706410 text-left color-title wd-fontsize-custom\">\n\t\t\t<p>Con el prop\u00f3sito de contribuir al bienestar familiar y del entorno, celebramos convenio de colaboraci\u00f3n junto @cajalosandes<br class=\"html-br\" \/>Sus afiliados y su c\u00edrculo familiar en la provincia del Biob\u00edo, podr\u00e1n disponer de los siguientes beneficios:<\/p>\n\t\t<\/div>\n\t\t\t\t<div id=\"wd-672ecfac411ca\" class=\"wd-text-block wd-wpb reset-last-child wd-rs-672ecfac411ca text-left wd-width-enabled wd-fontsize-custom vc_custom_1731121081600\" style=\"--wd-max-width: 90%;\">\n\t\t\t<h4>* Asesor\u00eda legal gratuita realizada por nuestros abogados\u00a0<span class=\"html-span xexx8yu x4uap5 x18d9i69 xkhd6sd x1hl2dhg x16tdsg8 x1vvkbs x3nfvp2 x1j61x8r x1fcty0u xdj266r xat24cr xgzva0m xhhsvwb xxymvpz xlup9mm x1kky2od\"><img loading=\"lazy\" decoding=\"async\" class=\"xz74otr\" src=\"https:\/\/static.xx.fbcdn.net\/images\/emoji.php\/v9\/ta\/1\/16\/2696.png\" alt=\"\u2696\ufe0f\" width=\"16\" height=\"16\" \/><\/span><br class=\"html-br\" \/>* 15% descuento en servicios funerarios necesidad inmediata\u00a0<span class=\"html-span xexx8yu x4uap5 x18d9i69 xkhd6sd x1hl2dhg x16tdsg8 x1vvkbs x3nfvp2 x1j61x8r x1fcty0u xdj266r xat24cr xgzva0m xhhsvwb xxymvpz xlup9mm x1kky2od\"><img loading=\"lazy\" decoding=\"async\" class=\"xz74otr\" src=\"https:\/\/static.xx.fbcdn.net\/images\/emoji.php\/v9\/t2e\/1\/16\/1faa6.png\" alt=\"\ud83e\udea6\" width=\"16\" height=\"16\" \/><\/span><br class=\"html-br\" \/>* 15% descuento en servicios funerarios necesidad futura\u00a0<span class=\"html-span xexx8yu x4uap5 x18d9i69 xkhd6sd x1hl2dhg x16tdsg8 x1vvkbs x3nfvp2 x1j61x8r x1fcty0u xdj266r xat24cr xgzva0m xhhsvwb xxymvpz\">\ud83e\uddd1\u200d\ud83e\uddd1\u200d\ud83e\uddd2\u200d\ud83e\uddd2<\/span><br class=\"html-br\" \/>* 15% descuento en servicios de cremaci\u00f3n\u00a0<span class=\"html-span xexx8yu x4uap5 x18d9i69 xkhd6sd x1hl2dhg x16tdsg8 x1vvkbs x3nfvp2 x1j61x8r x1fcty0u xdj266r xat24cr xgzva0m xhhsvwb xxymvpz xlup9mm x1kky2od\"><img loading=\"lazy\" decoding=\"async\" class=\"xz74otr\" src=\"https:\/\/static.xx.fbcdn.net\/images\/emoji.php\/v9\/t46\/1\/16\/1f3fa.png\" alt=\"\ud83c\udffa\" width=\"16\" height=\"16\" \/><\/span><br class=\"html-br\" \/>* 15% descuento en servicios jur\u00eddicos\u00a0<span class=\"html-span xexx8yu x4uap5 x18d9i69 xkhd6sd x1hl2dhg x16tdsg8 x1vvkbs x3nfvp2 x1j61x8r x1fcty0u xdj266r xat24cr xgzva0m xhhsvwb xxymvpz xlup9mm x1kky2od\"><img loading=\"lazy\" decoding=\"async\" class=\"xz74otr\" src=\"https:\/\/static.xx.fbcdn.net\/images\/emoji.php\/v9\/ta\/1\/16\/2696.png\" alt=\"\u2696\ufe0f\" width=\"16\" height=\"16\" \/><\/span><\/h4>\n\t\t<\/div>\n\t\t<div class=\"vc_separator wpb_content_element vc_separator_align_center vc_sep_width_100 vc_sep_pos_align_center vc_separator_no_text vc_sep_color_white\" ><span class=\"vc_sep_holder vc_sep_holder_l\"><span class=\"vc_sep_line\"><\/span><\/span><span class=\"vc_sep_holder vc_sep_holder_r\"><span class=\"vc_sep_line\"><\/span><\/span>\n<\/div>\n\t<div class=\"wpb_text_column wpb_content_element\" >\n\t\t<div class=\"wpb_wrapper\">\n\t\t\t<h6>COMPARTIR LA NOTICIA<\/h6>\n\n\t\t<\/div>\n\t<\/div>\n\n\t\t\t<div class=\"wd-social-icons  icons-design-colored icons-size-default color-scheme-dark social-share social-form-circle wd-rs-674d3747e3c62 text-left\">\n\n\t\t\t\t\n\t\t\t\t\t\t\t\t\t<a rel=\"noopener noreferrer nofollow\" href=\"https:\/\/www.facebook.com\/sharer\/sharer.php?u=https:\/\/funerariaconceptochile.cl\/es\/9705-2\/\" target=\"_blank\" class=\"wd-social-icon social-facebook\" aria-label=\"Facebook social link\">\n\t\t\t\t\t\t<span class=\"wd-icon\"><\/span>\n\t\t\t\t\t\t\t\t\t\t\t<\/a>\n\t\t\t\t\n\t\t\t\t\t\t\t\t\t<a rel=\"noopener noreferrer nofollow\" href=\"https:\/\/twitter.com\/share?url=https:\/\/funerariaconceptochile.cl\/es\/9705-2\/\" target=\"_blank\" class=\"wd-social-icon social-twitter\" aria-label=\"Twitter social link\">\n\t\t\t\t\t\t<span class=\"wd-icon\"><\/span>\n\t\t\t\t\t\t\t\t\t\t\t<\/a>\n\t\t\t\t\n\t\t\t\t\t\t\t\t\t<a rel=\"noopener noreferrer nofollow\" href=\"mailto:?subject=Check%20this%20https:\/\/funerariaconceptochile.cl\/es\/9705-2\/\" target=\"_blank\" class=\"wd-social-icon social-email\" aria-label=\"Email social link\">\n\t\t\t\t\t\t<span class=\"wd-icon\"><\/span>\n\t\t\t\t\t\t\t\t\t\t\t<\/a>\n\t\t\t\t\n\t\t\t\t\n\t\t\t\t\n\t\t\t\t\n\t\t\t\t\n\t\t\t\t\n\t\t\t\t\n\t\t\t\t\n\t\t\t\t\n\t\t\t\t\n\t\t\t\t\n\t\t\t\t\n\t\t\t\t\n\t\t\t\t\n\t\t\t\t\t\t\t\t\t<a rel=\"noopener noreferrer nofollow\" href=\"https:\/\/api.whatsapp.com\/send?text=https%3A%2F%2Ffunerariaconceptochile.cl%2Fes%2F9705-2%2F\" target=\"_blank\" class=\"whatsapp-desktop  wd-social-icon social-whatsapp\" aria-label=\"WhatsApp social link\">\n\t\t\t\t\t\t<span class=\"wd-icon\"><\/span>\n\t\t\t\t\t\t\t\t\t\t\t<\/a>\n\t\t\t\t\t\n\t\t\t\t\t<a rel=\"noopener noreferrer nofollow\" href=\"whatsapp:\/\/send?text=https%3A%2F%2Ffunerariaconceptochile.cl%2Fes%2F9705-2%2F\" target=\"_blank\" class=\"whatsapp-mobile  wd-social-icon social-whatsapp\" aria-label=\"WhatsApp social link\">\n\t\t\t\t\t\t<span class=\"wd-icon\"><\/span>\n\t\t\t\t\t\t\t\t\t\t\t<\/a>\n\t\t\t\t\n\t\t\t\t\t\t\t\t\n\t\t\t\t\t\t\t\t\n\t\t\t\t\n\t\t\t\t\t\t\t\t\t<a rel=\"noopener noreferrer nofollow\" href=\"https:\/\/telegram.me\/share\/url?url=https:\/\/funerariaconceptochile.cl\/es\/9705-2\/\" target=\"_blank\" class=\"wd-social-icon social-tg\" aria-label=\"Telegram social link\">\n\t\t\t\t\t\t<span class=\"wd-icon\"><\/span>\n\t\t\t\t\t\t\t\t\t\t\t<\/a>\n\t\t\t\t\t\t\t\t\n\t\t\t\t\n\t\t\t<\/div>\n\n\t\t<div class=\"vc_separator wpb_content_element vc_separator_align_center vc_sep_width_100 vc_sep_pos_align_center vc_separator_no_text vc_sep_color_white\" ><span class=\"vc_sep_holder vc_sep_holder_l\"><span class=\"vc_sep_line\"><\/span><\/span><span class=\"vc_sep_holder vc_sep_holder_r\"><span class=\"vc_sep_line\"><\/span><\/span>\n<\/div>\t\t\t<div class=\"info-box-wrapper\">\n\t\t\t\t<div id=\"wd-672ecfc0b6d7d\" class=\"wd-rs-672ecfc0b6d7d wd-info-box wd-wpb text-left box-icon-align-left box-style- color-scheme- wd-bg-none vc_custom_1731121152269\"  >\n\t\t\t\t\t\t\t\t\t\t\t<div class=\"box-icon-wrapper  box-with-icon box-icon-simple\">\n\t\t\t\t\t\t\t<div class=\"info-box-icon\">\n\n\t\t\t\t\t\t\t\n\t\t\t\t\t\t\t\t\t\t\t\t\t\t\t\t\t<img loading=\"lazy\" decoding=\"async\" class=\"info-icon image-1\" src=\"https:\/\/funerariaconceptochile.cl\/wp-content\/uploads\/2023\/08\/logo-e1693090430749-22x22.png\" width=\"22\" height=\"22\" alt=\"Logo_Sin_Fondo\" title=\"logo\" \/>\t\t\t\t\t\t\t\t\t\t\t\t\t\t\t\n\t\t\t\t\t\t\t<\/div>\n\t\t\t\t\t\t<\/div>\n\t\t\t\t\t\t\t\t\t\t<div class=\"info-box-content\">\n\t\t\t\t\t\t\t\t\t\t\t\t<div class=\"info-box-inner set-cont-mb-s reset-last-child\">\n\t\t\t\t\t\t\t<p><em>Creado por <strong>funeraria concepto<\/strong><\/em><\/p>\n\t\t\t\t\t\t<\/div>\n\n\t\t\t\t\t\t\t\t\t\t\t<\/div>\n\n\t\t\t\t\t\t\t\t\t<\/div>\n\t\t\t<\/div>\n\t\t<div class=\"vc_separator wpb_content_element vc_separator_align_center vc_sep_width_100 vc_sep_pos_align_center vc_separator_no_text vc_sep_color_white\" ><span class=\"vc_sep_holder vc_sep_holder_l\"><span class=\"vc_sep_line\"><\/span><\/span><span class=\"vc_sep_holder vc_sep_holder_r\"><span class=\"vc_sep_line\"><\/span><\/span>\n<\/div><div class=\"vc_btn3-container vc_btn3-inline\" ><button class=\"vc_general vc_btn3 vc_btn3-size-md vc_btn3-shape-rounded vc_btn3-style-modern vc_btn3-color-black\">Volver a noticias<\/button><\/div><\/div><\/div><\/div><\/div><div class=\"vc_row-full-width vc_clearfix\"><\/div><div class=\"vc_row wpb_row vc_row-fluid\"><div class=\"wpb_column vc_column_container vc_col-sm-12\"><div class=\"vc_column-inner\"><div class=\"wpb_wrapper\"><\/div><\/div><\/div><\/div>\n<\/section>","protected":false},"excerpt":{"rendered":"CONVENIO FUNERARIA CONCEPTO CON CAJA LOS ANDES Con el prop\u00f3sito de contribuir al bienestar familiar y del entorno, celebramos convenio","protected":false},"author":2,"featured_media":0,"parent":0,"menu_order":0,"comment_status":"closed","ping_status":"closed","template":"","meta":{"footnotes":""},"class_list":["post-9705","page","type-page","status-publish","hentry"],"yoast_head":"<!-- This site is optimized with the Yoast SEO plugin v27.5 - https:\/\/yoast.com\/product\/yoast-seo-wordpress\/ -->\n<title>Convenio Funeraria Concepto - Funeraria Concepto<\/title>\n<meta name=\"robots\" content=\"index, follow, max-snippet:-1, max-image-preview:large, max-video-preview:-1\" \/>\n<link rel=\"canonical\" href=\"https:\/\/funerariaconceptochile.cl\/es\/9705-2\/\" \/>\n<meta property=\"og:locale\" content=\"es_ES\" \/>\n<meta property=\"og:type\" content=\"article\" \/>\n<meta property=\"og:title\" content=\"Convenio Funeraria Concepto - Funeraria Concepto\" \/>\n<meta property=\"og:url\" content=\"https:\/\/funerariaconceptochile.cl\/es\/9705-2\/\" \/>\n<meta property=\"og:site_name\" content=\"Funeraria Concepto\" \/>\n<meta property=\"article:modified_time\" content=\"2024-12-04T14:12:54+00:00\" \/>\n<meta property=\"og:image\" content=\"https:\/\/static.xx.fbcdn.net\/images\/emoji.php\/v9\/ta\/1\/16\/2696.png\" \/>\n<meta name=\"twitter:card\" content=\"summary_large_image\" \/>\n<meta name=\"twitter:label1\" content=\"Tiempo de lectura\" \/>\n\t<meta name=\"twitter:data1\" content=\"2 minutos\" \/>\n<script type=\"application\/ld+json\" class=\"yoast-schema-graph\">{\"@context\":\"https:\\\/\\\/schema.org\",\"@graph\":[{\"@type\":\"WebPage\",\"@id\":\"https:\\\/\\\/funerariaconceptochile.cl\\\/9705-2\\\/\",\"url\":\"https:\\\/\\\/funerariaconceptochile.cl\\\/9705-2\\\/\",\"name\":\"Convenio Funeraria Concepto - Funeraria Concepto\",\"isPartOf\":{\"@id\":\"https:\\\/\\\/funerariaconceptochile.cl\\\/#website\"},\"primaryImageOfPage\":{\"@id\":\"https:\\\/\\\/funerariaconceptochile.cl\\\/9705-2\\\/#primaryimage\"},\"image\":{\"@id\":\"https:\\\/\\\/funerariaconceptochile.cl\\\/9705-2\\\/#primaryimage\"},\"thumbnailUrl\":\"https:\\\/\\\/static.xx.fbcdn.net\\\/images\\\/emoji.php\\\/v9\\\/ta\\\/1\\\/16\\\/2696.png\",\"datePublished\":\"2024-11-09T03:01:08+00:00\",\"dateModified\":\"2024-12-04T14:12:54+00:00\",\"breadcrumb\":{\"@id\":\"https:\\\/\\\/funerariaconceptochile.cl\\\/9705-2\\\/#breadcrumb\"},\"inLanguage\":\"es\",\"potentialAction\":[{\"@type\":\"ReadAction\",\"target\":[\"https:\\\/\\\/funerariaconceptochile.cl\\\/9705-2\\\/\"]}]},{\"@type\":\"ImageObject\",\"inLanguage\":\"es\",\"@id\":\"https:\\\/\\\/funerariaconceptochile.cl\\\/9705-2\\\/#primaryimage\",\"url\":\"https:\\\/\\\/static.xx.fbcdn.net\\\/images\\\/emoji.php\\\/v9\\\/ta\\\/1\\\/16\\\/2696.png\",\"contentUrl\":\"https:\\\/\\\/static.xx.fbcdn.net\\\/images\\\/emoji.php\\\/v9\\\/ta\\\/1\\\/16\\\/2696.png\"},{\"@type\":\"BreadcrumbList\",\"@id\":\"https:\\\/\\\/funerariaconceptochile.cl\\\/9705-2\\\/#breadcrumb\",\"itemListElement\":[{\"@type\":\"ListItem\",\"position\":1,\"name\":\"Portada\",\"item\":\"https:\\\/\\\/funerariaconceptochile.cl\\\/\"},{\"@type\":\"ListItem\",\"position\":2,\"name\":\"Convenio Funeraria Concepto\"}]},{\"@type\":\"WebSite\",\"@id\":\"https:\\\/\\\/funerariaconceptochile.cl\\\/#website\",\"url\":\"https:\\\/\\\/funerariaconceptochile.cl\\\/\",\"name\":\"Funeraria Concepto\",\"description\":\"\",\"potentialAction\":[{\"@type\":\"SearchAction\",\"target\":{\"@type\":\"EntryPoint\",\"urlTemplate\":\"https:\\\/\\\/funerariaconceptochile.cl\\\/?s={search_term_string}\"},\"query-input\":{\"@type\":\"PropertyValueSpecification\",\"valueRequired\":true,\"valueName\":\"search_term_string\"}}],\"inLanguage\":\"es\"}]}<\/script>\n<!-- \/ Yoast SEO plugin. -->","yoast_head_json":{"title":"Convenio Funeraria Concepto - Funeraria Concepto","robots":{"index":"index","follow":"follow","max-snippet":"max-snippet:-1","max-image-preview":"max-image-preview:large","max-video-preview":"max-video-preview:-1"},"canonical":"https:\/\/funerariaconceptochile.cl\/es\/9705-2\/","og_locale":"es_ES","og_type":"article","og_title":"Convenio Funeraria Concepto - Funeraria Concepto","og_url":"https:\/\/funerariaconceptochile.cl\/es\/9705-2\/","og_site_name":"Funeraria Concepto","article_modified_time":"2024-12-04T14:12:54+00:00","og_image":[{"url":"https:\/\/static.xx.fbcdn.net\/images\/emoji.php\/v9\/ta\/1\/16\/2696.png","type":"","width":"","height":""}],"twitter_card":"summary_large_image","twitter_misc":{"Tiempo de lectura":"2 minutos"},"schema":{"@context":"https:\/\/schema.org","@graph":[{"@type":"WebPage","@id":"https:\/\/funerariaconceptochile.cl\/9705-2\/","url":"https:\/\/funerariaconceptochile.cl\/9705-2\/","name":"Convenio Funeraria Concepto - Funeraria Concepto","isPartOf":{"@id":"https:\/\/funerariaconceptochile.cl\/#website"},"primaryImageOfPage":{"@id":"https:\/\/funerariaconceptochile.cl\/9705-2\/#primaryimage"},"image":{"@id":"https:\/\/funerariaconceptochile.cl\/9705-2\/#primaryimage"},"thumbnailUrl":"https:\/\/static.xx.fbcdn.net\/images\/emoji.php\/v9\/ta\/1\/16\/2696.png","datePublished":"2024-11-09T03:01:08+00:00","dateModified":"2024-12-04T14:12:54+00:00","breadcrumb":{"@id":"https:\/\/funerariaconceptochile.cl\/9705-2\/#breadcrumb"},"inLanguage":"es","potentialAction":[{"@type":"ReadAction","target":["https:\/\/funerariaconceptochile.cl\/9705-2\/"]}]},{"@type":"ImageObject","inLanguage":"es","@id":"https:\/\/funerariaconceptochile.cl\/9705-2\/#primaryimage","url":"https:\/\/static.xx.fbcdn.net\/images\/emoji.php\/v9\/ta\/1\/16\/2696.png","contentUrl":"https:\/\/static.xx.fbcdn.net\/images\/emoji.php\/v9\/ta\/1\/16\/2696.png"},{"@type":"BreadcrumbList","@id":"https:\/\/funerariaconceptochile.cl\/9705-2\/#breadcrumb","itemListElement":[{"@type":"ListItem","position":1,"name":"Portada","item":"https:\/\/funerariaconceptochile.cl\/"},{"@type":"ListItem","position":2,"name":"Convenio Funeraria Concepto"}]},{"@type":"WebSite","@id":"https:\/\/funerariaconceptochile.cl\/#website","url":"https:\/\/funerariaconceptochile.cl\/","name":"Funeraria Concepto","description":"","potentialAction":[{"@type":"SearchAction","target":{"@type":"EntryPoint","urlTemplate":"https:\/\/funerariaconceptochile.cl\/?s={search_term_string}"},"query-input":{"@type":"PropertyValueSpecification","valueRequired":true,"valueName":"search_term_string"}}],"inLanguage":"es"}]}},"_links":{"self":[{"href":"https:\/\/funerariaconceptochile.cl\/es\/wp-json\/wp\/v2\/pages\/9705","targetHints":{"allow":["GET"]}}],"collection":[{"href":"https:\/\/funerariaconceptochile.cl\/es\/wp-json\/wp\/v2\/pages"}],"about":[{"href":"https:\/\/funerariaconceptochile.cl\/es\/wp-json\/wp\/v2\/types\/page"}],"author":[{"embeddable":true,"href":"https:\/\/funerariaconceptochile.cl\/es\/wp-json\/wp\/v2\/users\/2"}],"replies":[{"embeddable":true,"href":"https:\/\/funerariaconceptochile.cl\/es\/wp-json\/wp\/v2\/comments?post=9705"}],"version-history":[{"count":10,"href":"https:\/\/funerariaconceptochile.cl\/es\/wp-json\/wp\/v2\/pages\/9705\/revisions"}],"predecessor-version":[{"id":9906,"href":"https:\/\/funerariaconceptochile.cl\/es\/wp-json\/wp\/v2\/pages\/9705\/revisions\/9906"}],"wp:attachment":[{"href":"https:\/\/funerariaconceptochile.cl\/es\/wp-json\/wp\/v2\/media?parent=9705"}],"curies":[{"name":"wp","href":"https:\/\/api.w.org\/{rel}","templated":true}]}}