{"id":9019,"date":"2024-05-27T01:39:12","date_gmt":"2024-05-27T05:39:12","guid":{"rendered":"https:\/\/funerariaconceptochile.cl\/?page_id=9019"},"modified":"2024-08-09T19:23:03","modified_gmt":"2024-08-09T23:23:03","slug":"afusam-hualpencillo","status":"publish","type":"page","link":"https:\/\/funerariaconceptochile.cl\/es\/afusam-hualpencillo\/","title":{"rendered":"Afusam Hualpencillo"},"content":{"rendered":"<section class=\"wpb-content-wrapper\"><div class=\"vc_row wpb_row vc_row-fluid\"><div class=\"wpb_column vc_column_container vc_col-sm-12\"><div class=\"vc_column-inner\"><div class=\"wpb_wrapper\">\n\t<div class=\"wpb_raw_code wpb_content_element wpb_raw_html\" >\n\t\t<div class=\"wpb_wrapper\">\n\t\t\t<div class=\"card\">\n    <img decoding=\"async\" src=\"https:\/\/funerariaconceptochile.cl\/wp-content\/uploads\/2024\/08\/Confusam_Logo.png\" alt=\"Afusam Los Angeles\" class=\"card-image\">\n    <div class=\"card-content\">\n        <h2>Afusam Hualpencillo<\/h2>\n        <h3>Convenio Activo<\/h3>\n        <p>Beneficio de hasta 15% descuento\nPara la contrataci\u00f3n de servicios funerarios de necesidad inmediata o de uso futuro\n<\/p>\n        <ul>\n            <li><strong>Uso:<\/strong> Presencial o telef\u00f3nico <\/li>\n            <li><strong>Vigencia:<\/strong> Indefinido<\/li>\n        <\/ul>\n        <a href=\"https:\/\/funerariaconceptochile.cl\/afusam-hualpencillo\/\" class=\"button\">Visitar sitio web<\/a>\n            <\/div>\n<\/div>\n\n<style>\n    .card {\n        display: flex;\n        border: 1px solid #ccc;\n        border-radius: 8px;\n        overflow: hidden;\n        max-width: 800px;\n        margin: 20px auto;\n        box-shadow: 0 4px 8px rgba(0,0,0,0.1);\n    }\n\n    .card-image {\n        width: 50%;\n        object-fit: cover;\n    }\n\n    .card-content {\n        padding: 20px;\n        width: 50%;\n        box-sizing: border-box;\n    }\n\n    .card-content h2 {\n        margin-top: 0;\n        color: #333;\n    }\n\n    .card-content h3 {\n        color: #5FD200;\n        margin: 10px 0;\n    }\n\n    .card-content ul {\n        list-style: none;\n        padding: 0;\n        margin: 20px 0;\n    }\n\n    .card-content ul li {\n        margin: 5px 0;\n    }\n\n    .button {\n        display: inline-block;\n        padding: 10px 20px;\n        background-color: #0073aa;\n        color: #fff;\n        text-decoration: none;\n        border-radius: 4px;\n        margin-bottom: 20px;\n    }\n\n    .terms {\n        display: flex;\n        align-items: center;\n        margin-bottom: 20px;\n    }\n\n    .terms input[type=\"checkbox\"] {\n        margin-right: 10px;\n    }\n\n    .btn-disabled {\n        background-color: #ccc;\n        color: #fff;\n        border: none;\n        padding: 10px 20px;\n        border-radius: 4px;\n        cursor: not-allowed;\n    }\n<\/style>\n\n\t\t<\/div>\n\t<\/div>\n<\/div><\/div><\/div><\/div><div class=\"vc_row wpb_row vc_row-fluid\"><div class=\"wpb_column vc_column_container vc_col-sm-12\"><div class=\"vc_column-inner\"><div class=\"wpb_wrapper\">\n\t<div class=\"wpb_raw_code wpb_content_element wpb_raw_html\" >\n\t\t<div class=\"wpb_wrapper\">\n\t\t\t<style>\n    .tab-menu {\n        display: flex;\n        border-bottom: 1px solid #ccc;\n        margin-bottom: 20px;\n    }\n    .tab-menu div {\n        padding: 15px 30px; \/* Aumentar el padding para hacer las pesta\u00f1as m\u00e1s grandes *\/\n        cursor: pointer;\n        font-size: 18px; \/* Aumentar el tama\u00f1o del texto de las pesta\u00f1as *\/\n    }\n    .tab-menu div.active {\n        border-bottom: 2px solid #0073aa;\n        font-weight: bold;\n    }\n    .tab-content {\n        display: none;\n        font-size: 18px; \/* Aumentar el tama\u00f1o del texto del contenido de las pesta\u00f1as *\/\n    }\n    .tab-content.active {\n        display: block;\n    }\n<\/style>\n\n\n<div class=\"tab-menu\">\n    <div class=\"tab-link active\" data-tab=\"tab1\">Qu\u00e9 incluye<\/div>\n    <div class=\"tab-link\" data-tab=\"tab2\">C\u00f3mo obtener el beneficio<\/div>\n    <div class=\"tab-link\" data-tab=\"tab3\">Direcciones<\/div>\n    <div class=\"tab-link\" data-tab=\"tab4\">Condiciones de uso<\/div>\n    <div class=\"tab-link\" data-tab=\"tab5\">M\u00e1s informaci\u00f3n<\/div>\n<\/div>\n\n<div id=\"tab1\" class=\"tab-content active\">\n    <p>\u2022 Canal de apoyo 24 horas para comunicaci\u00f3n y asesor\u00edas funerarias\n<\/p>\n    <p>\u2022 15% descuento en servicios funerarios \n<\/p>\n    <p>\u2022 15% descuento en servicios de cremaci\u00f3n \n<\/p>\n    <p>\u2022 15% descuento en accesorios para cementerio\n<\/p>\n    <p>\u2022 15% descuento en \u00e1rea legal mortuoria\n<\/p>\n   <p>Beneficio exclusivo para Socios de Afusam Hualpencillo y su c\u00edrculo familiar (padres, conyuge, hijos y hermanos) para la entrega de beneficio deber\u00e1 presentar su c\u00e9dula de identidad \n<\/p>\n\n<\/div>\n<div id=\"tab2\" class=\"tab-content\">\n    <p> Presenta tu c\u00e9dula de identidad e identificarse como Socio de Afusam Hualpencillo\n<\/p>\n<\/div>\n<div id=\"tab3\" class=\"tab-content\">\n    <p>Calle Caupolic\u00e1n 200, Los \u00c1ngeles, oficina de Funeraria Concepto \n<\/p>\n<\/div>\n<div id=\"tab4\" class=\"tab-content\">\n    <p>Beneficios disponibles para direcci\u00f3n, colaboradores y su c\u00edrculo familiar en las distintas ciudades del Pa\u00eds \u00ac Colaboradores y su c\u00edrculo familiar (Padres, Hijos, c\u00f3nyuge y Hermanos) \u00ac Descuento v\u00e1lido en sucursales y contrataciones web\u00ac Descuento v\u00e1lido todos los d\u00edas del a\u00f1o \u00ac No acumulable con otras promociones y descuentos de Funeraria Concepto\n\n\n<\/p>\n<\/div>\n<div id=\"tab5\" class=\"tab-content\">\n    <p>Cont\u00e1ctenos 951180538 958881842\n<\/p>\n<\/div>\n\n<script>\n    document.addEventListener(\"DOMContentLoaded\", function() {\n        const tabs = document.querySelectorAll(\".tab-link\");\n        const contents = document.querySelectorAll(\".tab-content\");\n\n        tabs.forEach(tab => {\n            tab.addEventListener(\"click\", function() {\n                const target = this.getAttribute(\"data-tab\");\n\n                tabs.forEach(t => t.classList.remove(\"active\"));\n                contents.forEach(c => c.classList.remove(\"active\"));\n\n                this.classList.add(\"active\");\n                document.getElementById(target).classList.add(\"active\");\n            });\n        });\n    });\n<\/script>\n\n\n\t\t<\/div>\n\t<\/div>\n<div class=\"vc_separator wpb_content_element vc_separator_align_center vc_sep_width_100 vc_sep_pos_align_center vc_separator_no_text vc_sep_color_grey\" ><span class=\"vc_sep_holder vc_sep_holder_l\"><span class=\"vc_sep_line\"><\/span><\/span><span class=\"vc_sep_holder vc_sep_holder_r\"><span class=\"vc_sep_line\"><\/span><\/span>\n<\/div><h1 style=\"text-align: center;font-family:Arbutus Slab;font-weight:400;font-style:normal\" class=\"vc_custom_heading\" >Colaboradores<\/h1>\n\t<div class=\"wpb_raw_code wpb_content_element wpb_raw_html\" >\n\t\t<div class=\"wpb_wrapper\">\n\t\t\t<style>\n    .carousel-container {\n        align-items: center;\n        background: #E3E3E3;\n        display: flex;\n        justify-content: center;\n        margin: 20px 0;\n    }\n\n    @keyframes scroll {\n        0% { transform: translateX(0); }\n        100% { transform: translateX(calc(-300px * 7)); }\n    }\n\n    .slider {\n        background: white;\n        box-shadow: 0 10px 20px -5px rgba(0, 0, 0, .125);\n        height: 150px;\n        overflow: hidden;\n        position: relative;\n        width: 1200px;\n    }\n\n    .slider::before,\n    .slider::after {\n        background: linear-gradient(to right, rgba(255, 255, 255, 1) 0%, rgba(255, 255, 255, 0) 100%);\n        content: \"\";\n        height: 150px;\n        position: absolute;\n        width: 200px;\n        z-index: 2;\n    }\n\n    .slider::after {\n        right: 0;\n        top: 0;\n        transform: rotateZ(180deg);\n    }\n\n    .slider::before {\n        left: 0;\n        top: 0;\n    }\n\n    .slide-track {\n        display: flex;\n        animation: scroll 40s linear infinite;\n        width: calc(300px * 14);\n    }\n\n    .slide {\n        height: 150px;\n        width: 300px;\n    }\n\n    .slide img {\n        height: 100%;\n        width: 100%;\n        object-fit: contain;\n    }\n<\/style>\n\n<div class=\"carousel-container\">\n    <div class=\"slider\">\n        <div class=\"slide-track\">\n               <div class=\"slide\">\n                <img decoding=\"async\" src=\"https:\/\/funerariaconceptochile.cl\/wp-content\/uploads\/2024\/05\/ejercito-3-1.jpg\" alt=\"\" \/>\n            <\/div>\n            <div class=\"slide\">\n                <img decoding=\"async\" src=\"https:\/\/funerariaconceptochile.cl\/wp-content\/uploads\/2024\/05\/ejercito-4-1.jpg\" alt=\"\" \/>\n            <\/div>\n            <div class=\"slide\">\n                <img decoding=\"async\" src=\"https:\/\/funerariaconceptochile.cl\/wp-content\/uploads\/2024\/05\/OIP-12.jpg\" alt=\"\" \/>\n            <\/div>\n            <div class=\"slide\">\n                <img decoding=\"async\" src=\"https:\/\/funerariaconceptochile.cl\/wp-content\/uploads\/2024\/05\/OIP-14.jpg\" alt=\"\" \/>\n            <\/div>\n            <div class=\"slide\">\n                <img decoding=\"async\" src=\"https:\/\/funerariaconceptochile.cl\/wp-content\/uploads\/2024\/05\/OIP-35.jpg\" alt=\"\" \/>\n            <\/div>\n            <div class=\"slide\">\n                <img decoding=\"async\" src=\"https:\/\/funerariaconceptochile.cl\/wp-content\/uploads\/2024\/05\/R.jpg\" alt=\"\" \/>\n            <\/div>\n            <div class=\"slide\">\n                <img decoding=\"async\" src=\"https:\/\/funerariaconceptochile.cl\/wp-content\/uploads\/2024\/05\/Sin-titulo-1.png\" alt=\"\" \/>\n            <\/div>\n            <div class=\"slide\">\n                <img decoding=\"async\" src=\"https:\/\/funerariaconceptochile.cl\/wp-content\/uploads\/2024\/05\/ejercito-2-1.jpg\" alt=\"\" \/>\n            <\/div>\n            <div class=\"slide\">\n                <img decoding=\"async\" src=\"https:\/\/funerariaconceptochile.cl\/wp-content\/uploads\/2024\/05\/Fenats-1-2.jpg\" alt=\"\" \/>\n            <\/div>\n<div class=\"slide\">\n                <img decoding=\"async\" src=\"https:\/\/funerariaconceptochile.cl\/wp-content\/uploads\/2024\/05\/ejercito-3-1.jpg\" alt=\"\" \/>\n            <\/div>\n            <div class=\"slide\">\n                <img decoding=\"async\" src=\"https:\/\/funerariaconceptochile.cl\/wp-content\/uploads\/2024\/05\/ejercito-4-1.jpg\" alt=\"\" \/>\n            <\/div>\n            <div class=\"slide\">\n                <img decoding=\"async\" src=\"https:\/\/funerariaconceptochile.cl\/wp-content\/uploads\/2024\/05\/OIP-12.jpg\" alt=\"\" \/>\n            <\/div>\n        <\/div>\n    <\/div>\n<\/div>\n\n\t\t<\/div>\n\t<\/div>\n<\/div><\/div><\/div><\/div>\n<\/section>","protected":false},"excerpt":{"rendered":"Afusam Hualpencillo Convenio Activo Beneficio de hasta 15% descuento Para la contrataci\u00f3n de servicios funerarios de necesidad inmediata o de","protected":false},"author":2,"featured_media":0,"parent":0,"menu_order":0,"comment_status":"closed","ping_status":"closed","template":"","meta":{"footnotes":""},"class_list":["post-9019","page","type-page","status-publish","hentry"],"yoast_head":"<!-- This site is optimized with the Yoast SEO plugin v27.5 - https:\/\/yoast.com\/product\/yoast-seo-wordpress\/ -->\n<title>Afusam Hualpencillo - Funeraria Concepto<\/title>\n<meta name=\"robots\" content=\"index, follow, max-snippet:-1, max-image-preview:large, max-video-preview:-1\" \/>\n<link rel=\"canonical\" href=\"https:\/\/funerariaconceptochile.cl\/es\/afusam-hualpencillo\/\" \/>\n<meta property=\"og:locale\" content=\"es_ES\" \/>\n<meta property=\"og:type\" content=\"article\" \/>\n<meta property=\"og:title\" content=\"Afusam Hualpencillo - Funeraria Concepto\" \/>\n<meta property=\"og:url\" content=\"https:\/\/funerariaconceptochile.cl\/es\/afusam-hualpencillo\/\" \/>\n<meta property=\"og:site_name\" content=\"Funeraria Concepto\" \/>\n<meta property=\"article:modified_time\" content=\"2024-08-09T23:23:03+00:00\" \/>\n<meta name=\"twitter:card\" content=\"summary_large_image\" \/>\n<meta name=\"twitter:label1\" content=\"Tiempo de lectura\" \/>\n\t<meta name=\"twitter:data1\" content=\"5 minutos\" \/>\n<script type=\"application\/ld+json\" class=\"yoast-schema-graph\">{\"@context\":\"https:\\\/\\\/schema.org\",\"@graph\":[{\"@type\":\"WebPage\",\"@id\":\"https:\\\/\\\/funerariaconceptochile.cl\\\/afusam-hualpencillo\\\/\",\"url\":\"https:\\\/\\\/funerariaconceptochile.cl\\\/afusam-hualpencillo\\\/\",\"name\":\"Afusam Hualpencillo - Funeraria Concepto\",\"isPartOf\":{\"@id\":\"https:\\\/\\\/funerariaconceptochile.cl\\\/#website\"},\"datePublished\":\"2024-05-27T05:39:12+00:00\",\"dateModified\":\"2024-08-09T23:23:03+00:00\",\"breadcrumb\":{\"@id\":\"https:\\\/\\\/funerariaconceptochile.cl\\\/afusam-hualpencillo\\\/#breadcrumb\"},\"inLanguage\":\"es\",\"potentialAction\":[{\"@type\":\"ReadAction\",\"target\":[\"https:\\\/\\\/funerariaconceptochile.cl\\\/afusam-hualpencillo\\\/\"]}]},{\"@type\":\"BreadcrumbList\",\"@id\":\"https:\\\/\\\/funerariaconceptochile.cl\\\/afusam-hualpencillo\\\/#breadcrumb\",\"itemListElement\":[{\"@type\":\"ListItem\",\"position\":1,\"name\":\"Portada\",\"item\":\"https:\\\/\\\/funerariaconceptochile.cl\\\/\"},{\"@type\":\"ListItem\",\"position\":2,\"name\":\"Afusam Hualpencillo\"}]},{\"@type\":\"WebSite\",\"@id\":\"https:\\\/\\\/funerariaconceptochile.cl\\\/#website\",\"url\":\"https:\\\/\\\/funerariaconceptochile.cl\\\/\",\"name\":\"Funeraria Concepto\",\"description\":\"\",\"potentialAction\":[{\"@type\":\"SearchAction\",\"target\":{\"@type\":\"EntryPoint\",\"urlTemplate\":\"https:\\\/\\\/funerariaconceptochile.cl\\\/?s={search_term_string}\"},\"query-input\":{\"@type\":\"PropertyValueSpecification\",\"valueRequired\":true,\"valueName\":\"search_term_string\"}}],\"inLanguage\":\"es\"}]}<\/script>\n<!-- \/ Yoast SEO plugin. -->","yoast_head_json":{"title":"Afusam Hualpencillo - Funeraria Concepto","robots":{"index":"index","follow":"follow","max-snippet":"max-snippet:-1","max-image-preview":"max-image-preview:large","max-video-preview":"max-video-preview:-1"},"canonical":"https:\/\/funerariaconceptochile.cl\/es\/afusam-hualpencillo\/","og_locale":"es_ES","og_type":"article","og_title":"Afusam Hualpencillo - Funeraria Concepto","og_url":"https:\/\/funerariaconceptochile.cl\/es\/afusam-hualpencillo\/","og_site_name":"Funeraria Concepto","article_modified_time":"2024-08-09T23:23:03+00:00","twitter_card":"summary_large_image","twitter_misc":{"Tiempo de lectura":"5 minutos"},"schema":{"@context":"https:\/\/schema.org","@graph":[{"@type":"WebPage","@id":"https:\/\/funerariaconceptochile.cl\/afusam-hualpencillo\/","url":"https:\/\/funerariaconceptochile.cl\/afusam-hualpencillo\/","name":"Afusam Hualpencillo - Funeraria Concepto","isPartOf":{"@id":"https:\/\/funerariaconceptochile.cl\/#website"},"datePublished":"2024-05-27T05:39:12+00:00","dateModified":"2024-08-09T23:23:03+00:00","breadcrumb":{"@id":"https:\/\/funerariaconceptochile.cl\/afusam-hualpencillo\/#breadcrumb"},"inLanguage":"es","potentialAction":[{"@type":"ReadAction","target":["https:\/\/funerariaconceptochile.cl\/afusam-hualpencillo\/"]}]},{"@type":"BreadcrumbList","@id":"https:\/\/funerariaconceptochile.cl\/afusam-hualpencillo\/#breadcrumb","itemListElement":[{"@type":"ListItem","position":1,"name":"Portada","item":"https:\/\/funerariaconceptochile.cl\/"},{"@type":"ListItem","position":2,"name":"Afusam Hualpencillo"}]},{"@type":"WebSite","@id":"https:\/\/funerariaconceptochile.cl\/#website","url":"https:\/\/funerariaconceptochile.cl\/","name":"Funeraria Concepto","description":"","potentialAction":[{"@type":"SearchAction","target":{"@type":"EntryPoint","urlTemplate":"https:\/\/funerariaconceptochile.cl\/?s={search_term_string}"},"query-input":{"@type":"PropertyValueSpecification","valueRequired":true,"valueName":"search_term_string"}}],"inLanguage":"es"}]}},"_links":{"self":[{"href":"https:\/\/funerariaconceptochile.cl\/es\/wp-json\/wp\/v2\/pages\/9019","targetHints":{"allow":["GET"]}}],"collection":[{"href":"https:\/\/funerariaconceptochile.cl\/es\/wp-json\/wp\/v2\/pages"}],"about":[{"href":"https:\/\/funerariaconceptochile.cl\/es\/wp-json\/wp\/v2\/types\/page"}],"author":[{"embeddable":true,"href":"https:\/\/funerariaconceptochile.cl\/es\/wp-json\/wp\/v2\/users\/2"}],"replies":[{"embeddable":true,"href":"https:\/\/funerariaconceptochile.cl\/es\/wp-json\/wp\/v2\/comments?post=9019"}],"version-history":[{"count":6,"href":"https:\/\/funerariaconceptochile.cl\/es\/wp-json\/wp\/v2\/pages\/9019\/revisions"}],"predecessor-version":[{"id":9377,"href":"https:\/\/funerariaconceptochile.cl\/es\/wp-json\/wp\/v2\/pages\/9019\/revisions\/9377"}],"wp:attachment":[{"href":"https:\/\/funerariaconceptochile.cl\/es\/wp-json\/wp\/v2\/media?parent=9019"}],"curies":[{"name":"wp","href":"https:\/\/api.w.org\/{rel}","templated":true}]}}