{"id":2188,"date":"2021-08-04T07:55:44","date_gmt":"2021-08-04T07:55:44","guid":{"rendered":"http:\/\/dummy.xtemos.com\/woodmart2\/?page_id=2188"},"modified":"2026-04-28T22:51:30","modified_gmt":"2026-04-29T02:51:30","slug":"home-cosmetics","status":"publish","type":"page","link":"https:\/\/funerariaconceptochile.cl\/es\/","title":{"rendered":"Inicio"},"content":{"rendered":"<section class=\"wpb-content-wrapper\"><div data-vc-full-width=\"true\" data-vc-full-width-init=\"false\" data-vc-stretch-content=\"true\" class=\"vc_row wpb_row vc_row-fluid vc_custom_1674862159649 vc_row-no-padding wd-rs-63d45e4b29e3c\"><div class=\"wpb_column vc_column_container vc_col-sm-12\"><div class=\"vc_column-inner\"><div class=\"wpb_wrapper\"><div class=\"wpb_revslider_element wpb_content_element\">\n\t\t\t<!-- START Cosmetics REVOLUTION SLIDER 6.6.9 --><p class=\"rs-p-wp-fix\"><\/p>\n\t\t\t<rs-module-wrap id=\"slider-cosmetics_wrapper\" data-source=\"gallery\" style=\"visibility:hidden;background:#f8f8f8;padding:0;margin:0px auto;margin-top:0;margin-bottom:0;\">\n\t\t\t\t<rs-module id=\"slider-cosmetics\" style=\"\" data-version=\"6.6.9\">\n\t\t\t\t\t<rs-slides style=\"overflow: hidden; position: absolute;\">\n\t\t\t\t\t\t<rs-slide style=\"position: absolute;\" data-key=\"rs-1\" data-title=\"Organic Mascara\" data-thumb=\"\/\/funerariaconceptochile.cl\/wp-content\/uploads\/2024\/06\/funerariaconcepto-2-1-2-100x50.jpg\" data-anim=\"ms:600;\" data-in=\"o:0;\" data-out=\"a:false;\">\n\t\t\t\t\t\t\t<img decoding=\"async\" src=\"\/\/funerariaconceptochile.cl\/wp-content\/plugins\/revslider\/public\/assets\/assets\/dummy.png\" alt=\"\" title=\"funerariaconcepto (2) (1)\" width=\"1280\" height=\"857\" class=\"rev-slidebg tp-rs-img rs-lazyload\" data-lazyload=\"\/\/funerariaconceptochile.cl\/wp-content\/uploads\/2024\/06\/funerariaconcepto-2-1-2.jpg\" data-parallax=\"off\" data-no-retina>\n<!--\n\t\t\t\t\t\t\t--><rs-layer\n\t\t\t\t\t\t\t\tid=\"slider-1-slide-1-layer-0\" \n\t\t\t\t\t\t\t\tdata-type=\"shape\"\n\t\t\t\t\t\t\t\tdata-rsp_ch=\"on\"\n\t\t\t\t\t\t\t\tdata-xy=\"x:c;xo:86px,86px,86px,28px;y:m;yo:-20px,-20px,-20px,-6px;\"\n\t\t\t\t\t\t\t\tdata-text=\"w:normal;s:20,20,20,6;l:0,0,0,7;\"\n\t\t\t\t\t\t\t\tdata-dim=\"w:3000px,3000px,3000px,999px;h:3000px,3000px,3000px,999px;\"\n\t\t\t\t\t\t\t\tdata-frame_999=\"o:0;st:w;sR:8700;\"\n\t\t\t\t\t\t\t\tstyle=\"z-index:7;background-color:rgba(0,0,0,0.4);\"\n\t\t\t\t\t\t\t> \n\t\t\t\t\t\t\t<\/rs-layer><!--\n\n\t\t\t\t\t\t\t--><rs-layer\n\t\t\t\t\t\t\t\tid=\"slider-1-slide-1-layer-10\" \n\t\t\t\t\t\t\t\tdata-type=\"text\"\n\t\t\t\t\t\t\t\tdata-color=\"#fff\"\n\t\t\t\t\t\t\t\tdata-rsp_ch=\"on\"\n\t\t\t\t\t\t\t\tdata-xy=\"x:l,l,l,c;xo:80px,80px,80px,0;y:m;yo:-50px,-50px,-50px,-116px;\"\n\t\t\t\t\t\t\t\tdata-text=\"w:normal;s:50,50,50,36;l:60,60,60,37;ls:-1,-1,-1,0;fw:200;a:left,left,left,center;\"\n\t\t\t\t\t\t\t\tdata-dim=\"w:619px,619px,619px,478px;minh:0px,0px,0px,none;\"\n\t\t\t\t\t\t\t\tdata-frame_0=\"x:-50,-50,-50,-17px;y:0,0,0,0px;\"\n\t\t\t\t\t\t\t\tdata-frame_1=\"x:0,0,0,0px;y:0,0,0,0px;st:310;sp:1000;sR:310;\"\n\t\t\t\t\t\t\t\tdata-frame_999=\"o:0;st:w;sR:7690;\"\n\t\t\t\t\t\t\t\tstyle=\"z-index:8;font-family:'Poppins';text-transform:uppercase;\"\n\t\t\t\t\t\t\t>en <b>funeraria concepto<\/b> Estamos para ayudarte \n\t\t\t\t\t\t\t<\/rs-layer><!--\n\n\t\t\t\t\t\t\t--><rs-layer\n\t\t\t\t\t\t\t\tid=\"slider-1-slide-1-layer-11\" \n\t\t\t\t\t\t\t\tdata-type=\"text\"\n\t\t\t\t\t\t\t\tdata-color=\"rgba(255, 255, 255, 0.85)\"\n\t\t\t\t\t\t\t\tdata-rsp_ch=\"on\"\n\t\t\t\t\t\t\t\tdata-xy=\"x:l,l,l,c;xo:80px,80px,80px,0;yo:374px,374px,374px,281px;\"\n\t\t\t\t\t\t\t\tdata-text=\"w:normal;s:22,22,22,17;l:30,30,30,20;a:left,left,left,center;\"\n\t\t\t\t\t\t\t\tdata-dim=\"w:574px,574px,574px,413px;minh:0px,0px,0px,none;\"\n\t\t\t\t\t\t\t\tdata-frame_0=\"x:-50,-50,-50,-16;\"\n\t\t\t\t\t\t\t\tdata-frame_1=\"st:610;sp:1000;sR:610;\"\n\t\t\t\t\t\t\t\tdata-frame_999=\"o:0;st:w;sR:7390;\"\n\t\t\t\t\t\t\t\tstyle=\"z-index:9;font-family:'Open Sans';\"\n\t\t\t\t\t\t\t>Nos encargamos de todo para que solo tengas que ocuparte de tus sentimientos \n\t\t\t\t\t\t\t<\/rs-layer><!--\n\n\t\t\t\t\t\t\t--><a\n\t\t\t\t\t\t\t\tid=\"slider-1-slide-1-layer-16\" \n\t\t\t\t\t\t\t\tclass=\"rs-layer rev-btn\"\n\t\t\t\t\t\t\t\thref=\"https:\/\/funerariaconceptochile.cl\/about-us-3\/\" target=\"_self\"\n\t\t\t\t\t\t\t\tdata-type=\"button\"\n\t\t\t\t\t\t\t\tdata-rsp_ch=\"on\"\n\t\t\t\t\t\t\t\tdata-xy=\"xo:80px,80px,80px,89px;yo:460px,460px,460px,353px;\"\n\t\t\t\t\t\t\t\tdata-text=\"w:normal;s:17;l:40,40,40,38;fw:500;\"\n\t\t\t\t\t\t\t\tdata-dim=\"minh:0px,0px,0px,none;\"\n\t\t\t\t\t\t\t\tdata-padding=\"r:25,25,25,29;l:25,25,25,29;\"\n\t\t\t\t\t\t\t\tdata-border=\"bos:solid;boc:rgba(255, 255, 255, 0.8);bow:1px,1px,1px,1px;\"\n\t\t\t\t\t\t\t\tdata-frame_0=\"x:-50,-50,-50,-50px;y:0,0,0,0px;\"\n\t\t\t\t\t\t\t\tdata-frame_1=\"x:0,0,0,0px;y:0,0,0,0px;st:960;sp:1000;sR:960;\"\n\t\t\t\t\t\t\t\tdata-frame_999=\"o:0;st:w;sR:7040;\"\n\t\t\t\t\t\t\t\tdata-frame_hover=\"bgc:rgba(255,255,255,0.15);boc:rgba(255,255,255,0.75);bor:0px,0px,0px,0px;bos:solid;bow:1px,1px,1px,1px;e:power1.inOut;\"\n\t\t\t\t\t\t\t\tstyle=\"z-index:10;background-color:rgba(0,0,0,0);font-family:'Roboto';\"\n\t\t\t\t\t\t\t>Nosotros \n\t\t\t\t\t\t\t<\/a><!--\n\n\t\t\t\t\t\t\t--><a\n\t\t\t\t\t\t\t\tid=\"slider-1-slide-1-layer-27\" \n\t\t\t\t\t\t\t\tclass=\"rs-layer rev-btn\"\n\t\t\t\t\t\t\t\thref=\"https:\/\/funerariaconceptochile.cl\/contact-us\/\" target=\"_self\"\n\t\t\t\t\t\t\t\tdata-type=\"button\"\n\t\t\t\t\t\t\t\tdata-rsp_ch=\"on\"\n\t\t\t\t\t\t\t\tdata-xy=\"xo:220px,220px,220px,241px;yo:460px,460px,460px,353px;\"\n\t\t\t\t\t\t\t\tdata-text=\"w:normal;s:17,17,17,16;l:40,40,40,38;fw:500;\"\n\t\t\t\t\t\t\t\tdata-dim=\"minh:0px,0px,0px,none;\"\n\t\t\t\t\t\t\t\tdata-padding=\"r:25,25,25,29;l:25,25,25,29;\"\n\t\t\t\t\t\t\t\tdata-border=\"bos:solid;boc:rgba(255, 255, 255, 0.8);bow:1px,1px,1px,1px;\"\n\t\t\t\t\t\t\t\tdata-frame_0=\"x:-50,-50,-50,-51px;y:0,0,0,0px;\"\n\t\t\t\t\t\t\t\tdata-frame_1=\"x:0,0,0,0px;y:0,0,0,0px;st:960;sp:1000;sR:960;\"\n\t\t\t\t\t\t\t\tdata-frame_999=\"o:0;st:w;sR:7040;\"\n\t\t\t\t\t\t\t\tdata-frame_hover=\"bgc:rgba(255,255,255,0.15);boc:rgba(255,255,255,0.75);bor:0px,0px,0px,0px;bos:solid;bow:1px,1px,1px,1px;e:power1.inOut;\"\n\t\t\t\t\t\t\t\tstyle=\"z-index:10;background-color:rgba(0,0,0,0);font-family:'Roboto';\"\n\t\t\t\t\t\t\t>Cont\u00e1ctanos \n\t\t\t\t\t\t\t<\/a><!--\n-->\t\t\t\t\t\t<\/rs-slide>\n\t\t\t\t\t\t<rs-slide style=\"position: absolute;\" data-key=\"rs-3\" data-title=\"Organic Mascara\" data-thumb=\"\/\/funerariaconceptochile.cl\/wp-content\/uploads\/2024\/06\/IMG_2409-1-e1717974056121-100x50.jpg\" data-anim=\"ms:600;\" data-in=\"o:0;\" data-out=\"a:false;\">\n\t\t\t\t\t\t\t<img decoding=\"async\" src=\"\/\/funerariaconceptochile.cl\/wp-content\/plugins\/revslider\/public\/assets\/assets\/dummy.png\" alt=\"\" title=\"IMG_2409\" width=\"1536\" height=\"1594\" class=\"rev-slidebg tp-rs-img rs-lazyload\" data-lazyload=\"\/\/funerariaconceptochile.cl\/wp-content\/uploads\/2024\/06\/IMG_2409-1-e1717974056121.jpg\" data-parallax=\"off\" data-no-retina>\n<!--\n\t\t\t\t\t\t\t--><rs-layer\n\t\t\t\t\t\t\t\tid=\"slider-1-slide-3-layer-0\" \n\t\t\t\t\t\t\t\tdata-type=\"shape\"\n\t\t\t\t\t\t\t\tdata-rsp_ch=\"on\"\n\t\t\t\t\t\t\t\tdata-xy=\"x:c;y:m;\"\n\t\t\t\t\t\t\t\tdata-text=\"w:normal;s:20,20,20,6;l:0,0,0,7;\"\n\t\t\t\t\t\t\t\tdata-dim=\"w:3000px,3000px,3000px,999px;h:3000px,3000px,3000px,999px;\"\n\t\t\t\t\t\t\t\tdata-frame_999=\"o:0;st:w;sR:8700;\"\n\t\t\t\t\t\t\t\tstyle=\"z-index:7;background-color:rgba(0,0,0,0.4);\"\n\t\t\t\t\t\t\t> \n\t\t\t\t\t\t\t<\/rs-layer><!--\n\n\t\t\t\t\t\t\t--><rs-layer\n\t\t\t\t\t\t\t\tid=\"slider-1-slide-3-layer-10\" \n\t\t\t\t\t\t\t\tdata-type=\"text\"\n\t\t\t\t\t\t\t\tdata-color=\"#fff\"\n\t\t\t\t\t\t\t\tdata-rsp_ch=\"on\"\n\t\t\t\t\t\t\t\tdata-xy=\"x:l,l,l,c;xo:80px,80px,80px,0;y:m;yo:-50px,-50px,-50px,-116px;\"\n\t\t\t\t\t\t\t\tdata-text=\"w:normal;s:52,52,52,33;l:60,60,60,34;ls:-1,-1,-1,0;fw:200;a:left,left,left,center;\"\n\t\t\t\t\t\t\t\tdata-dim=\"w:621px,621px,621px,456px;minh:0px,0px,0px,none;\"\n\t\t\t\t\t\t\t\tdata-frame_0=\"x:-50,-50,-50,-16px;y:0,0,0,0px;\"\n\t\t\t\t\t\t\t\tdata-frame_1=\"x:0,0,0,0px;y:0,0,0,0px;st:310;sp:1000;sR:310;\"\n\t\t\t\t\t\t\t\tdata-frame_999=\"o:0;st:w;sR:7690;\"\n\t\t\t\t\t\t\t\tstyle=\"z-index:8;font-family:'Poppins';text-transform:uppercase;\"\n\t\t\t\t\t\t\t><b>Cont\u00e1ctanos<\/b><br>y recibe asesor\u00eda gratuita<\/br> \n\t\t\t\t\t\t\t<\/rs-layer><!--\n\n\t\t\t\t\t\t\t--><rs-layer\n\t\t\t\t\t\t\t\tid=\"slider-1-slide-3-layer-11\" \n\t\t\t\t\t\t\t\tdata-type=\"text\"\n\t\t\t\t\t\t\t\tdata-color=\"rgba(255, 255, 255, 0.85)\"\n\t\t\t\t\t\t\t\tdata-rsp_ch=\"on\"\n\t\t\t\t\t\t\t\tdata-xy=\"x:l,l,l,c;xo:80px,80px,80px,0;yo:394px,394px,394px,281px;\"\n\t\t\t\t\t\t\t\tdata-text=\"w:normal;s:20,20,20,17;l:30,30,30,20;a:left,left,left,center;\"\n\t\t\t\t\t\t\t\tdata-dim=\"w:580px,580px,580px,413px;minh:0px,0px,0px,none;\"\n\t\t\t\t\t\t\t\tdata-frame_0=\"x:-50,-50,-50,-16;\"\n\t\t\t\t\t\t\t\tdata-frame_1=\"st:610;sp:1000;sR:610;\"\n\t\t\t\t\t\t\t\tdata-frame_999=\"o:0;st:w;sR:7390;\"\n\t\t\t\t\t\t\t\tstyle=\"z-index:9;font-family:'Open Sans';\"\n\t\t\t\t\t\t\t>Para que solo tengas que ocuparte de tus sentimientos \n\t\t\t\t\t\t\t<\/rs-layer><!--\n\n\t\t\t\t\t\t\t--><a\n\t\t\t\t\t\t\t\tid=\"slider-1-slide-3-layer-16\" \n\t\t\t\t\t\t\t\tclass=\"rs-layer rev-btn\"\n\t\t\t\t\t\t\t\thref=\"https:\/\/funerariaconceptochile.cl\/about-us-3\/\" target=\"_self\"\n\t\t\t\t\t\t\t\tdata-type=\"button\"\n\t\t\t\t\t\t\t\tdata-rsp_ch=\"on\"\n\t\t\t\t\t\t\t\tdata-xy=\"xo:80px,80px,80px,89px;yo:450px,450px,450px,353px;\"\n\t\t\t\t\t\t\t\tdata-text=\"w:normal;s:17;l:40,40,40,38;fw:500;\"\n\t\t\t\t\t\t\t\tdata-dim=\"minh:0px,0px,0px,none;\"\n\t\t\t\t\t\t\t\tdata-padding=\"r:25,25,25,29;l:25,25,25,29;\"\n\t\t\t\t\t\t\t\tdata-border=\"bos:solid;boc:rgba(255, 255, 255, 0.8);bow:1px,1px,1px,1px;\"\n\t\t\t\t\t\t\t\tdata-frame_0=\"x:-50,-50,-50,-50px;y:0,0,0,0px;\"\n\t\t\t\t\t\t\t\tdata-frame_1=\"x:0,0,0,0px;y:0,0,0,0px;st:960;sp:1000;sR:960;\"\n\t\t\t\t\t\t\t\tdata-frame_999=\"o:0;st:w;sR:7040;\"\n\t\t\t\t\t\t\t\tdata-frame_hover=\"bgc:rgba(255,255,255,0.15);boc:rgba(255,255,255,0.75);bor:0px,0px,0px,0px;bos:solid;bow:1px,1px,1px,1px;e:power1.inOut;\"\n\t\t\t\t\t\t\t\tstyle=\"z-index:10;background-color:rgba(0,0,0,0);font-family:'Roboto';\"\n\t\t\t\t\t\t\t>Nosotros \n\t\t\t\t\t\t\t<\/a><!--\n\n\t\t\t\t\t\t\t--><a\n\t\t\t\t\t\t\t\tid=\"slider-1-slide-3-layer-27\" \n\t\t\t\t\t\t\t\tclass=\"rs-layer rev-btn\"\n\t\t\t\t\t\t\t\thref=\"https:\/\/funerariaconceptochile.cl\/contact-us\/\" target=\"_self\"\n\t\t\t\t\t\t\t\tdata-type=\"button\"\n\t\t\t\t\t\t\t\tdata-rsp_ch=\"on\"\n\t\t\t\t\t\t\t\tdata-xy=\"xo:220px,220px,220px,241px;yo:450px,450px,450px,353px;\"\n\t\t\t\t\t\t\t\tdata-text=\"w:normal;s:17,17,17,16;l:40,40,40,38;fw:500;\"\n\t\t\t\t\t\t\t\tdata-dim=\"minh:0px,0px,0px,none;\"\n\t\t\t\t\t\t\t\tdata-padding=\"r:25,25,25,29;l:25,25,25,29;\"\n\t\t\t\t\t\t\t\tdata-border=\"bos:solid;boc:rgba(255, 255, 255, 0.8);bow:1px,1px,1px,1px;\"\n\t\t\t\t\t\t\t\tdata-frame_0=\"x:-50,-50,-50,-51px;y:0,0,0,0px;\"\n\t\t\t\t\t\t\t\tdata-frame_1=\"x:0,0,0,0px;y:0,0,0,0px;st:960;sp:1000;sR:960;\"\n\t\t\t\t\t\t\t\tdata-frame_999=\"o:0;st:w;sR:7040;\"\n\t\t\t\t\t\t\t\tdata-frame_hover=\"bgc:rgba(255,255,255,0.15);boc:rgba(255,255,255,0.75);bor:0px,0px,0px,0px;bos:solid;bow:1px,1px,1px,1px;e:power1.inOut;\"\n\t\t\t\t\t\t\t\tstyle=\"z-index:10;background-color:rgba(0,0,0,0);font-family:'Roboto';\"\n\t\t\t\t\t\t\t>Cont\u00e1ctanos \n\t\t\t\t\t\t\t<\/a><!--\n-->\t\t\t\t\t\t<\/rs-slide>\n\t\t\t\t\t\t<rs-slide style=\"position: absolute;\" data-key=\"rs-4\" data-title=\"Organic Mascara\" data-thumb=\"\/\/funerariaconceptochile.cl\/wp-content\/uploads\/2024\/06\/funeraria-concepto-presentacion-scaled-100x50.jpg\" data-anim=\"ms:600;\" data-in=\"o:0;\" data-out=\"a:false;\">\n\t\t\t\t\t\t\t<img decoding=\"async\" src=\"\/\/funerariaconceptochile.cl\/wp-content\/plugins\/revslider\/public\/assets\/assets\/dummy.png\" alt=\"\" title=\"funeraria concepto, presentacion\" width=\"2560\" height=\"1920\" class=\"rev-slidebg tp-rs-img rs-lazyload\" data-lazyload=\"\/\/funerariaconceptochile.cl\/wp-content\/uploads\/2024\/06\/funeraria-concepto-presentacion-scaled.jpg\" data-parallax=\"off\" data-no-retina>\n<!--\n\t\t\t\t\t\t\t--><rs-layer\n\t\t\t\t\t\t\t\tid=\"slider-1-slide-4-layer-0\" \n\t\t\t\t\t\t\t\tdata-type=\"shape\"\n\t\t\t\t\t\t\t\tdata-rsp_ch=\"on\"\n\t\t\t\t\t\t\t\tdata-xy=\"x:c;y:m;\"\n\t\t\t\t\t\t\t\tdata-text=\"w:normal;s:20,20,20,6;l:0,0,0,7;\"\n\t\t\t\t\t\t\t\tdata-dim=\"w:3000px,3000px,3000px,999px;h:3000px,3000px,3000px,999px;\"\n\t\t\t\t\t\t\t\tdata-frame_999=\"o:0;st:w;sR:8700;\"\n\t\t\t\t\t\t\t\tstyle=\"z-index:7;background-color:rgba(0,0,0,0.4);\"\n\t\t\t\t\t\t\t> \n\t\t\t\t\t\t\t<\/rs-layer><!--\n\n\t\t\t\t\t\t\t--><rs-layer\n\t\t\t\t\t\t\t\tid=\"slider-1-slide-4-layer-10\" \n\t\t\t\t\t\t\t\tdata-type=\"text\"\n\t\t\t\t\t\t\t\tdata-color=\"#fff\"\n\t\t\t\t\t\t\t\tdata-rsp_ch=\"on\"\n\t\t\t\t\t\t\t\tdata-xy=\"x:l,l,l,c;xo:80px,80px,80px,0;y:m;yo:-50px,-50px,-50px,-126px;\"\n\t\t\t\t\t\t\t\tdata-text=\"w:normal;s:60,60,60,44;l:65,65,65,48;ls:-1,-1,-1,0;fw:200;a:left,left,left,center;\"\n\t\t\t\t\t\t\t\tdata-dim=\"w:508px,508px,508px,440px;minh:0px,0px,0px,none;\"\n\t\t\t\t\t\t\t\tdata-frame_0=\"x:-50,-50,-50,-21px;y:0,0,0,0px;\"\n\t\t\t\t\t\t\t\tdata-frame_1=\"x:0,0,0,0px;y:0,0,0,0px;st:310;sp:1000;sR:310;\"\n\t\t\t\t\t\t\t\tdata-frame_999=\"o:0;st:w;sR:7690;\"\n\t\t\t\t\t\t\t\tstyle=\"z-index:8;font-family:'Poppins';text-transform:uppercase;\"\n\t\t\t\t\t\t\t>Sabemos como <b>acompa\u00f1arte<\/b> \n\t\t\t\t\t\t\t<\/rs-layer><!--\n\n\t\t\t\t\t\t\t--><rs-layer\n\t\t\t\t\t\t\t\tid=\"slider-1-slide-4-layer-11\" \n\t\t\t\t\t\t\t\tdata-type=\"text\"\n\t\t\t\t\t\t\t\tdata-color=\"rgba(255, 255, 255, 0.85)\"\n\t\t\t\t\t\t\t\tdata-rsp_ch=\"on\"\n\t\t\t\t\t\t\t\tdata-xy=\"x:l,l,l,c;xo:80px,80px,80px,0;yo:373px,373px,373px,281px;\"\n\t\t\t\t\t\t\t\tdata-text=\"w:normal;s:22,22,22,17;l:30,30,30,20;a:left,left,left,center;\"\n\t\t\t\t\t\t\t\tdata-dim=\"w:472px,472px,472px,413px;minh:0px,0px,0px,none;\"\n\t\t\t\t\t\t\t\tdata-frame_0=\"x:-50,-50,-50,-16;\"\n\t\t\t\t\t\t\t\tdata-frame_1=\"st:610;sp:1000;sR:610;\"\n\t\t\t\t\t\t\t\tdata-frame_999=\"o:0;st:w;sR:7390;\"\n\t\t\t\t\t\t\t\tstyle=\"z-index:9;font-family:'Open Sans';\"\n\t\t\t\t\t\t\t>Ayudamos a familias y amigos honrando a su ser querido \n\t\t\t\t\t\t\t<\/rs-layer><!--\n\n\t\t\t\t\t\t\t--><a\n\t\t\t\t\t\t\t\tid=\"slider-1-slide-4-layer-16\" \n\t\t\t\t\t\t\t\tclass=\"rs-layer rev-btn\"\n\t\t\t\t\t\t\t\thref=\"https:\/\/funerariaconceptochile.cl\/about-us-3\/\" target=\"_self\"\n\t\t\t\t\t\t\t\tdata-type=\"button\"\n\t\t\t\t\t\t\t\tdata-rsp_ch=\"on\"\n\t\t\t\t\t\t\t\tdata-xy=\"xo:80px,80px,80px,89px;yo:450px,450px,450px,353px;\"\n\t\t\t\t\t\t\t\tdata-text=\"w:normal;s:17;l:40,40,40,38;fw:500;\"\n\t\t\t\t\t\t\t\tdata-dim=\"minh:0px,0px,0px,none;\"\n\t\t\t\t\t\t\t\tdata-padding=\"r:25,25,25,29;l:25,25,25,29;\"\n\t\t\t\t\t\t\t\tdata-border=\"bos:solid;boc:rgba(255, 255, 255, 0.8);bow:1px,1px,1px,1px;\"\n\t\t\t\t\t\t\t\tdata-frame_0=\"x:-50,-50,-50,-50px;y:0,0,0,0px;\"\n\t\t\t\t\t\t\t\tdata-frame_1=\"x:0,0,0,0px;y:0,0,0,0px;st:960;sp:1000;sR:960;\"\n\t\t\t\t\t\t\t\tdata-frame_999=\"o:0;st:w;sR:7040;\"\n\t\t\t\t\t\t\t\tdata-frame_hover=\"bgc:rgba(255,255,255,0.15);boc:rgba(255,255,255,0.75);bor:0px,0px,0px,0px;bos:solid;bow:1px,1px,1px,1px;e:power1.inOut;\"\n\t\t\t\t\t\t\t\tstyle=\"z-index:10;background-color:rgba(0,0,0,0);font-family:'Roboto';\"\n\t\t\t\t\t\t\t>Nosotros \n\t\t\t\t\t\t\t<\/a><!--\n\n\t\t\t\t\t\t\t--><a\n\t\t\t\t\t\t\t\tid=\"slider-1-slide-4-layer-27\" \n\t\t\t\t\t\t\t\tclass=\"rs-layer rev-btn\"\n\t\t\t\t\t\t\t\thref=\"https:\/\/funerariaconceptochile.cl\/contact-us\/\" target=\"_self\"\n\t\t\t\t\t\t\t\tdata-type=\"button\"\n\t\t\t\t\t\t\t\tdata-rsp_ch=\"on\"\n\t\t\t\t\t\t\t\tdata-xy=\"xo:220px,220px,220px,241px;yo:450px,450px,450px,353px;\"\n\t\t\t\t\t\t\t\tdata-text=\"w:normal;s:17,17,17,16;l:40,40,40,38;fw:500;\"\n\t\t\t\t\t\t\t\tdata-dim=\"minh:0px,0px,0px,none;\"\n\t\t\t\t\t\t\t\tdata-padding=\"r:25,25,25,29;l:25,25,25,29;\"\n\t\t\t\t\t\t\t\tdata-border=\"bos:solid;boc:rgba(255, 255, 255, 0.8);bow:1px,1px,1px,1px;\"\n\t\t\t\t\t\t\t\tdata-frame_0=\"x:-50,-50,-50,-51px;y:0,0,0,0px;\"\n\t\t\t\t\t\t\t\tdata-frame_1=\"x:0,0,0,0px;y:0,0,0,0px;st:960;sp:1000;sR:960;\"\n\t\t\t\t\t\t\t\tdata-frame_999=\"o:0;st:w;sR:7040;\"\n\t\t\t\t\t\t\t\tdata-frame_hover=\"bgc:rgba(255,255,255,0.15);boc:rgba(255,255,255,0.75);bor:0px,0px,0px,0px;bos:solid;bow:1px,1px,1px,1px;e:power1.inOut;\"\n\t\t\t\t\t\t\t\tstyle=\"z-index:10;background-color:rgba(0,0,0,0);font-family:'Roboto';\"\n\t\t\t\t\t\t\t>Cont\u00e1ctanos \n\t\t\t\t\t\t\t<\/a><!--\n-->\t\t\t\t\t\t<\/rs-slide>\n\t\t\t\t\t<\/rs-slides>\n\t\t\t\t<\/rs-module>\n\t\t\t\t<script>\n\t\t\t\t\tsetREVStartSize({c: 'slider-cosmetics',rl:[1240,1240,1240,480],el:[700,700,700,700],gw:[1440,1440,1440,480],gh:[700,700,700,700],type:'standard',justify:'',layout:'fullwidth',mh:\"0\"});if (window.RS_MODULES!==undefined && window.RS_MODULES.modules!==undefined && window.RS_MODULES.modules[\"slidercosmetics\"]!==undefined) {window.RS_MODULES.modules[\"slidercosmetics\"].once = false;window.revapi1 = undefined;if (window.RS_MODULES.checkMinimal!==undefined) window.RS_MODULES.checkMinimal()}\n\t\t\t\t<\/script>\n\t\t\t<\/rs-module-wrap>\n\t\t\t<!-- END REVOLUTION SLIDER -->\n<\/div><\/div><\/div><\/div><\/div><div class=\"vc_row-full-width vc_clearfix\"><\/div><div data-vc-full-width=\"true\" data-vc-full-width-init=\"false\" class=\"vc_row wpb_row vc_row-fluid vc_custom_1674862176067 vc_row-has-fill wd-rs-63d45e5133c8a\"><div class=\"wpb_column vc_column_container vc_col-sm-4\"><div class=\"vc_column-inner vc_custom_1506947185868\"><div class=\"wpb_wrapper\">\t\t<div class=\"promo-banner-wrapper  wd-rs-66662d1542bfd vc_custom_1717972346489\">\n\t\t\t<div id=\"wd-66662d1542bfd\" class=\"promo-banner  banner-mask banner-hover-zoom color-scheme-light banner-btn-size-small banner-btn-style-link wd-width-enabled  wd-underline-colored\" style=\"--wd-max-width: 70%;\"\t\t\t\t\t\t\t>\n\t\t\t\t<div class=\"main-wrapp-img\">\n\t\t\t\t\t<div class=\"banner-image wd-bg-position-center\" >\n\t\t\t\t\t\t<img loading=\"lazy\" decoding=\"async\" class=\"promo-banner-image \" src=\"https:\/\/funerariaconceptochile.cl\/wp-content\/uploads\/2023\/01\/funeraria-concepto-servicios-funerarios_01-450x250.jpg\" width=\"450\" height=\"250\" alt=\"funeraria-concepto-servicios-funerarios_01\" title=\"funeraria-concepto-servicios-funerarios_01\" \/>\t\t\t\t\t<\/div>\n\t\t\t\t<\/div>\n\n\t\t\t\t<div class=\"wrapper-content-banner wd-fill  wd-items-middle wd-justify-center\">\n\t\t\t\t\t<div class=\"content-banner text-center\">\n\t\t\t\t\t\t<div class=\"banner-title-wrap\">\n\t\t\t\t\t\t\t\t\t\t\t\t\t<\/div>\n\t\t\t\t\t\t\t\t\t\t\t\t\t\t\t\t\t<\/div>\n\t\t\t\t<\/div>\n\t\t\t\t\t\t\t<\/div>\n\t\t<\/div>\n\n\t\t\t\t\t<div class=\"info-box-wrapper\">\n\t\t\t\t<div id=\"wd-64418e4ddc49d\" class=\" wd-z-index wd-rs-64418e4ddc49d wd-info-box wd-wpb text-center box-icon-align-top box-style- color-scheme- wd-bg-none with-btn box-btn-static vc_custom_1682017893226\"  >\n\t\t\t\t\t\t\t\t\t\t<div class=\"info-box-content\">\n\t\t\t\t\t\t<h4 class=\"info-box-title title wd-font-weight- box-title-style-default wd-fontsize-m\">Servicios Funerarios<\/h4>\t\t\t\t\t\t<div class=\"info-box-inner set-cont-mb-s reset-last-child\">\n\t\t\t\t\t\t\t\t\t\t\t\t\t<\/div>\n\n\t\t\t\t\t\t<div class=\"info-btn-wrapper\"><div id=\"wd-69f416ecd8a0f\" class=\"  wd-button-wrapper text-center\"><a href=\"https:\/\/funerariaconceptochile.cl\/product-category\/servicios\/\" title=\"\" class=\"btn btn-color-primary btn-style-link btn-style-rectangle btn-size-default\">Ver M\u00e1s<\/a><\/div><\/div>\t\t\t\t\t<\/div>\n\n\t\t\t\t\t\t\t\t\t<\/div>\n\t\t\t<\/div>\n\t\t<div class=\"vc_row wpb_row vc_inner vc_row-fluid\"><div class=\"wpb_column vc_column_container vc_col-sm-12\"><div class=\"vc_column-inner\"><div class=\"wpb_wrapper\">\t\t<div class=\"promo-banner-wrapper  wd-rs-673bc11ab5595 vc_custom_1731969336052\">\n\t\t\t<div id=\"wd-673bc11ab5595\" class=\"promo-banner  banner-mask banner-hover-zoom color-scheme-light banner-btn-size-small banner-btn-style-link wd-width-enabled  wd-underline-colored\" style=\"--wd-max-width: 70%;\"\t\t\t\t\t\t\t>\n\t\t\t\t<div class=\"main-wrapp-img\">\n\t\t\t\t\t<div class=\"banner-image wd-bg-position-center\" >\n\t\t\t\t\t\t<img loading=\"lazy\" decoding=\"async\" class=\"promo-banner-image \" src=\"https:\/\/funerariaconceptochile.cl\/wp-content\/uploads\/2024\/11\/funeraria-concepto_servicios-juridicos-450x250.jpg\" width=\"450\" height=\"250\" alt=\"funeraria concepto_servicios juridicos\" title=\"funeraria concepto_servicios juridicos\" \/>\t\t\t\t\t<\/div>\n\t\t\t\t<\/div>\n\n\t\t\t\t<div class=\"wrapper-content-banner wd-fill  wd-items-middle wd-justify-center\">\n\t\t\t\t\t<div class=\"content-banner text-center\">\n\t\t\t\t\t\t<div class=\"banner-title-wrap\">\n\t\t\t\t\t\t\t\t\t\t\t\t\t<\/div>\n\t\t\t\t\t\t\t\t\t\t\t\t\t\t\t\t\t<\/div>\n\t\t\t\t<\/div>\n\t\t\t\t\t\t\t<\/div>\n\t\t<\/div>\n\n\t\t<\/div><\/div><\/div><\/div>\t\t\t<div class=\"info-box-wrapper\">\n\t\t\t\t<div id=\"wd-66caa95d7b0e5\" class=\" wd-z-index wd-rs-66caa95d7b0e5 wd-info-box wd-wpb text-center box-icon-align-top box-style- color-scheme- wd-bg-none with-btn box-btn-static vc_custom_1724557677526\"  >\n\t\t\t\t\t\t\t\t\t\t<div class=\"info-box-content\">\n\t\t\t\t\t\t<h4 class=\"info-box-title title wd-font-weight- box-title-style-default wd-fontsize-m\">Servicios Jur\u00eddicos<\/h4>\t\t\t\t\t\t<div class=\"info-box-inner set-cont-mb-s reset-last-child\">\n\t\t\t\t\t\t\t\t\t\t\t\t\t<\/div>\n\n\t\t\t\t\t\t<div class=\"info-btn-wrapper\"><div id=\"wd-69f416ecd9531\" class=\"  wd-button-wrapper text-center\"><a href=\"https:\/\/funerariaconceptochile.cl\/servicios-juridicos\/\" title=\"\" class=\"btn btn-color-primary btn-style-link btn-style-rectangle btn-size-default\">Ver M\u00e1s<\/a><\/div><\/div>\t\t\t\t\t<\/div>\n\n\t\t\t\t\t\t\t\t\t<\/div>\n\t\t\t<\/div>\n\t\t<\/div><\/div><\/div><div class=\"wpb_column vc_column_container vc_col-sm-4\"><div class=\"vc_column-inner vc_custom_1506947455194\"><div class=\"wpb_wrapper\">\t\t<div class=\"promo-banner-wrapper  wd-rs-63d45cfd8ae1d vc_custom_1674861825727\">\n\t\t\t<div id=\"wd-63d45cfd8ae1d\" class=\"promo-banner  banner-mask banner-hover-zoom color-scheme-light banner-btn-size-small banner-btn-style-link wd-width-enabled  wd-underline-colored\" style=\"--wd-max-width: 70%;\"\t\t\t\t\t\t\t>\n\t\t\t\t<div class=\"main-wrapp-img\">\n\t\t\t\t\t<div class=\"banner-image wd-bg-position-center\" >\n\t\t\t\t\t\t<img loading=\"lazy\" decoding=\"async\" class=\"promo-banner-image \" src=\"https:\/\/funerariaconceptochile.cl\/wp-content\/uploads\/2023\/01\/funeraria-concepto-reserva-en-vida_02-450x250.jpg\" width=\"450\" height=\"250\" alt=\"funeraria-concepto-reserva-en-vida_02\" title=\"funeraria-concepto-reserva-en-vida_02\" \/>\t\t\t\t\t<\/div>\n\t\t\t\t<\/div>\n\n\t\t\t\t<div class=\"wrapper-content-banner wd-fill  wd-items-middle wd-justify-center\">\n\t\t\t\t\t<div class=\"content-banner text-center\">\n\t\t\t\t\t\t<div class=\"banner-title-wrap\">\n\t\t\t\t\t\t\t\t\t\t\t\t\t<\/div>\n\t\t\t\t\t\t\t\t\t\t\t\t\t\t\t\t\t<\/div>\n\t\t\t\t<\/div>\n\t\t\t\t\t\t\t<\/div>\n\t\t<\/div>\n\n\t\t\t\t\t<div class=\"info-box-wrapper\">\n\t\t\t\t<div id=\"wd-64498df271e89\" class=\" wd-z-index wd-rs-64498df271e89 wd-info-box wd-wpb text-center box-icon-align-top box-style- color-scheme- wd-bg-none with-btn box-btn-static vc_custom_1682542092596\"  >\n\t\t\t\t\t\t\t\t\t\t<div class=\"info-box-content\">\n\t\t\t\t\t\t<h4 class=\"info-box-title title wd-font-weight- box-title-style-default wd-fontsize-m\">Planes de Cremaci\u00f3n<\/h4>\t\t\t\t\t\t<div class=\"info-box-inner set-cont-mb-s reset-last-child\">\n\t\t\t\t\t\t\t\t\t\t\t\t\t<\/div>\n\n\t\t\t\t\t\t<div class=\"info-btn-wrapper\"><div id=\"wd-69f416ecd99b1\" class=\"  wd-button-wrapper text-center\"><a href=\"https:\/\/funerariaconceptochile.cl\/planes-de-cremacion\/\" title=\"\" class=\"btn btn-color-primary btn-style-link btn-style-rectangle btn-size-default\">Ver M\u00e1s<\/a><\/div><\/div>\t\t\t\t\t<\/div>\n\n\t\t\t\t\t\t\t\t\t<\/div>\n\t\t\t<\/div>\n\t\t<div class=\"vc_row wpb_row vc_inner vc_row-fluid\"><div class=\"wpb_column vc_column_container vc_col-sm-12\"><div class=\"vc_column-inner\"><div class=\"wpb_wrapper\">\t\t<div class=\"promo-banner-wrapper  wd-rs-66ef8fe21850f vc_custom_1726975977967\">\n\t\t\t<div id=\"wd-66ef8fe21850f\" class=\"promo-banner  banner-mask banner-hover-zoom color-scheme-light banner-btn-size-small banner-btn-style-link wd-width-enabled  wd-underline-colored\" style=\"--wd-max-width: 70%;\"\t\t\t\t\t\t\t>\n\t\t\t\t<div class=\"main-wrapp-img\">\n\t\t\t\t\t<div class=\"banner-image wd-bg-position-center\" >\n\t\t\t\t\t\t<img loading=\"lazy\" decoding=\"async\" class=\"promo-banner-image \" src=\"https:\/\/funerariaconceptochile.cl\/wp-content\/uploads\/2024\/09\/Imagen1-450x250.jpg\" width=\"450\" height=\"250\" alt=\"Imagen1\" title=\"Imagen1\" \/>\t\t\t\t\t<\/div>\n\t\t\t\t<\/div>\n\n\t\t\t\t<div class=\"wrapper-content-banner wd-fill  wd-items-middle wd-justify-center\">\n\t\t\t\t\t<div class=\"content-banner text-center\">\n\t\t\t\t\t\t<div class=\"banner-title-wrap\">\n\t\t\t\t\t\t\t\t\t\t\t\t\t<\/div>\n\t\t\t\t\t\t\t\t\t\t\t\t\t\t\t\t\t<\/div>\n\t\t\t\t<\/div>\n\t\t\t\t\t\t\t<\/div>\n\t\t<\/div>\n\n\t\t\t\t\t<div class=\"info-box-wrapper\">\n\t\t\t\t<div id=\"wd-66ef97f7df85a\" class=\" wd-z-index wd-rs-66ef97f7df85a wd-info-box wd-wpb text-center box-icon-align-top box-style- color-scheme- wd-bg-none with-btn box-btn-static vc_custom_1726978051203\"  >\n\t\t\t\t\t\t\t\t\t\t<div class=\"info-box-content\">\n\t\t\t\t\t\t<h4 class=\"info-box-title title wd-font-weight- box-title-style-default wd-fontsize-m\">Servicio de Repatriaci\u00f3n<\/h4>\t\t\t\t\t\t<div class=\"info-box-inner set-cont-mb-s reset-last-child\">\n\t\t\t\t\t\t\t\t\t\t\t\t\t<\/div>\n\n\t\t\t\t\t\t<div class=\"info-btn-wrapper\"><div id=\"wd-69f416ecd9ea9\" class=\"  wd-button-wrapper text-center\"><a href=\"https:\/\/funerariaconceptochile.cl\/repatriacion\/\" title=\"Repatriaci\u00f3n\" class=\"btn btn-color-primary btn-style-link btn-style-rectangle btn-size-default\">Ver M\u00e1s<\/a><\/div><\/div>\t\t\t\t\t<\/div>\n\n\t\t\t\t\t\t\t\t\t<\/div>\n\t\t\t<\/div>\n\t\t<\/div><\/div><\/div><\/div><\/div><\/div><\/div><div class=\"wpb_column vc_column_container vc_col-sm-4\"><div class=\"vc_column-inner vc_custom_1506947193156\"><div class=\"wpb_wrapper\">\t\t<div class=\"promo-banner-wrapper  wd-rs-63d45cefa5532 vc_custom_1674861819802\">\n\t\t\t<div id=\"wd-63d45cefa5532\" class=\"promo-banner  banner-mask banner-hover-zoom color-scheme-light banner-btn-size-small banner-btn-style-link wd-width-enabled  wd-underline-colored\" style=\"--wd-max-width: 70%;\"\t\t\t\t\t\t\t>\n\t\t\t\t<div class=\"main-wrapp-img\">\n\t\t\t\t\t<div class=\"banner-image wd-bg-position-center\" >\n\t\t\t\t\t\t<img loading=\"lazy\" decoding=\"async\" class=\"promo-banner-image \" src=\"https:\/\/funerariaconceptochile.cl\/wp-content\/uploads\/2023\/01\/funeraria-concepto-traslados-funerarios_04-450x250.jpg\" width=\"450\" height=\"250\" alt=\"funeraria-concepto-traslados-funerarios_04\" title=\"funeraria-concepto-traslados-funerarios_04\" \/>\t\t\t\t\t<\/div>\n\t\t\t\t<\/div>\n\n\t\t\t\t<div class=\"wrapper-content-banner wd-fill  wd-items-middle wd-justify-center\">\n\t\t\t\t\t<div class=\"content-banner text-center\">\n\t\t\t\t\t\t<div class=\"banner-title-wrap\">\n\t\t\t\t\t\t\t\t\t\t\t\t\t<\/div>\n\t\t\t\t\t\t\t\t\t\t\t\t\t\t\t\t\t<\/div>\n\t\t\t\t<\/div>\n\t\t\t\t\t\t\t<\/div>\n\t\t<\/div>\n\n\t\t\t\t\t<div class=\"info-box-wrapper\">\n\t\t\t\t<div id=\"wd-644977c5aa089\" class=\" wd-z-index wd-rs-644977c5aa089 wd-info-box wd-wpb text-center box-icon-align-top box-style- color-scheme- wd-bg-none with-btn box-btn-static vc_custom_1682536403522\"  >\n\t\t\t\t\t\t\t\t\t\t<div class=\"info-box-content\">\n\t\t\t\t\t\t<h4 class=\"info-box-title title wd-font-weight- box-title-style-default wd-fontsize-m\">Traslados Funerarios y Exhumaciones<\/h4>\t\t\t\t\t\t<div class=\"info-box-inner set-cont-mb-s reset-last-child\">\n\t\t\t\t\t\t\t\t\t\t\t\t\t<\/div>\n\n\t\t\t\t\t\t<div class=\"info-btn-wrapper\"><div id=\"wd-69f416ecda392\" class=\"  wd-button-wrapper text-center\"><a href=\"https:\/\/funerariaconceptochile.cl\/traslados\/\" title=\"\" class=\"btn btn-color-primary btn-style-link btn-style-rectangle btn-size-default\">Ver M\u00e1s<\/a><\/div><\/div>\t\t\t\t\t<\/div>\n\n\t\t\t\t\t\t\t\t\t<\/div>\n\t\t\t<\/div>\n\t\t\t\t<div class=\"promo-banner-wrapper  wd-rs-67b2b740ef7c9 vc_custom_1739765580664\">\n\t\t\t<div id=\"wd-67b2b740ef7c9\" class=\"promo-banner  banner-mask banner-hover-zoom color-scheme-light banner-btn-size-small banner-btn-style-link wd-width-enabled  wd-underline-colored\" style=\"--wd-max-width: 70%;\"\t\t\t\t\t\t\t>\n\t\t\t\t<div class=\"main-wrapp-img\">\n\t\t\t\t\t<div class=\"banner-image wd-bg-position-center\" >\n\t\t\t\t\t\t<img loading=\"lazy\" decoding=\"async\" class=\"promo-banner-image \" src=\"https:\/\/funerariaconceptochile.cl\/wp-content\/uploads\/2025\/02\/cinco-emprendimientos-destacados-que-triunfan-en-el-mercado-chileno-450x250.jpg\" width=\"450\" height=\"250\" alt=\"cinco-emprendimientos-destacados-que-triunfan-en-el-mercado-chileno\" title=\"cinco-emprendimientos-destacados-que-triunfan-en-el-mercado-chileno\" \/>\t\t\t\t\t<\/div>\n\t\t\t\t<\/div>\n\n\t\t\t\t<div class=\"wrapper-content-banner wd-fill  wd-items-middle wd-justify-center\">\n\t\t\t\t\t<div class=\"content-banner text-center\">\n\t\t\t\t\t\t<div class=\"banner-title-wrap\">\n\t\t\t\t\t\t\t\t\t\t\t\t\t<\/div>\n\t\t\t\t\t\t\t\t\t\t\t\t\t\t\t\t\t<\/div>\n\t\t\t\t<\/div>\n\t\t\t\t\t\t\t<\/div>\n\t\t<\/div>\n\n\t\t\t\t\t<div class=\"info-box-wrapper\">\n\t\t\t\t<div id=\"wd-67f93b8a588f0\" class=\" wd-z-index wd-rs-67f93b8a588f0 wd-info-box wd-wpb text-center box-icon-align-top box-style- color-scheme- wd-bg-none with-btn box-btn-static vc_custom_1744386962583\"  >\n\t\t\t\t\t\t\t\t\t\t<div class=\"info-box-content\">\n\t\t\t\t\t\t<h4 class=\"info-box-title title wd-font-weight- box-title-style-default wd-fontsize-m\">Ecosistema Emprendedor<\/h4>\t\t\t\t\t\t<div class=\"info-box-inner set-cont-mb-s reset-last-child\">\n\t\t\t\t\t\t\t\t\t\t\t\t\t<\/div>\n\n\t\t\t\t\t\t<div class=\"info-btn-wrapper\"><div id=\"wd-69f416ecda65f\" class=\"  wd-button-wrapper text-center\"><a href=\"https:\/\/funerariaconceptochile.cl\/espacio-colaborativo-2\/\" title=\"Espacio Colaborativo\" class=\"btn btn-color-primary btn-style-link btn-style-rectangle btn-size-default\">Ver M\u00e1s<\/a><\/div><\/div>\t\t\t\t\t<\/div>\n\n\t\t\t\t\t\t\t\t\t<\/div>\n\t\t\t<\/div>\n\t\t<\/div><\/div><\/div><\/div><div class=\"vc_row-full-width vc_clearfix\"><\/div><div class=\"vc_row wpb_row vc_row-fluid vc_custom_1682018140360 vc_row-o-content-middle vc_row-flex wd-rs-64418f566f389\"><div class=\"wpb_column vc_column_container vc_col-sm-12\"><div class=\"vc_column-inner vc_custom_1506945637557\"><div class=\"wpb_wrapper\">\t\t<div id=\"wd-644193be3b69d\" class=\"wd-text-block wd-wpb reset-last-child wd-rs-644193be3b69d text-center wd-font-weight-400 color-title wd-fontsize-xxl font-primary vc_custom_1682019272711\">\n\t\t\t<p>Servicios funerarios<\/p>\n\t\t<\/div>\n\t\t\t\t\t<div class=\"wd-products-element wd-rs-63d460484f029\">\n\t\t\t\n\t\t\n\t\t\t\t\t<div class=\"products elements-grid align-items-start row wd-products-holder  wd-spacing-20 grid-columns-4 pagination- align-items-start\" data-paged=\"1\" data-atts=\"{&quot;element_title&quot;:&quot;&quot;,&quot;post_type&quot;:&quot;product&quot;,&quot;layout&quot;:&quot;grid&quot;,&quot;include&quot;:&quot;&quot;,&quot;custom_query&quot;:&quot;&quot;,&quot;taxonomies&quot;:&quot;74&quot;,&quot;pagination&quot;:&quot;&quot;,&quot;items_per_page&quot;:&quot;10&quot;,&quot;product_hover&quot;:&quot;inherit&quot;,&quot;spacing&quot;:&quot;20&quot;,&quot;columns&quot;:4,&quot;columns_tablet&quot;:&quot;auto&quot;,&quot;columns_mobile&quot;:&quot;auto&quot;,&quot;sale_countdown&quot;:&quot;0&quot;,&quot;stretch_product_desktop&quot;:0,&quot;stretch_product_tablet&quot;:0,&quot;stretch_product_mobile&quot;:0,&quot;stock_progress_bar&quot;:&quot;0&quot;,&quot;highlighted_products&quot;:&quot;0&quot;,&quot;products_bordered_grid&quot;:&quot;0&quot;,&quot;products_bordered_grid_style&quot;:&quot;outside&quot;,&quot;product_quantity&quot;:0,&quot;offset&quot;:&quot;&quot;,&quot;orderby&quot;:&quot;&quot;,&quot;query_type&quot;:&quot;OR&quot;,&quot;order&quot;:&quot;&quot;,&quot;meta_key&quot;:&quot;&quot;,&quot;exclude&quot;:&quot;&quot;,&quot;class&quot;:&quot;&quot;,&quot;ajax_page&quot;:&quot;&quot;,&quot;speed&quot;:&quot;5000&quot;,&quot;slides_per_view&quot;:&quot;4&quot;,&quot;slides_per_view_tablet&quot;:&quot;auto&quot;,&quot;slides_per_view_mobile&quot;:&quot;auto&quot;,&quot;wrap&quot;:&quot;&quot;,&quot;autoplay&quot;:&quot;no&quot;,&quot;center_mode&quot;:&quot;no&quot;,&quot;hide_pagination_control&quot;:&quot;&quot;,&quot;hide_prev_next_buttons&quot;:&quot;&quot;,&quot;scroll_per_page&quot;:&quot;yes&quot;,&quot;img_size&quot;:&quot;woocommerce_thumbnail&quot;,&quot;force_not_ajax&quot;:&quot;no&quot;,&quot;products_masonry&quot;:&quot;0&quot;,&quot;products_different_sizes&quot;:&quot;0&quot;,&quot;lazy_loading&quot;:&quot;no&quot;,&quot;scroll_carousel_init&quot;:&quot;no&quot;,&quot;el_class&quot;:&quot;&quot;,&quot;shop_tools&quot;:&quot;no&quot;,&quot;query_post_type&quot;:&quot;product&quot;,&quot;hide_out_of_stock&quot;:&quot;no&quot;,&quot;css&quot;:&quot;&quot;,&quot;woodmart_css_id&quot;:&quot;63d460484f029&quot;,&quot;ajax_recently_viewed&quot;:&quot;no&quot;,&quot;is_wishlist&quot;:&quot;&quot;}\" data-source=\"shortcode\" data-columns=\"4\">\n\t\t\t<div class=\"product-grid-item product wd-hover-quick  col-lg-3 col-md-3 col-6 first  type-product post-7187 status-publish instock product_cat-servicios-funerarios has-post-thumbnail shipping-taxable purchasable product-type-variable\" data-loop=\"1\" data-id=\"7187\">\n\t\n\t\n<div class=\"product-wrapper\">\n\t<div class=\"product-element-top wd-quick-shop\">\n\t\t<a href=\"https:\/\/funerariaconceptochile.cl\/es\/product\/servicio-funerario-bronce\/\" class=\"product-image-link\">\n\t\t\t<img loading=\"lazy\" decoding=\"async\" width=\"400\" height=\"400\" src=\"https:\/\/funerariaconceptochile.cl\/wp-content\/uploads\/2023\/01\/IMG-0447-400x400.jpg\" class=\"attachment-woocommerce_thumbnail size-woocommerce_thumbnail\" alt=\"\" srcset=\"https:\/\/funerariaconceptochile.cl\/wp-content\/uploads\/2023\/01\/IMG-0447-400x400.jpg 400w, https:\/\/funerariaconceptochile.cl\/wp-content\/uploads\/2023\/01\/IMG-0447-150x150.jpg 150w, https:\/\/funerariaconceptochile.cl\/wp-content\/uploads\/2023\/01\/IMG-0447-800x800.jpg 800w\" sizes=\"auto, (max-width: 400px) 100vw, 400px\" \/>\t\t<\/a>\n\t\t\t\t\t<div class=\"hover-img\">\n\t\t\t\t<a href=\"https:\/\/funerariaconceptochile.cl\/es\/product\/servicio-funerario-bronce\/\">\n\t\t\t\t\t<img loading=\"lazy\" decoding=\"async\" width=\"400\" height=\"400\" src=\"https:\/\/funerariaconceptochile.cl\/wp-content\/uploads\/2023\/01\/IMG-0445-400x400.jpg\" class=\"attachment-woocommerce_thumbnail size-woocommerce_thumbnail\" alt=\"\" srcset=\"https:\/\/funerariaconceptochile.cl\/wp-content\/uploads\/2023\/01\/IMG-0445-400x400.jpg 400w, https:\/\/funerariaconceptochile.cl\/wp-content\/uploads\/2023\/01\/IMG-0445-150x150.jpg 150w, https:\/\/funerariaconceptochile.cl\/wp-content\/uploads\/2023\/01\/IMG-0445-800x800.jpg 800w\" sizes=\"auto, (max-width: 400px) 100vw, 400px\" \/>\t\t\t\t<\/a>\n\t\t\t<\/div>\n\t\t\t\t\t<div class=\"wd-buttons wd-pos-r-t\">\n\t\t\t\t\t\t\t\t\t\t\t<div class=\"quick-view wd-action-btn wd-style-icon wd-quick-view-icon\">\n\t\t\t<a\n\t\t\t\thref=\"https:\/\/funerariaconceptochile.cl\/es\/product\/servicio-funerario-bronce\/\"\n\t\t\t\tclass=\"open-quick-view quick-view-button\"\n\t\t\t\trel=\"nofollow\"\n\t\t\t\tdata-id=\"7187\"\n\t\t\t\t>Vista R\u00e1pida<\/a>\n\t\t<\/div>\n\t\t\t\t\t\t\t\t<div class=\"wd-wishlist-btn wd-action-btn wd-style-icon wd-wishlist-icon\">\n\t\t\t\t<a class=\"\" href=\"https:\/\/funerariaconceptochile.cl\/es\/wishlist\/\" data-key=\"0d11eae95b\" data-product-id=\"7187\" rel=\"nofollow\" data-added-text=\"Ver lista\">\n\t\t\t\t\t<span>A\u00f1adir a lista<\/span>\n\t\t\t\t<\/a>\n\t\t\t<\/div>\n\t\t\t\t<\/div>\n\n\t\t<div class=\"wd-add-btn wd-add-btn-replace\">\n\t\t\t\n\t\t\t<a href=\"https:\/\/funerariaconceptochile.cl\/es\/product\/servicio-funerario-bronce\/\" data-quantity=\"1\" class=\"button product_type_variable add_to_cart_button add-to-cart-loop\" data-product_id=\"7187\" data-product_sku=\"\" aria-label=\"Elige las opciones para &ldquo;L\u00ednea Bronze \u2013 Premium&rdquo;\" rel=\"nofollow\"><span>Seleccionar opciones<\/span><\/a>\t\t<\/div>\n\t<\/div>\n\t\t\t<h3 class=\"wd-entities-title\"><a href=\"https:\/\/funerariaconceptochile.cl\/es\/product\/servicio-funerario-bronce\/\">L\u00ednea Bronze \u2013 Premium<\/a><\/h3>\n\t\t\t<div class=\"wd-product-cats\">\n\t\t\t<a href=\"https:\/\/funerariaconceptochile.cl\/es\/product-category\/servicios-funerarios\/\" rel=\"tag\">Servicios funerarios<\/a>\t\t<\/div>\n\t\t\t\t\n\t<span class=\"price\"><span class=\"woocommerce-Price-amount amount\" aria-hidden=\"true\"><bdi><span class=\"woocommerce-Price-currencySymbol\">&#36;<\/span>1.190.000<\/bdi><\/span> <span aria-hidden=\"true\">-<\/span> <span class=\"woocommerce-Price-amount amount\" aria-hidden=\"true\"><bdi><span class=\"woocommerce-Price-currencySymbol\">&#36;<\/span>1.390.000<\/bdi><\/span><span class=\"screen-reader-text\">Rango de precios: desde &#36;1.190.000 hasta &#36;1.390.000<\/span><\/span>\n\n\t\n\t\n\t\t<\/div>\n<\/div>\n<div class=\"product-grid-item product wd-hover-quick  col-lg-3 col-md-3 col-6 type-product post-7185 status-publish instock product_cat-servicios-funerarios has-post-thumbnail shipping-taxable purchasable product-type-variable\" data-loop=\"2\" data-id=\"7185\">\n\t\n\t\n<div class=\"product-wrapper\">\n\t<div class=\"product-element-top wd-quick-shop\">\n\t\t<a href=\"https:\/\/funerariaconceptochile.cl\/es\/product\/servicio-funerario-copper\/\" class=\"product-image-link\">\n\t\t\t<img loading=\"lazy\" decoding=\"async\" width=\"400\" height=\"400\" src=\"https:\/\/funerariaconceptochile.cl\/wp-content\/uploads\/2023\/01\/IMG-0432-400x400.jpg\" class=\"attachment-woocommerce_thumbnail size-woocommerce_thumbnail\" alt=\"\" srcset=\"https:\/\/funerariaconceptochile.cl\/wp-content\/uploads\/2023\/01\/IMG-0432-400x400.jpg 400w, https:\/\/funerariaconceptochile.cl\/wp-content\/uploads\/2023\/01\/IMG-0432-150x150.jpg 150w, https:\/\/funerariaconceptochile.cl\/wp-content\/uploads\/2023\/01\/IMG-0432-800x800.jpg 800w\" sizes=\"auto, (max-width: 400px) 100vw, 400px\" \/>\t\t<\/a>\n\t\t\t\t\t<div class=\"hover-img\">\n\t\t\t\t<a href=\"https:\/\/funerariaconceptochile.cl\/es\/product\/servicio-funerario-copper\/\">\n\t\t\t\t\t<img loading=\"lazy\" decoding=\"async\" width=\"400\" height=\"400\" src=\"https:\/\/funerariaconceptochile.cl\/wp-content\/uploads\/2023\/01\/IMG-0428-400x400.jpg\" class=\"attachment-woocommerce_thumbnail size-woocommerce_thumbnail\" alt=\"\" srcset=\"https:\/\/funerariaconceptochile.cl\/wp-content\/uploads\/2023\/01\/IMG-0428-400x400.jpg 400w, https:\/\/funerariaconceptochile.cl\/wp-content\/uploads\/2023\/01\/IMG-0428-150x150.jpg 150w, https:\/\/funerariaconceptochile.cl\/wp-content\/uploads\/2023\/01\/IMG-0428-800x800.jpg 800w\" sizes=\"auto, (max-width: 400px) 100vw, 400px\" \/>\t\t\t\t<\/a>\n\t\t\t<\/div>\n\t\t\t\t\t<div class=\"wd-buttons wd-pos-r-t\">\n\t\t\t\t\t\t\t\t\t\t\t<div class=\"quick-view wd-action-btn wd-style-icon wd-quick-view-icon\">\n\t\t\t<a\n\t\t\t\thref=\"https:\/\/funerariaconceptochile.cl\/es\/product\/servicio-funerario-copper\/\"\n\t\t\t\tclass=\"open-quick-view quick-view-button\"\n\t\t\t\trel=\"nofollow\"\n\t\t\t\tdata-id=\"7185\"\n\t\t\t\t>Vista R\u00e1pida<\/a>\n\t\t<\/div>\n\t\t\t\t\t\t\t\t<div class=\"wd-wishlist-btn wd-action-btn wd-style-icon wd-wishlist-icon\">\n\t\t\t\t<a class=\"\" href=\"https:\/\/funerariaconceptochile.cl\/es\/wishlist\/\" data-key=\"0d11eae95b\" data-product-id=\"7185\" rel=\"nofollow\" data-added-text=\"Ver lista\">\n\t\t\t\t\t<span>A\u00f1adir a lista<\/span>\n\t\t\t\t<\/a>\n\t\t\t<\/div>\n\t\t\t\t<\/div>\n\n\t\t<div class=\"wd-add-btn wd-add-btn-replace\">\n\t\t\t\n\t\t\t<a href=\"https:\/\/funerariaconceptochile.cl\/es\/product\/servicio-funerario-copper\/\" data-quantity=\"1\" class=\"button product_type_variable add_to_cart_button add-to-cart-loop\" data-product_id=\"7185\" data-product_sku=\"\" aria-label=\"Elige las opciones para &ldquo;L\u00ednea Copper \u2013 Inicial&rdquo;\" rel=\"nofollow\"><span>Seleccionar opciones<\/span><\/a>\t\t<\/div>\n\t<\/div>\n\t\t\t<h3 class=\"wd-entities-title\"><a href=\"https:\/\/funerariaconceptochile.cl\/es\/product\/servicio-funerario-copper\/\">L\u00ednea Copper \u2013 Inicial<\/a><\/h3>\n\t\t\t<div class=\"wd-product-cats\">\n\t\t\t<a href=\"https:\/\/funerariaconceptochile.cl\/es\/product-category\/servicios-funerarios\/\" rel=\"tag\">Servicios funerarios<\/a>\t\t<\/div>\n\t\t\t\t\n\t<span class=\"price\"><span class=\"woocommerce-Price-amount amount\" aria-hidden=\"true\"><bdi><span class=\"woocommerce-Price-currencySymbol\">&#36;<\/span>820.000<\/bdi><\/span> <span aria-hidden=\"true\">-<\/span> <span class=\"woocommerce-Price-amount amount\" aria-hidden=\"true\"><bdi><span class=\"woocommerce-Price-currencySymbol\">&#36;<\/span>1.022.000<\/bdi><\/span><span class=\"screen-reader-text\">Rango de precios: desde &#36;820.000 hasta &#36;1.022.000<\/span><\/span>\n\n\t\n\t\n\t\t<\/div>\n<\/div>\n<div class=\"product-grid-item product wd-hover-quick  col-lg-3 col-md-3 col-6 type-product post-7193 status-publish last instock product_cat-servicios-funerarios has-post-thumbnail shipping-taxable purchasable product-type-variable\" data-loop=\"3\" data-id=\"7193\">\n\t\n\t\n<div class=\"product-wrapper\">\n\t<div class=\"product-element-top wd-quick-shop\">\n\t\t<a href=\"https:\/\/funerariaconceptochile.cl\/es\/product\/servicio-funerario-gold\/\" class=\"product-image-link\">\n\t\t\t<img loading=\"lazy\" decoding=\"async\" width=\"400\" height=\"400\" src=\"https:\/\/funerariaconceptochile.cl\/wp-content\/uploads\/2023\/01\/IMG-0465-400x400.jpg\" class=\"attachment-woocommerce_thumbnail size-woocommerce_thumbnail\" alt=\"\" srcset=\"https:\/\/funerariaconceptochile.cl\/wp-content\/uploads\/2023\/01\/IMG-0465-400x400.jpg 400w, https:\/\/funerariaconceptochile.cl\/wp-content\/uploads\/2023\/01\/IMG-0465-150x150.jpg 150w, https:\/\/funerariaconceptochile.cl\/wp-content\/uploads\/2023\/01\/IMG-0465-800x800.jpg 800w\" sizes=\"auto, (max-width: 400px) 100vw, 400px\" \/>\t\t<\/a>\n\t\t\t\t\t<div class=\"hover-img\">\n\t\t\t\t<a href=\"https:\/\/funerariaconceptochile.cl\/es\/product\/servicio-funerario-gold\/\">\n\t\t\t\t\t<img loading=\"lazy\" decoding=\"async\" width=\"400\" height=\"400\" src=\"https:\/\/funerariaconceptochile.cl\/wp-content\/uploads\/2023\/01\/IMG-0475-400x400.jpg\" class=\"attachment-woocommerce_thumbnail size-woocommerce_thumbnail\" alt=\"\" srcset=\"https:\/\/funerariaconceptochile.cl\/wp-content\/uploads\/2023\/01\/IMG-0475-400x400.jpg 400w, https:\/\/funerariaconceptochile.cl\/wp-content\/uploads\/2023\/01\/IMG-0475-150x150.jpg 150w, https:\/\/funerariaconceptochile.cl\/wp-content\/uploads\/2023\/01\/IMG-0475-800x800.jpg 800w\" sizes=\"auto, (max-width: 400px) 100vw, 400px\" \/>\t\t\t\t<\/a>\n\t\t\t<\/div>\n\t\t\t\t\t<div class=\"wd-buttons wd-pos-r-t\">\n\t\t\t\t\t\t\t\t\t\t\t<div class=\"quick-view wd-action-btn wd-style-icon wd-quick-view-icon\">\n\t\t\t<a\n\t\t\t\thref=\"https:\/\/funerariaconceptochile.cl\/es\/product\/servicio-funerario-gold\/\"\n\t\t\t\tclass=\"open-quick-view quick-view-button\"\n\t\t\t\trel=\"nofollow\"\n\t\t\t\tdata-id=\"7193\"\n\t\t\t\t>Vista R\u00e1pida<\/a>\n\t\t<\/div>\n\t\t\t\t\t\t\t\t<div class=\"wd-wishlist-btn wd-action-btn wd-style-icon wd-wishlist-icon\">\n\t\t\t\t<a class=\"\" href=\"https:\/\/funerariaconceptochile.cl\/es\/wishlist\/\" data-key=\"0d11eae95b\" data-product-id=\"7193\" rel=\"nofollow\" data-added-text=\"Ver lista\">\n\t\t\t\t\t<span>A\u00f1adir a lista<\/span>\n\t\t\t\t<\/a>\n\t\t\t<\/div>\n\t\t\t\t<\/div>\n\n\t\t<div class=\"wd-add-btn wd-add-btn-replace\">\n\t\t\t\n\t\t\t<a href=\"https:\/\/funerariaconceptochile.cl\/es\/product\/servicio-funerario-gold\/\" data-quantity=\"1\" class=\"button product_type_variable add_to_cart_button add-to-cart-loop\" data-product_id=\"7193\" data-product_sku=\"\" aria-label=\"Elige las opciones para &ldquo;L\u00ednea Gold \u2013 Superior&rdquo;\" rel=\"nofollow\"><span>Seleccionar opciones<\/span><\/a>\t\t<\/div>\n\t<\/div>\n\t\t\t<h3 class=\"wd-entities-title\"><a href=\"https:\/\/funerariaconceptochile.cl\/es\/product\/servicio-funerario-gold\/\">L\u00ednea Gold \u2013 Superior<\/a><\/h3>\n\t\t\t<div class=\"wd-product-cats\">\n\t\t\t<a href=\"https:\/\/funerariaconceptochile.cl\/es\/product-category\/servicios-funerarios\/\" rel=\"tag\">Servicios funerarios<\/a>\t\t<\/div>\n\t\t\t\t\n\t<span class=\"price\"><span class=\"woocommerce-Price-amount amount\" aria-hidden=\"true\"><bdi><span class=\"woocommerce-Price-currencySymbol\">&#36;<\/span>2.690.000<\/bdi><\/span> <span aria-hidden=\"true\">-<\/span> <span class=\"woocommerce-Price-amount amount\" aria-hidden=\"true\"><bdi><span class=\"woocommerce-Price-currencySymbol\">&#36;<\/span>2.930.000<\/bdi><\/span><span class=\"screen-reader-text\">Rango de precios: desde &#36;2.690.000 hasta &#36;2.930.000<\/span><\/span>\n\n\t\n\t\n\t\t<\/div>\n<\/div>\n<div class=\"product-grid-item product wd-hover-quick  col-lg-3 col-md-3 col-6 last  type-product post-7189 status-publish first instock product_cat-servicios-funerarios has-post-thumbnail shipping-taxable purchasable product-type-variable\" data-loop=\"4\" data-id=\"7189\">\n\t\n\t\n<div class=\"product-wrapper\">\n\t<div class=\"product-element-top wd-quick-shop\">\n\t\t<a href=\"https:\/\/funerariaconceptochile.cl\/es\/product\/servicio-funerario-silver\/\" class=\"product-image-link\">\n\t\t\t<img loading=\"lazy\" decoding=\"async\" width=\"400\" height=\"400\" src=\"https:\/\/funerariaconceptochile.cl\/wp-content\/uploads\/2023\/01\/IMG-0487-400x400.jpg\" class=\"attachment-woocommerce_thumbnail size-woocommerce_thumbnail\" alt=\"\" srcset=\"https:\/\/funerariaconceptochile.cl\/wp-content\/uploads\/2023\/01\/IMG-0487-400x400.jpg 400w, https:\/\/funerariaconceptochile.cl\/wp-content\/uploads\/2023\/01\/IMG-0487-150x150.jpg 150w, https:\/\/funerariaconceptochile.cl\/wp-content\/uploads\/2023\/01\/IMG-0487-800x800.jpg 800w\" sizes=\"auto, (max-width: 400px) 100vw, 400px\" \/>\t\t<\/a>\n\t\t\t\t\t<div class=\"hover-img\">\n\t\t\t\t<a href=\"https:\/\/funerariaconceptochile.cl\/es\/product\/servicio-funerario-silver\/\">\n\t\t\t\t\t<img loading=\"lazy\" decoding=\"async\" width=\"400\" height=\"400\" src=\"https:\/\/funerariaconceptochile.cl\/wp-content\/uploads\/2023\/01\/IMG-0490-400x400.jpg\" class=\"attachment-woocommerce_thumbnail size-woocommerce_thumbnail\" alt=\"\" srcset=\"https:\/\/funerariaconceptochile.cl\/wp-content\/uploads\/2023\/01\/IMG-0490-400x400.jpg 400w, https:\/\/funerariaconceptochile.cl\/wp-content\/uploads\/2023\/01\/IMG-0490-150x150.jpg 150w, https:\/\/funerariaconceptochile.cl\/wp-content\/uploads\/2023\/01\/IMG-0490-800x800.jpg 800w\" sizes=\"auto, (max-width: 400px) 100vw, 400px\" \/>\t\t\t\t<\/a>\n\t\t\t<\/div>\n\t\t\t\t\t<div class=\"wd-buttons wd-pos-r-t\">\n\t\t\t\t\t\t\t\t\t\t\t<div class=\"quick-view wd-action-btn wd-style-icon wd-quick-view-icon\">\n\t\t\t<a\n\t\t\t\thref=\"https:\/\/funerariaconceptochile.cl\/es\/product\/servicio-funerario-silver\/\"\n\t\t\t\tclass=\"open-quick-view quick-view-button\"\n\t\t\t\trel=\"nofollow\"\n\t\t\t\tdata-id=\"7189\"\n\t\t\t\t>Vista R\u00e1pida<\/a>\n\t\t<\/div>\n\t\t\t\t\t\t\t\t<div class=\"wd-wishlist-btn wd-action-btn wd-style-icon wd-wishlist-icon\">\n\t\t\t\t<a class=\"\" href=\"https:\/\/funerariaconceptochile.cl\/es\/wishlist\/\" data-key=\"0d11eae95b\" data-product-id=\"7189\" rel=\"nofollow\" data-added-text=\"Ver lista\">\n\t\t\t\t\t<span>A\u00f1adir a lista<\/span>\n\t\t\t\t<\/a>\n\t\t\t<\/div>\n\t\t\t\t<\/div>\n\n\t\t<div class=\"wd-add-btn wd-add-btn-replace\">\n\t\t\t\n\t\t\t<a href=\"https:\/\/funerariaconceptochile.cl\/es\/product\/servicio-funerario-silver\/\" data-quantity=\"1\" class=\"button product_type_variable add_to_cart_button add-to-cart-loop\" data-product_id=\"7189\" data-product_sku=\"\" aria-label=\"Elige las opciones para &ldquo;L\u00ednea Silver \u2013 Ejecutiva&rdquo;\" rel=\"nofollow\"><span>Seleccionar opciones<\/span><\/a>\t\t<\/div>\n\t<\/div>\n\t\t\t<h3 class=\"wd-entities-title\"><a href=\"https:\/\/funerariaconceptochile.cl\/es\/product\/servicio-funerario-silver\/\">L\u00ednea Silver \u2013 Ejecutiva<\/a><\/h3>\n\t\t\t<div class=\"wd-product-cats\">\n\t\t\t<a href=\"https:\/\/funerariaconceptochile.cl\/es\/product-category\/servicios-funerarios\/\" rel=\"tag\">Servicios funerarios<\/a>\t\t<\/div>\n\t\t\t\t\n\t<span class=\"price\"><span class=\"woocommerce-Price-amount amount\" aria-hidden=\"true\"><bdi><span class=\"woocommerce-Price-currencySymbol\">&#36;<\/span>1.760.000<\/bdi><\/span> <span aria-hidden=\"true\">-<\/span> <span class=\"woocommerce-Price-amount amount\" aria-hidden=\"true\"><bdi><span class=\"woocommerce-Price-currencySymbol\">&#36;<\/span>1.920.000<\/bdi><\/span><span class=\"screen-reader-text\">Rango de precios: desde &#36;1.760.000 hasta &#36;1.920.000<\/span><\/span>\n\n\t\n\t\n\t\t<\/div>\n<\/div>\n\t\t\t<\/div>\n\t\t\t<\/div><\/div><\/div><\/div><\/div><div class=\"vc_row wpb_row vc_row-fluid vc_custom_1682018140360 vc_row-o-content-middle vc_row-flex wd-rs-64418f566f389\"><div class=\"wpb_column vc_column_container vc_col-sm-12\"><div class=\"vc_column-inner vc_custom_1506945637557\"><div class=\"wpb_wrapper\">\t\t<div id=\"wd-6841bfc93f27a\" class=\"wd-text-block wd-wpb reset-last-child wd-rs-6841bfc93f27a text-center wd-font-weight-400 color-title wd-fontsize-xxl font-primary vc_custom_1749139406366\">\n\t\t\t<p>Planes<\/p>\n\t\t<\/div>\n\t\t\t\t\t<div class=\"wd-products-element wd-rs-6841bfd286e22\">\n\t\t\t\n\t\t\n\t\t\t\t\t<div class=\"products elements-grid align-items-start row wd-products-holder  wd-spacing-20 grid-columns-4 pagination- align-items-start\" data-paged=\"1\" data-atts=\"{&quot;element_title&quot;:&quot;&quot;,&quot;post_type&quot;:&quot;product&quot;,&quot;layout&quot;:&quot;grid&quot;,&quot;include&quot;:&quot;&quot;,&quot;custom_query&quot;:&quot;&quot;,&quot;taxonomies&quot;:&quot;87&quot;,&quot;pagination&quot;:&quot;&quot;,&quot;items_per_page&quot;:&quot;10&quot;,&quot;product_hover&quot;:&quot;inherit&quot;,&quot;spacing&quot;:&quot;20&quot;,&quot;columns&quot;:4,&quot;columns_tablet&quot;:&quot;auto&quot;,&quot;columns_mobile&quot;:&quot;auto&quot;,&quot;sale_countdown&quot;:&quot;0&quot;,&quot;stretch_product_desktop&quot;:0,&quot;stretch_product_tablet&quot;:0,&quot;stretch_product_mobile&quot;:0,&quot;stock_progress_bar&quot;:&quot;0&quot;,&quot;highlighted_products&quot;:&quot;0&quot;,&quot;products_bordered_grid&quot;:&quot;0&quot;,&quot;products_bordered_grid_style&quot;:&quot;outside&quot;,&quot;product_quantity&quot;:0,&quot;offset&quot;:&quot;&quot;,&quot;orderby&quot;:&quot;&quot;,&quot;query_type&quot;:&quot;OR&quot;,&quot;order&quot;:&quot;&quot;,&quot;meta_key&quot;:&quot;&quot;,&quot;exclude&quot;:&quot;&quot;,&quot;class&quot;:&quot;&quot;,&quot;ajax_page&quot;:&quot;&quot;,&quot;speed&quot;:&quot;5000&quot;,&quot;slides_per_view&quot;:&quot;4&quot;,&quot;slides_per_view_tablet&quot;:&quot;auto&quot;,&quot;slides_per_view_mobile&quot;:&quot;auto&quot;,&quot;wrap&quot;:&quot;&quot;,&quot;autoplay&quot;:&quot;no&quot;,&quot;center_mode&quot;:&quot;no&quot;,&quot;hide_pagination_control&quot;:&quot;&quot;,&quot;hide_prev_next_buttons&quot;:&quot;&quot;,&quot;scroll_per_page&quot;:&quot;yes&quot;,&quot;img_size&quot;:&quot;woocommerce_thumbnail&quot;,&quot;force_not_ajax&quot;:&quot;no&quot;,&quot;products_masonry&quot;:&quot;0&quot;,&quot;products_different_sizes&quot;:&quot;0&quot;,&quot;lazy_loading&quot;:&quot;no&quot;,&quot;scroll_carousel_init&quot;:&quot;no&quot;,&quot;el_class&quot;:&quot;&quot;,&quot;shop_tools&quot;:&quot;no&quot;,&quot;query_post_type&quot;:&quot;product&quot;,&quot;hide_out_of_stock&quot;:&quot;no&quot;,&quot;css&quot;:&quot;&quot;,&quot;woodmart_css_id&quot;:&quot;6841bfd286e22&quot;,&quot;ajax_recently_viewed&quot;:&quot;no&quot;,&quot;is_wishlist&quot;:&quot;&quot;}\" data-source=\"shortcode\" data-columns=\"4\">\n\t\t\t<div class=\"product-grid-item product wd-hover-quick  col-lg-3 col-md-3 col-6 first  type-product post-10511 status-publish instock product_cat-planes-funerarios has-post-thumbnail shipping-taxable product-type-simple\" data-loop=\"1\" data-id=\"10511\">\n\t\n\t\n<div class=\"product-wrapper\">\n\t<div class=\"product-element-top wd-quick-shop\">\n\t\t<a href=\"https:\/\/funerariaconceptochile.cl\/es\/product\/plan-bronce-premium\/\" class=\"product-image-link\">\n\t\t\t<img loading=\"lazy\" decoding=\"async\" width=\"400\" height=\"400\" src=\"https:\/\/funerariaconceptochile.cl\/wp-content\/uploads\/2025\/05\/image-3-400x400.jpg\" class=\"attachment-woocommerce_thumbnail size-woocommerce_thumbnail\" alt=\"\" srcset=\"https:\/\/funerariaconceptochile.cl\/wp-content\/uploads\/2025\/05\/image-3-400x400.jpg 400w, https:\/\/funerariaconceptochile.cl\/wp-content\/uploads\/2025\/05\/image-3-150x150.jpg 150w, https:\/\/funerariaconceptochile.cl\/wp-content\/uploads\/2025\/05\/image-3-800x800.jpg 800w\" sizes=\"auto, (max-width: 400px) 100vw, 400px\" \/>\t\t<\/a>\n\t\t\t\t<div class=\"wd-buttons wd-pos-r-t\">\n\t\t\t\t\t\t\t\t\t\t\t<div class=\"quick-view wd-action-btn wd-style-icon wd-quick-view-icon\">\n\t\t\t<a\n\t\t\t\thref=\"https:\/\/funerariaconceptochile.cl\/es\/product\/plan-bronce-premium\/\"\n\t\t\t\tclass=\"open-quick-view quick-view-button\"\n\t\t\t\trel=\"nofollow\"\n\t\t\t\tdata-id=\"10511\"\n\t\t\t\t>Vista R\u00e1pida<\/a>\n\t\t<\/div>\n\t\t\t\t\t\t\t\t<div class=\"wd-wishlist-btn wd-action-btn wd-style-icon wd-wishlist-icon\">\n\t\t\t\t<a class=\"\" href=\"https:\/\/funerariaconceptochile.cl\/es\/wishlist\/\" data-key=\"0d11eae95b\" data-product-id=\"10511\" rel=\"nofollow\" data-added-text=\"Ver lista\">\n\t\t\t\t\t<span>A\u00f1adir a lista<\/span>\n\t\t\t\t<\/a>\n\t\t\t<\/div>\n\t\t\t\t<\/div>\n\n\t\t<div class=\"wd-add-btn wd-add-btn-replace\">\n\t\t\t\n\t\t\t<a href=\"https:\/\/funerariaconceptochile.cl\/es\/product\/plan-bronce-premium\/\" data-quantity=\"1\" class=\"button product_type_simple add-to-cart-loop\" data-product_id=\"10511\" data-product_sku=\"\" aria-label=\"Lee m\u00e1s sobre &ldquo;Plan Bronce \/ Premium 44 UF A 49 UF&rdquo;\" rel=\"nofollow\" data-success_message=\"\"><span>Leer m\u00e1s<\/span><\/a>\t\t<\/div>\n\t<\/div>\n\t\t\t<h3 class=\"wd-entities-title\"><a href=\"https:\/\/funerariaconceptochile.cl\/es\/product\/plan-bronce-premium\/\">Plan Bronce \/ Premium 44 UF A 49 UF<\/a><\/h3>\n\t\t\t<div class=\"wd-product-cats\">\n\t\t\t<a href=\"https:\/\/funerariaconceptochile.cl\/es\/product-category\/planes-funerarios\/\" rel=\"tag\">Planes funerarios<\/a>\t\t<\/div>\n\t\t\t\t\n\n\t\n\t\n\t\t<\/div>\n<\/div>\n<div class=\"product-grid-item wd-with-labels product wd-hover-quick  col-lg-3 col-md-3 col-6 type-product post-10488 status-publish outofstock product_cat-planes-funerarios has-post-thumbnail shipping-taxable product-type-variable\" data-loop=\"2\" data-id=\"10488\">\n\t\n\t\n<div class=\"product-wrapper\">\n\t<div class=\"product-element-top wd-quick-shop\">\n\t\t<a href=\"https:\/\/funerariaconceptochile.cl\/es\/product\/plan-copper-inicial\/\" class=\"product-image-link\">\n\t\t\t<div class=\"product-labels labels-rounded\"><span class=\"out-of-stock product-label\">Sold out<\/span><\/div><img loading=\"lazy\" decoding=\"async\" width=\"400\" height=\"400\" src=\"https:\/\/funerariaconceptochile.cl\/wp-content\/uploads\/2025\/05\/image-5-400x400.jpg\" class=\"attachment-woocommerce_thumbnail size-woocommerce_thumbnail\" alt=\"\" srcset=\"https:\/\/funerariaconceptochile.cl\/wp-content\/uploads\/2025\/05\/image-5-400x400.jpg 400w, https:\/\/funerariaconceptochile.cl\/wp-content\/uploads\/2025\/05\/image-5-150x150.jpg 150w, https:\/\/funerariaconceptochile.cl\/wp-content\/uploads\/2025\/05\/image-5-800x800.jpg 800w\" sizes=\"auto, (max-width: 400px) 100vw, 400px\" \/>\t\t<\/a>\n\t\t\t\t<div class=\"wd-buttons wd-pos-r-t\">\n\t\t\t\t\t\t\t\t\t\t\t<div class=\"quick-view wd-action-btn wd-style-icon wd-quick-view-icon\">\n\t\t\t<a\n\t\t\t\thref=\"https:\/\/funerariaconceptochile.cl\/es\/product\/plan-copper-inicial\/\"\n\t\t\t\tclass=\"open-quick-view quick-view-button\"\n\t\t\t\trel=\"nofollow\"\n\t\t\t\tdata-id=\"10488\"\n\t\t\t\t>Vista R\u00e1pida<\/a>\n\t\t<\/div>\n\t\t\t\t\t\t\t\t<div class=\"wd-wishlist-btn wd-action-btn wd-style-icon wd-wishlist-icon\">\n\t\t\t\t<a class=\"\" href=\"https:\/\/funerariaconceptochile.cl\/es\/wishlist\/\" data-key=\"0d11eae95b\" data-product-id=\"10488\" rel=\"nofollow\" data-added-text=\"Ver lista\">\n\t\t\t\t\t<span>A\u00f1adir a lista<\/span>\n\t\t\t\t<\/a>\n\t\t\t<\/div>\n\t\t\t\t<\/div>\n\n\t\t<div class=\"wd-add-btn wd-add-btn-replace\">\n\t\t\t\n\t\t\t<a href=\"https:\/\/funerariaconceptochile.cl\/es\/product\/plan-copper-inicial\/\" data-quantity=\"1\" class=\"button product_type_variable add-to-cart-loop\" data-product_id=\"10488\" data-product_sku=\"\" aria-label=\"Elige las opciones para &ldquo;Plan Copper \/ Inicial 33 UF A 40UF&rdquo;\" rel=\"nofollow\"><span>Leer m\u00e1s<\/span><\/a>\t\t<\/div>\n\t<\/div>\n\t\t\t<h3 class=\"wd-entities-title\"><a href=\"https:\/\/funerariaconceptochile.cl\/es\/product\/plan-copper-inicial\/\">Plan Copper \/ Inicial 33 UF A 40UF<\/a><\/h3>\n\t\t\t<div class=\"wd-product-cats\">\n\t\t\t<a href=\"https:\/\/funerariaconceptochile.cl\/es\/product-category\/planes-funerarios\/\" rel=\"tag\">Planes funerarios<\/a>\t\t<\/div>\n\t\t\t\t\n\n\t\n\t\n\t\t<\/div>\n<\/div>\n<div class=\"product-grid-item product wd-hover-quick  col-lg-3 col-md-3 col-6 type-product post-10519 status-publish last instock product_cat-planes-funerarios has-post-thumbnail shipping-taxable product-type-simple\" data-loop=\"3\" data-id=\"10519\">\n\t\n\t\n<div class=\"product-wrapper\">\n\t<div class=\"product-element-top wd-quick-shop\">\n\t\t<a href=\"https:\/\/funerariaconceptochile.cl\/es\/product\/plan-gold-superior\/\" class=\"product-image-link\">\n\t\t\t<img loading=\"lazy\" decoding=\"async\" width=\"400\" height=\"400\" src=\"https:\/\/funerariaconceptochile.cl\/wp-content\/uploads\/2025\/05\/image-1-400x400.jpg\" class=\"attachment-woocommerce_thumbnail size-woocommerce_thumbnail\" alt=\"\" srcset=\"https:\/\/funerariaconceptochile.cl\/wp-content\/uploads\/2025\/05\/image-1-400x400.jpg 400w, https:\/\/funerariaconceptochile.cl\/wp-content\/uploads\/2025\/05\/image-1-150x150.jpg 150w, https:\/\/funerariaconceptochile.cl\/wp-content\/uploads\/2025\/05\/image-1-800x800.jpg 800w\" sizes=\"auto, (max-width: 400px) 100vw, 400px\" \/>\t\t<\/a>\n\t\t\t\t<div class=\"wd-buttons wd-pos-r-t\">\n\t\t\t\t\t\t\t\t\t\t\t<div class=\"quick-view wd-action-btn wd-style-icon wd-quick-view-icon\">\n\t\t\t<a\n\t\t\t\thref=\"https:\/\/funerariaconceptochile.cl\/es\/product\/plan-gold-superior\/\"\n\t\t\t\tclass=\"open-quick-view quick-view-button\"\n\t\t\t\trel=\"nofollow\"\n\t\t\t\tdata-id=\"10519\"\n\t\t\t\t>Vista R\u00e1pida<\/a>\n\t\t<\/div>\n\t\t\t\t\t\t\t\t<div class=\"wd-wishlist-btn wd-action-btn wd-style-icon wd-wishlist-icon\">\n\t\t\t\t<a class=\"\" href=\"https:\/\/funerariaconceptochile.cl\/es\/wishlist\/\" data-key=\"0d11eae95b\" data-product-id=\"10519\" rel=\"nofollow\" data-added-text=\"Ver lista\">\n\t\t\t\t\t<span>A\u00f1adir a lista<\/span>\n\t\t\t\t<\/a>\n\t\t\t<\/div>\n\t\t\t\t<\/div>\n\n\t\t<div class=\"wd-add-btn wd-add-btn-replace\">\n\t\t\t\n\t\t\t<a href=\"https:\/\/funerariaconceptochile.cl\/es\/product\/plan-gold-superior\/\" data-quantity=\"1\" class=\"button product_type_simple add-to-cart-loop\" data-product_id=\"10519\" data-product_sku=\"\" aria-label=\"Lee m\u00e1s sobre &ldquo;Plan Gold \/ Superior 77 UF A 83 UF&rdquo;\" rel=\"nofollow\" data-success_message=\"\"><span>Leer m\u00e1s<\/span><\/a>\t\t<\/div>\n\t<\/div>\n\t\t\t<h3 class=\"wd-entities-title\"><a href=\"https:\/\/funerariaconceptochile.cl\/es\/product\/plan-gold-superior\/\">Plan Gold \/ Superior 77 UF A 83 UF<\/a><\/h3>\n\t\t\t<div class=\"wd-product-cats\">\n\t\t\t<a href=\"https:\/\/funerariaconceptochile.cl\/es\/product-category\/planes-funerarios\/\" rel=\"tag\">Planes funerarios<\/a>\t\t<\/div>\n\t\t\t\t\n\n\t\n\t\n\t\t<\/div>\n<\/div>\n<div class=\"product-grid-item wd-with-labels product wd-hover-quick  col-lg-3 col-md-3 col-6 last  type-product post-10494 status-publish first outofstock product_cat-planes-funerarios has-post-thumbnail shipping-taxable product-type-variable\" data-loop=\"4\" data-id=\"10494\">\n\t\n\t\n<div class=\"product-wrapper\">\n\t<div class=\"product-element-top wd-quick-shop\">\n\t\t<a href=\"https:\/\/funerariaconceptochile.cl\/es\/product\/plan-silver-ejecutivo\/\" class=\"product-image-link\">\n\t\t\t<div class=\"product-labels labels-rounded\"><span class=\"out-of-stock product-label\">Sold out<\/span><\/div><img loading=\"lazy\" decoding=\"async\" width=\"400\" height=\"400\" src=\"https:\/\/funerariaconceptochile.cl\/wp-content\/uploads\/2025\/05\/sl-1-400x400.jpg\" class=\"attachment-woocommerce_thumbnail size-woocommerce_thumbnail\" alt=\"\" srcset=\"https:\/\/funerariaconceptochile.cl\/wp-content\/uploads\/2025\/05\/sl-1-400x400.jpg 400w, https:\/\/funerariaconceptochile.cl\/wp-content\/uploads\/2025\/05\/sl-1-150x150.jpg 150w, https:\/\/funerariaconceptochile.cl\/wp-content\/uploads\/2025\/05\/sl-1-800x800.jpg 800w\" sizes=\"auto, (max-width: 400px) 100vw, 400px\" \/>\t\t<\/a>\n\t\t\t\t<div class=\"wd-buttons wd-pos-r-t\">\n\t\t\t\t\t\t\t\t\t\t\t<div class=\"quick-view wd-action-btn wd-style-icon wd-quick-view-icon\">\n\t\t\t<a\n\t\t\t\thref=\"https:\/\/funerariaconceptochile.cl\/es\/product\/plan-silver-ejecutivo\/\"\n\t\t\t\tclass=\"open-quick-view quick-view-button\"\n\t\t\t\trel=\"nofollow\"\n\t\t\t\tdata-id=\"10494\"\n\t\t\t\t>Vista R\u00e1pida<\/a>\n\t\t<\/div>\n\t\t\t\t\t\t\t\t<div class=\"wd-wishlist-btn wd-action-btn wd-style-icon wd-wishlist-icon\">\n\t\t\t\t<a class=\"\" href=\"https:\/\/funerariaconceptochile.cl\/es\/wishlist\/\" data-key=\"0d11eae95b\" data-product-id=\"10494\" rel=\"nofollow\" data-added-text=\"Ver lista\">\n\t\t\t\t\t<span>A\u00f1adir a lista<\/span>\n\t\t\t\t<\/a>\n\t\t\t<\/div>\n\t\t\t\t<\/div>\n\n\t\t<div class=\"wd-add-btn wd-add-btn-replace\">\n\t\t\t\n\t\t\t<a href=\"https:\/\/funerariaconceptochile.cl\/es\/product\/plan-silver-ejecutivo\/\" data-quantity=\"1\" class=\"button product_type_variable add-to-cart-loop\" data-product_id=\"10494\" data-product_sku=\"\" aria-label=\"Elige las opciones para &ldquo;Plan silver \/ Ejecutivo 62 UF A 72 UF&rdquo;\" rel=\"nofollow\"><span>Leer m\u00e1s<\/span><\/a>\t\t<\/div>\n\t<\/div>\n\t\t\t<h3 class=\"wd-entities-title\"><a href=\"https:\/\/funerariaconceptochile.cl\/es\/product\/plan-silver-ejecutivo\/\">Plan silver \/ Ejecutivo 62 UF A 72 UF<\/a><\/h3>\n\t\t\t<div class=\"wd-product-cats\">\n\t\t\t<a href=\"https:\/\/funerariaconceptochile.cl\/es\/product-category\/planes-funerarios\/\" rel=\"tag\">Planes funerarios<\/a>\t\t<\/div>\n\t\t\t\t\n\n\t\n\t\n\t\t<\/div>\n<\/div>\n\t\t\t<\/div>\n\t\t\t<\/div><\/div><\/div><\/div><\/div><div data-vc-full-width=\"true\" data-vc-full-width-init=\"false\" class=\"vc_row wpb_row vc_row-fluid vc_custom_1674862710640 vc_row-has-fill vc_row-o-content-middle vc_row-flex wd-rs-63d4607225f47\"><div class=\"wpb_column vc_column_container vc_col-sm-6 wd-rs-610a58dae7921\"><div class=\"vc_column-inner vc_custom_1628068061353\"><div class=\"wpb_wrapper\">\t\t<div id=\"wd-64501664e7fd4\" class=\"wd-image wd-wpb wd-rs-64501664e7fd4 text-center vc_custom_1682974042062\">\n\t\t\t\n\t\t\t<img loading=\"lazy\" decoding=\"async\" width=\"2500\" height=\"1875\" src=\"https:\/\/funerariaconceptochile.cl\/wp-content\/uploads\/2023\/05\/servicios-funerarios-1.jpg\" class=\"attachment-full\" alt=\"\" title=\"servicios funerarios\" srcset=\"https:\/\/funerariaconceptochile.cl\/wp-content\/uploads\/2023\/05\/servicios-funerarios-1.jpg 2500w, https:\/\/funerariaconceptochile.cl\/wp-content\/uploads\/2023\/05\/servicios-funerarios-1-400x300.jpg 400w, https:\/\/funerariaconceptochile.cl\/wp-content\/uploads\/2023\/05\/servicios-funerarios-1-1067x800.jpg 1067w, https:\/\/funerariaconceptochile.cl\/wp-content\/uploads\/2023\/05\/servicios-funerarios-1-768x576.jpg 768w, https:\/\/funerariaconceptochile.cl\/wp-content\/uploads\/2023\/05\/servicios-funerarios-1-1536x1152.jpg 1536w, https:\/\/funerariaconceptochile.cl\/wp-content\/uploads\/2023\/05\/servicios-funerarios-1-2048x1536.jpg 2048w, https:\/\/funerariaconceptochile.cl\/wp-content\/uploads\/2023\/05\/servicios-funerarios-1-150x113.jpg 150w\" sizes=\"auto, (max-width: 2500px) 100vw, 2500px\" \/>\n\t\t\t\t\t<\/div>\n\t\t<\/div><\/div><\/div><div class=\"wpb_column vc_column_container vc_col-sm-6 wd-rs-610a58df87177\"><div class=\"vc_column-inner vc_custom_1628068066977\"><div class=\"wpb_wrapper\">\n\t\t<div id=\"wd-644193ee4663e\" class=\"title-wrapper wd-wpb set-mb-s reset-last-child  wd-rs-644193ee4663e wd-title-color-default wd-title-style-default text-left vc_custom_1682019317756 wd-underline-colored-alt\">\n\t\t\t\n\t\t\t<div class=\"liner-continer\">\n\t\t\t\t<h4 class=\"woodmart-title-container title  wd-font-weight-300 wd-fontsize-l\" ><strong>Funeraria<\/strong> concepto<\/h4>\n\t\t\t\t\t\t\t<\/div>\n\t\t\t\n\t\t\t\n\t\t\t\n\t\t<\/div>\n\t\t\n\t\t\t\t<div id=\"wd-6441926cab6bd\" class=\"wd-text-block wd-wpb reset-last-child wd-rs-6441926cab6bd text-left wd-fontsize-custom vc_custom_1682018959301\">\n\t\t\t<p>Somos una empresa profesional preocupada por los detalles y a su servicio durante las 24 horas.<\/p>\n<p>Trabajamos d\u00eda a d\u00eda con el prop\u00f3sito de dar lo mejor para nuestros seres queridos.<\/p>\n\t\t<\/div>\n\t\t<div class=\"vc_row wpb_row vc_inner vc_row-fluid\"><div class=\"wpb_column vc_column_container vc_col-sm-6 vc_col-lg-4 vc_col-md-4 vc_col-xs-6\"><div class=\"vc_column-inner\"><div class=\"wpb_wrapper\">\t\t\t<div class=\"info-box-wrapper\">\n\t\t\t\t<div id=\"wd-644192d0e24bd\" class=\" wd-rs-644192d0e24bd wd-info-box wd-wpb text-left box-icon-align-left box-style- color-scheme- wd-bg-none \"  >\n\t\t\t\t\t\t\t\t\t\t\t<div class=\"box-icon-wrapper  box-with-icon box-icon-simple\">\n\t\t\t\t\t\t\t<div class=\"info-box-icon\">\n\n\t\t\t\t\t\t\t\n\t\t\t\t\t\t\t\t\t\t\t\t\t\t\t\t\t<img loading=\"lazy\" decoding=\"async\" class=\"info-icon image-1 \" src=\"https:\/\/funerariaconceptochile.cl\/wp-content\/uploads\/2023\/04\/24-hours-support-45x45.png\" width=\"45\" height=\"45\" alt=\"24-hours-support\" title=\"24-hours-support\" \/>\t\t\t\t\t\t\t\t\t\t\t\t\t\t\t\n\t\t\t\t\t\t\t<\/div>\n\t\t\t\t\t\t<\/div>\n\t\t\t\t\t\t\t\t\t\t<div class=\"info-box-content\">\n\t\t\t\t\t\t<h4 class=\"info-box-title title wd-font-weight- box-title-style-default wd-fontsize-s\">Asistencia 24 horas<\/h4>\t\t\t\t\t\t<div class=\"info-box-inner set-cont-mb-s reset-last-child\">\n\t\t\t\t\t\t\t\t\t\t\t\t\t<\/div>\n\n\t\t\t\t\t\t\t\t\t\t\t<\/div>\n\n\t\t\t\t\t\t\t\t\t<\/div>\n\t\t\t<\/div>\n\t\t<\/div><\/div><\/div><div class=\"wpb_column vc_column_container vc_col-sm-6 vc_col-lg-4 vc_col-md-4 vc_col-xs-6\"><div class=\"vc_column-inner\"><div class=\"wpb_wrapper\">\t\t\t<div class=\"info-box-wrapper\">\n\t\t\t\t<div id=\"wd-644192c8bfd95\" class=\" wd-rs-644192c8bfd95 wd-info-box wd-wpb text-left box-icon-align-left box-style- color-scheme- wd-bg-none \"  >\n\t\t\t\t\t\t\t\t\t\t\t<div class=\"box-icon-wrapper  box-with-icon box-icon-simple\">\n\t\t\t\t\t\t\t<div class=\"info-box-icon\">\n\n\t\t\t\t\t\t\t\n\t\t\t\t\t\t\t\t\t\t\t\t\t\t\t\t\t<img loading=\"lazy\" decoding=\"async\" class=\"info-icon image-1 \" src=\"https:\/\/funerariaconceptochile.cl\/wp-content\/uploads\/2023\/01\/ayudar-45x45.png\" width=\"45\" height=\"45\" alt=\"ayudar\" title=\"ayudar\" \/>\t\t\t\t\t\t\t\t\t\t\t\t\t\t\t\n\t\t\t\t\t\t\t<\/div>\n\t\t\t\t\t\t<\/div>\n\t\t\t\t\t\t\t\t\t\t<div class=\"info-box-content\">\n\t\t\t\t\t\t<h4 class=\"info-box-title title wd-font-weight- box-title-style-default wd-fontsize-s\">Responsabilidad y empat\u00eda<\/h4>\t\t\t\t\t\t<div class=\"info-box-inner set-cont-mb-s reset-last-child\">\n\t\t\t\t\t\t\t\t\t\t\t\t\t<\/div>\n\n\t\t\t\t\t\t\t\t\t\t\t<\/div>\n\n\t\t\t\t\t\t\t\t\t<\/div>\n\t\t\t<\/div>\n\t\t<\/div><\/div><\/div><div class=\"wpb_column vc_column_container vc_col-sm-4 vc_hidden-sm vc_hidden-xs\"><div class=\"vc_column-inner\"><div class=\"wpb_wrapper\">\t\t\t<div class=\"info-box-wrapper\">\n\t\t\t\t<div id=\"wd-644192b81a5c5\" class=\" wd-rs-644192b81a5c5 wd-info-box wd-wpb text-left box-icon-align-left box-style- color-scheme- wd-bg-none \"  >\n\t\t\t\t\t\t\t\t\t\t\t<div class=\"box-icon-wrapper  box-with-icon box-icon-simple\">\n\t\t\t\t\t\t\t<div class=\"info-box-icon\">\n\n\t\t\t\t\t\t\t\n\t\t\t\t\t\t\t\t\t\t\t\t\t\t\t\t\t<img loading=\"lazy\" decoding=\"async\" class=\"info-icon image-1 \" src=\"https:\/\/funerariaconceptochile.cl\/wp-content\/uploads\/2023\/01\/coche-funebre-1-45x45.png\" width=\"45\" height=\"45\" alt=\"coche-funebre (1)\" title=\"coche-funebre (1)\" \/>\t\t\t\t\t\t\t\t\t\t\t\t\t\t\t\n\t\t\t\t\t\t\t<\/div>\n\t\t\t\t\t\t<\/div>\n\t\t\t\t\t\t\t\t\t\t<div class=\"info-box-content\">\n\t\t\t\t\t\t<h4 class=\"info-box-title title wd-font-weight- box-title-style-default wd-fontsize-s\">Servicio funerario integral<\/h4>\t\t\t\t\t\t<div class=\"info-box-inner set-cont-mb-s reset-last-child\">\n\t\t\t\t\t\t\t\t\t\t\t\t\t<\/div>\n\n\t\t\t\t\t\t\t\t\t\t\t<\/div>\n\n\t\t\t\t\t\t\t\t\t<\/div>\n\t\t\t<\/div>\n\t\t<\/div><\/div><\/div><\/div><div id=\"wd-63d45fa259e2e\" class=\" wd-rs-63d45fa259e2e  wd-button-wrapper text-center inline-element\"><a href=\"https:\/\/funerariaconceptochile.cl\/about-us-3\/\" title=\"\" class=\"btn btn-color-primary btn-style-default btn-style-rectangle btn-size-default\">SABER M\u00c1S<\/a><\/div><div id=\"wd-63d45fb0d5dd9\" class=\" wd-rs-63d45fb0d5dd9  wd-button-wrapper text-center inline-element\"><a href=\"https:\/\/funerariaconceptochile.cl\/contact-us\/\" title=\"\" class=\"btn btn-color-default btn-style-bordered btn-style-rectangle btn-size-default\">CONT\u00c1CTANOS<\/a><\/div><\/div><\/div><\/div><\/div><div class=\"vc_row-full-width vc_clearfix\"><\/div><div class=\"vc_row wpb_row vc_row-fluid vc_custom_1674862058207 vc_row-o-content-middle vc_row-flex wd-rs-63d45de4ace24\"><div class=\"wpb_column vc_column_container vc_col-sm-12\"><div class=\"vc_column-inner vc_custom_1506945637557\"><div class=\"wpb_wrapper\">\t\t<div id=\"wd-644191ac577bc\" class=\"wd-text-block wd-wpb reset-last-child wd-rs-644191ac577bc text-center wd-font-weight-400 color-title wd-fontsize-xxl font-primary vc_custom_1682018738699\">\n\t\t\t<p>Accesorios para cementerio<\/p>\n\t\t<\/div>\n\t\t\t\t\t<div class=\"wd-products-element wd-rs-63d45fce12cff\">\n\t\t\t\n\t\t\n\t\t\t\t\t<div class=\"products elements-grid align-items-start row wd-products-holder  wd-spacing-20 grid-columns-5 pagination- align-items-start\" data-paged=\"1\" data-atts=\"{&quot;element_title&quot;:&quot;&quot;,&quot;post_type&quot;:&quot;product&quot;,&quot;layout&quot;:&quot;grid&quot;,&quot;include&quot;:&quot;&quot;,&quot;custom_query&quot;:&quot;&quot;,&quot;taxonomies&quot;:&quot;73&quot;,&quot;pagination&quot;:&quot;&quot;,&quot;items_per_page&quot;:&quot;10&quot;,&quot;product_hover&quot;:&quot;inherit&quot;,&quot;spacing&quot;:&quot;20&quot;,&quot;columns&quot;:&quot;5&quot;,&quot;columns_tablet&quot;:&quot;auto&quot;,&quot;columns_mobile&quot;:&quot;auto&quot;,&quot;sale_countdown&quot;:&quot;0&quot;,&quot;stretch_product_desktop&quot;:0,&quot;stretch_product_tablet&quot;:0,&quot;stretch_product_mobile&quot;:0,&quot;stock_progress_bar&quot;:&quot;0&quot;,&quot;highlighted_products&quot;:&quot;0&quot;,&quot;products_bordered_grid&quot;:&quot;0&quot;,&quot;products_bordered_grid_style&quot;:&quot;outside&quot;,&quot;product_quantity&quot;:0,&quot;offset&quot;:&quot;&quot;,&quot;orderby&quot;:&quot;&quot;,&quot;query_type&quot;:&quot;OR&quot;,&quot;order&quot;:&quot;&quot;,&quot;meta_key&quot;:&quot;&quot;,&quot;exclude&quot;:&quot;&quot;,&quot;class&quot;:&quot;&quot;,&quot;ajax_page&quot;:&quot;&quot;,&quot;speed&quot;:&quot;5000&quot;,&quot;slides_per_view&quot;:&quot;4&quot;,&quot;slides_per_view_tablet&quot;:&quot;auto&quot;,&quot;slides_per_view_mobile&quot;:&quot;auto&quot;,&quot;wrap&quot;:&quot;&quot;,&quot;autoplay&quot;:&quot;no&quot;,&quot;center_mode&quot;:&quot;no&quot;,&quot;hide_pagination_control&quot;:&quot;&quot;,&quot;hide_prev_next_buttons&quot;:&quot;&quot;,&quot;scroll_per_page&quot;:&quot;yes&quot;,&quot;img_size&quot;:&quot;woocommerce_thumbnail&quot;,&quot;force_not_ajax&quot;:&quot;no&quot;,&quot;products_masonry&quot;:&quot;0&quot;,&quot;products_different_sizes&quot;:&quot;0&quot;,&quot;lazy_loading&quot;:&quot;no&quot;,&quot;scroll_carousel_init&quot;:&quot;no&quot;,&quot;el_class&quot;:&quot;&quot;,&quot;shop_tools&quot;:&quot;no&quot;,&quot;query_post_type&quot;:&quot;product&quot;,&quot;hide_out_of_stock&quot;:&quot;no&quot;,&quot;css&quot;:&quot;&quot;,&quot;woodmart_css_id&quot;:&quot;63d45fce12cff&quot;,&quot;ajax_recently_viewed&quot;:&quot;no&quot;,&quot;is_wishlist&quot;:&quot;&quot;}\" data-source=\"shortcode\" data-columns=\"5\">\n\t\t\t<div class=\"product-grid-item product wd-hover-quick  col-lg-20_0 col-md-3 col-6 first  type-product post-11005 status-publish instock product_cat-accesorios-funerarios product_cat-ventas-anticipadas has-post-thumbnail shipping-taxable purchasable product-type-simple\" data-loop=\"1\" data-id=\"11005\">\n\t\n\t\n<div class=\"product-wrapper\">\n\t<div class=\"product-element-top wd-quick-shop\">\n\t\t<a href=\"https:\/\/funerariaconceptochile.cl\/es\/product\/manilla-argolla-bronce-d-95-cm-juego-4-unid\/\" class=\"product-image-link\">\n\t\t\t<img loading=\"lazy\" decoding=\"async\" width=\"200\" height=\"200\" src=\"https:\/\/funerariaconceptochile.cl\/wp-content\/uploads\/2024\/02\/logo-e1693090430749.png\" class=\"attachment-woocommerce_thumbnail size-woocommerce_thumbnail\" alt=\"\" srcset=\"https:\/\/funerariaconceptochile.cl\/wp-content\/uploads\/2024\/02\/logo-e1693090430749.png 200w, https:\/\/funerariaconceptochile.cl\/wp-content\/uploads\/2024\/02\/logo-e1693090430749-150x150.png 150w\" sizes=\"auto, (max-width: 200px) 100vw, 200px\" \/>\t\t<\/a>\n\t\t\t\t<div class=\"wd-buttons wd-pos-r-t\">\n\t\t\t\t\t\t\t\t\t\t\t<div class=\"quick-view wd-action-btn wd-style-icon wd-quick-view-icon\">\n\t\t\t<a\n\t\t\t\thref=\"https:\/\/funerariaconceptochile.cl\/es\/product\/manilla-argolla-bronce-d-95-cm-juego-4-unid\/\"\n\t\t\t\tclass=\"open-quick-view quick-view-button\"\n\t\t\t\trel=\"nofollow\"\n\t\t\t\tdata-id=\"11005\"\n\t\t\t\t>Vista R\u00e1pida<\/a>\n\t\t<\/div>\n\t\t\t\t\t\t\t\t<div class=\"wd-wishlist-btn wd-action-btn wd-style-icon wd-wishlist-icon\">\n\t\t\t\t<a class=\"\" href=\"https:\/\/funerariaconceptochile.cl\/es\/wishlist\/\" data-key=\"0d11eae95b\" data-product-id=\"11005\" rel=\"nofollow\" data-added-text=\"Ver lista\">\n\t\t\t\t\t<span>A\u00f1adir a lista<\/span>\n\t\t\t\t<\/a>\n\t\t\t<\/div>\n\t\t\t\t<\/div>\n\n\t\t<div class=\"wd-add-btn wd-add-btn-replace\">\n\t\t\t\n\t\t\t<a href=\"\/es\/wp-json\/wp\/v2\/pages\/2188?add-to-cart=11005\" data-quantity=\"1\" class=\"button product_type_simple add_to_cart_button ajax_add_to_cart add-to-cart-loop\" data-product_id=\"11005\" data-product_sku=\"MAB95\" aria-label=\"A\u00f1adir al carrito: &ldquo;;manilla argolla bronce D. 9,5 cm Juego 4 unid&rdquo;\" rel=\"nofollow\" data-success_message=\"\u00ab;manilla argolla bronce D. 9,5 cm Juego 4 unid\u00bb se ha a\u00f1adido a tu carrito\" role=\"button\"><span>A\u00f1adir al carrito<\/span><\/a>\t\t<\/div>\n\t<\/div>\n\t\t\t<h3 class=\"wd-entities-title\"><a href=\"https:\/\/funerariaconceptochile.cl\/es\/product\/manilla-argolla-bronce-d-95-cm-juego-4-unid\/\">;manilla argolla bronce D. 9,5 cm Juego 4 unid<\/a><\/h3>\n\t\t\t<div class=\"wd-product-cats\">\n\t\t\t<a href=\"https:\/\/funerariaconceptochile.cl\/es\/product-category\/accesorios-funerarios\/\" rel=\"tag\">Accesorios funerarios<\/a>, <a href=\"https:\/\/funerariaconceptochile.cl\/es\/product-category\/ventas-anticipadas\/\" rel=\"tag\">Ventas Anticipadas<\/a>\t\t<\/div>\n\t\t\t\t\n\t<span class=\"price\"><span class=\"woocommerce-Price-amount amount\"><bdi><span class=\"woocommerce-Price-currencySymbol\">&#36;<\/span>88.000<\/bdi><\/span><\/span>\n\n\t\n\t\n\t\t<\/div>\n<\/div>\n<div class=\"product-grid-item product wd-hover-quick  col-lg-20_0 col-md-3 col-6 type-product post-10117 status-publish instock product_cat-accesorios-funerarios has-post-thumbnail shipping-taxable purchasable product-type-simple\" data-loop=\"2\" data-id=\"10117\">\n\t\n\t\n<div class=\"product-wrapper\">\n\t<div class=\"product-element-top wd-quick-shop\">\n\t\t<a href=\"https:\/\/funerariaconceptochile.cl\/es\/product\/anfora-clasica-a23\/\" class=\"product-image-link\">\n\t\t\t<img loading=\"lazy\" decoding=\"async\" width=\"400\" height=\"400\" src=\"https:\/\/funerariaconceptochile.cl\/wp-content\/uploads\/2025\/01\/237-400x400.png\" class=\"attachment-woocommerce_thumbnail size-woocommerce_thumbnail\" alt=\"\" srcset=\"https:\/\/funerariaconceptochile.cl\/wp-content\/uploads\/2025\/01\/237-400x400.png 400w, https:\/\/funerariaconceptochile.cl\/wp-content\/uploads\/2025\/01\/237-300x300.png 300w, https:\/\/funerariaconceptochile.cl\/wp-content\/uploads\/2025\/01\/237-800x800.png 800w, https:\/\/funerariaconceptochile.cl\/wp-content\/uploads\/2025\/01\/237-150x150.png 150w, https:\/\/funerariaconceptochile.cl\/wp-content\/uploads\/2025\/01\/237-768x768.png 768w, https:\/\/funerariaconceptochile.cl\/wp-content\/uploads\/2025\/01\/237.png 1200w\" sizes=\"auto, (max-width: 400px) 100vw, 400px\" \/>\t\t<\/a>\n\t\t\t\t<div class=\"wd-buttons wd-pos-r-t\">\n\t\t\t\t\t\t\t\t\t\t\t<div class=\"quick-view wd-action-btn wd-style-icon wd-quick-view-icon\">\n\t\t\t<a\n\t\t\t\thref=\"https:\/\/funerariaconceptochile.cl\/es\/product\/anfora-clasica-a23\/\"\n\t\t\t\tclass=\"open-quick-view quick-view-button\"\n\t\t\t\trel=\"nofollow\"\n\t\t\t\tdata-id=\"10117\"\n\t\t\t\t>Vista R\u00e1pida<\/a>\n\t\t<\/div>\n\t\t\t\t\t\t\t\t<div class=\"wd-wishlist-btn wd-action-btn wd-style-icon wd-wishlist-icon\">\n\t\t\t\t<a class=\"\" href=\"https:\/\/funerariaconceptochile.cl\/es\/wishlist\/\" data-key=\"0d11eae95b\" data-product-id=\"10117\" rel=\"nofollow\" data-added-text=\"Ver lista\">\n\t\t\t\t\t<span>A\u00f1adir a lista<\/span>\n\t\t\t\t<\/a>\n\t\t\t<\/div>\n\t\t\t\t<\/div>\n\n\t\t<div class=\"wd-add-btn wd-add-btn-replace\">\n\t\t\t\n\t\t\t<a href=\"\/es\/wp-json\/wp\/v2\/pages\/2188?add-to-cart=10117\" data-quantity=\"1\" class=\"button product_type_simple add_to_cart_button ajax_add_to_cart add-to-cart-loop\" data-product_id=\"10117\" data-product_sku=\"ACL23\" aria-label=\"A\u00f1adir al carrito: &ldquo;anfora clasica A23&rdquo;\" rel=\"nofollow\" data-success_message=\"\u00abanfora clasica A23\u00bb se ha a\u00f1adido a tu carrito\" role=\"button\"><span>A\u00f1adir al carrito<\/span><\/a>\t\t<\/div>\n\t<\/div>\n\t\t\t<h3 class=\"wd-entities-title\"><a href=\"https:\/\/funerariaconceptochile.cl\/es\/product\/anfora-clasica-a23\/\">anfora clasica A23<\/a><\/h3>\n\t\t\t<div class=\"wd-product-cats\">\n\t\t\t<a href=\"https:\/\/funerariaconceptochile.cl\/es\/product-category\/accesorios-funerarios\/\" rel=\"tag\">Accesorios funerarios<\/a>\t\t<\/div>\n\t\t\t\t\n\t<span class=\"price\"><span class=\"woocommerce-Price-amount amount\"><bdi><span class=\"woocommerce-Price-currencySymbol\">&#36;<\/span>171.000<\/bdi><\/span><\/span>\n\n\t\n\t\n\t\t<\/div>\n<\/div>\n<div class=\"product-grid-item product wd-hover-quick  col-lg-20_0 col-md-3 col-6 type-product post-10116 status-publish last instock product_cat-accesorios-funerarios has-post-thumbnail shipping-taxable purchasable product-type-simple\" data-loop=\"3\" data-id=\"10116\">\n\t\n\t\n<div class=\"product-wrapper\">\n\t<div class=\"product-element-top wd-quick-shop\">\n\t\t<a href=\"https:\/\/funerariaconceptochile.cl\/es\/product\/anfora-clasica-a24\/\" class=\"product-image-link\">\n\t\t\t<img loading=\"lazy\" decoding=\"async\" width=\"400\" height=\"400\" src=\"https:\/\/funerariaconceptochile.cl\/wp-content\/uploads\/2025\/01\/236-400x400.png\" class=\"attachment-woocommerce_thumbnail size-woocommerce_thumbnail\" alt=\"\" srcset=\"https:\/\/funerariaconceptochile.cl\/wp-content\/uploads\/2025\/01\/236-400x400.png 400w, https:\/\/funerariaconceptochile.cl\/wp-content\/uploads\/2025\/01\/236-300x300.png 300w, https:\/\/funerariaconceptochile.cl\/wp-content\/uploads\/2025\/01\/236-800x800.png 800w, https:\/\/funerariaconceptochile.cl\/wp-content\/uploads\/2025\/01\/236-150x150.png 150w, https:\/\/funerariaconceptochile.cl\/wp-content\/uploads\/2025\/01\/236-768x768.png 768w, https:\/\/funerariaconceptochile.cl\/wp-content\/uploads\/2025\/01\/236.png 1200w\" sizes=\"auto, (max-width: 400px) 100vw, 400px\" \/>\t\t<\/a>\n\t\t\t\t<div class=\"wd-buttons wd-pos-r-t\">\n\t\t\t\t\t\t\t\t\t\t\t<div class=\"quick-view wd-action-btn wd-style-icon wd-quick-view-icon\">\n\t\t\t<a\n\t\t\t\thref=\"https:\/\/funerariaconceptochile.cl\/es\/product\/anfora-clasica-a24\/\"\n\t\t\t\tclass=\"open-quick-view quick-view-button\"\n\t\t\t\trel=\"nofollow\"\n\t\t\t\tdata-id=\"10116\"\n\t\t\t\t>Vista R\u00e1pida<\/a>\n\t\t<\/div>\n\t\t\t\t\t\t\t\t<div class=\"wd-wishlist-btn wd-action-btn wd-style-icon wd-wishlist-icon\">\n\t\t\t\t<a class=\"\" href=\"https:\/\/funerariaconceptochile.cl\/es\/wishlist\/\" data-key=\"0d11eae95b\" data-product-id=\"10116\" rel=\"nofollow\" data-added-text=\"Ver lista\">\n\t\t\t\t\t<span>A\u00f1adir a lista<\/span>\n\t\t\t\t<\/a>\n\t\t\t<\/div>\n\t\t\t\t<\/div>\n\n\t\t<div class=\"wd-add-btn wd-add-btn-replace\">\n\t\t\t\n\t\t\t<a href=\"\/es\/wp-json\/wp\/v2\/pages\/2188?add-to-cart=10116\" data-quantity=\"1\" class=\"button product_type_simple add_to_cart_button ajax_add_to_cart add-to-cart-loop\" data-product_id=\"10116\" data-product_sku=\"ACL24\" aria-label=\"A\u00f1adir al carrito: &ldquo;anfora clasica A24&rdquo;\" rel=\"nofollow\" data-success_message=\"\u00abanfora clasica A24\u00bb se ha a\u00f1adido a tu carrito\" role=\"button\"><span>A\u00f1adir al carrito<\/span><\/a>\t\t<\/div>\n\t<\/div>\n\t\t\t<h3 class=\"wd-entities-title\"><a href=\"https:\/\/funerariaconceptochile.cl\/es\/product\/anfora-clasica-a24\/\">anfora clasica A24<\/a><\/h3>\n\t\t\t<div class=\"wd-product-cats\">\n\t\t\t<a href=\"https:\/\/funerariaconceptochile.cl\/es\/product-category\/accesorios-funerarios\/\" rel=\"tag\">Accesorios funerarios<\/a>\t\t<\/div>\n\t\t\t\t\n\t<span class=\"price\"><span class=\"woocommerce-Price-amount amount\"><bdi><span class=\"woocommerce-Price-currencySymbol\">&#36;<\/span>170.900<\/bdi><\/span><\/span>\n\n\t\n\t\n\t\t<\/div>\n<\/div>\n<div class=\"product-grid-item product wd-hover-quick  col-lg-20_0 col-md-3 col-6 type-product post-10121 status-publish first instock product_cat-accesorios-funerarios has-post-thumbnail shipping-taxable purchasable product-type-simple\" data-loop=\"4\" data-id=\"10121\">\n\t\n\t\n<div class=\"product-wrapper\">\n\t<div class=\"product-element-top wd-quick-shop\">\n\t\t<a href=\"https:\/\/funerariaconceptochile.cl\/es\/product\/anfora-mediana-a09\/\" class=\"product-image-link\">\n\t\t\t<img loading=\"lazy\" decoding=\"async\" width=\"400\" height=\"400\" src=\"https:\/\/funerariaconceptochile.cl\/wp-content\/uploads\/2025\/01\/241-400x400.png\" class=\"attachment-woocommerce_thumbnail size-woocommerce_thumbnail\" alt=\"\" srcset=\"https:\/\/funerariaconceptochile.cl\/wp-content\/uploads\/2025\/01\/241-400x400.png 400w, https:\/\/funerariaconceptochile.cl\/wp-content\/uploads\/2025\/01\/241-300x300.png 300w, https:\/\/funerariaconceptochile.cl\/wp-content\/uploads\/2025\/01\/241-800x800.png 800w, https:\/\/funerariaconceptochile.cl\/wp-content\/uploads\/2025\/01\/241-150x150.png 150w, https:\/\/funerariaconceptochile.cl\/wp-content\/uploads\/2025\/01\/241-768x768.png 768w, https:\/\/funerariaconceptochile.cl\/wp-content\/uploads\/2025\/01\/241.png 1200w\" sizes=\"auto, (max-width: 400px) 100vw, 400px\" \/>\t\t<\/a>\n\t\t\t\t<div class=\"wd-buttons wd-pos-r-t\">\n\t\t\t\t\t\t\t\t\t\t\t<div class=\"quick-view wd-action-btn wd-style-icon wd-quick-view-icon\">\n\t\t\t<a\n\t\t\t\thref=\"https:\/\/funerariaconceptochile.cl\/es\/product\/anfora-mediana-a09\/\"\n\t\t\t\tclass=\"open-quick-view quick-view-button\"\n\t\t\t\trel=\"nofollow\"\n\t\t\t\tdata-id=\"10121\"\n\t\t\t\t>Vista R\u00e1pida<\/a>\n\t\t<\/div>\n\t\t\t\t\t\t\t\t<div class=\"wd-wishlist-btn wd-action-btn wd-style-icon wd-wishlist-icon\">\n\t\t\t\t<a class=\"\" href=\"https:\/\/funerariaconceptochile.cl\/es\/wishlist\/\" data-key=\"0d11eae95b\" data-product-id=\"10121\" rel=\"nofollow\" data-added-text=\"Ver lista\">\n\t\t\t\t\t<span>A\u00f1adir a lista<\/span>\n\t\t\t\t<\/a>\n\t\t\t<\/div>\n\t\t\t\t<\/div>\n\n\t\t<div class=\"wd-add-btn wd-add-btn-replace\">\n\t\t\t\n\t\t\t<a href=\"\/es\/wp-json\/wp\/v2\/pages\/2188?add-to-cart=10121\" data-quantity=\"1\" class=\"button product_type_simple add_to_cart_button ajax_add_to_cart add-to-cart-loop\" data-product_id=\"10121\" data-product_sku=\"A.M09\" aria-label=\"A\u00f1adir al carrito: &ldquo;anfora mediana A09&rdquo;\" rel=\"nofollow\" data-success_message=\"\u00abanfora mediana A09\u00bb se ha a\u00f1adido a tu carrito\" role=\"button\"><span>A\u00f1adir al carrito<\/span><\/a>\t\t<\/div>\n\t<\/div>\n\t\t\t<h3 class=\"wd-entities-title\"><a href=\"https:\/\/funerariaconceptochile.cl\/es\/product\/anfora-mediana-a09\/\">anfora mediana A09<\/a><\/h3>\n\t\t\t<div class=\"wd-product-cats\">\n\t\t\t<a href=\"https:\/\/funerariaconceptochile.cl\/es\/product-category\/accesorios-funerarios\/\" rel=\"tag\">Accesorios funerarios<\/a>\t\t<\/div>\n\t\t\t\t\n\t<span class=\"price\"><span class=\"woocommerce-Price-amount amount\"><bdi><span class=\"woocommerce-Price-currencySymbol\">&#36;<\/span>114.800<\/bdi><\/span><\/span>\n\n\t\n\t\n\t\t<\/div>\n<\/div>\n<div class=\"product-grid-item product wd-hover-quick  col-lg-20_0 col-md-3 col-6 last  type-product post-10122 status-publish instock product_cat-accesorios-funerarios has-post-thumbnail shipping-taxable purchasable product-type-simple\" data-loop=\"5\" data-id=\"10122\">\n\t\n\t\n<div class=\"product-wrapper\">\n\t<div class=\"product-element-top wd-quick-shop\">\n\t\t<a href=\"https:\/\/funerariaconceptochile.cl\/es\/product\/anfora-mediana-a34\/\" class=\"product-image-link\">\n\t\t\t<img loading=\"lazy\" decoding=\"async\" width=\"400\" height=\"400\" src=\"https:\/\/funerariaconceptochile.cl\/wp-content\/uploads\/2025\/01\/242-400x400.png\" class=\"attachment-woocommerce_thumbnail size-woocommerce_thumbnail\" alt=\"\" srcset=\"https:\/\/funerariaconceptochile.cl\/wp-content\/uploads\/2025\/01\/242-400x400.png 400w, https:\/\/funerariaconceptochile.cl\/wp-content\/uploads\/2025\/01\/242-300x300.png 300w, https:\/\/funerariaconceptochile.cl\/wp-content\/uploads\/2025\/01\/242-800x800.png 800w, https:\/\/funerariaconceptochile.cl\/wp-content\/uploads\/2025\/01\/242-150x150.png 150w, https:\/\/funerariaconceptochile.cl\/wp-content\/uploads\/2025\/01\/242-768x768.png 768w, https:\/\/funerariaconceptochile.cl\/wp-content\/uploads\/2025\/01\/242.png 1200w\" sizes=\"auto, (max-width: 400px) 100vw, 400px\" \/>\t\t<\/a>\n\t\t\t\t<div class=\"wd-buttons wd-pos-r-t\">\n\t\t\t\t\t\t\t\t\t\t\t<div class=\"quick-view wd-action-btn wd-style-icon wd-quick-view-icon\">\n\t\t\t<a\n\t\t\t\thref=\"https:\/\/funerariaconceptochile.cl\/es\/product\/anfora-mediana-a34\/\"\n\t\t\t\tclass=\"open-quick-view quick-view-button\"\n\t\t\t\trel=\"nofollow\"\n\t\t\t\tdata-id=\"10122\"\n\t\t\t\t>Vista R\u00e1pida<\/a>\n\t\t<\/div>\n\t\t\t\t\t\t\t\t<div class=\"wd-wishlist-btn wd-action-btn wd-style-icon wd-wishlist-icon\">\n\t\t\t\t<a class=\"\" href=\"https:\/\/funerariaconceptochile.cl\/es\/wishlist\/\" data-key=\"0d11eae95b\" data-product-id=\"10122\" rel=\"nofollow\" data-added-text=\"Ver lista\">\n\t\t\t\t\t<span>A\u00f1adir a lista<\/span>\n\t\t\t\t<\/a>\n\t\t\t<\/div>\n\t\t\t\t<\/div>\n\n\t\t<div class=\"wd-add-btn wd-add-btn-replace\">\n\t\t\t\n\t\t\t<a href=\"\/es\/wp-json\/wp\/v2\/pages\/2188?add-to-cart=10122\" data-quantity=\"1\" class=\"button product_type_simple add_to_cart_button ajax_add_to_cart add-to-cart-loop\" data-product_id=\"10122\" data-product_sku=\"A.M34\" aria-label=\"A\u00f1adir al carrito: &ldquo;anfora mediana A34&rdquo;\" rel=\"nofollow\" data-success_message=\"\u00abanfora mediana A34\u00bb se ha a\u00f1adido a tu carrito\" role=\"button\"><span>A\u00f1adir al carrito<\/span><\/a>\t\t<\/div>\n\t<\/div>\n\t\t\t<h3 class=\"wd-entities-title\"><a href=\"https:\/\/funerariaconceptochile.cl\/es\/product\/anfora-mediana-a34\/\">anfora mediana A34<\/a><\/h3>\n\t\t\t<div class=\"wd-product-cats\">\n\t\t\t<a href=\"https:\/\/funerariaconceptochile.cl\/es\/product-category\/accesorios-funerarios\/\" rel=\"tag\">Accesorios funerarios<\/a>\t\t<\/div>\n\t\t\t\t\n\t<span class=\"price\"><span class=\"woocommerce-Price-amount amount\"><bdi><span class=\"woocommerce-Price-currencySymbol\">&#36;<\/span>114.800<\/bdi><\/span><\/span>\n\n\t\n\t\n\t\t<\/div>\n<\/div>\n<div class=\"product-grid-item product wd-hover-quick  col-lg-20_0 col-md-3 col-6 first  type-product post-10126 status-publish instock product_cat-accesorios-funerarios has-post-thumbnail shipping-taxable purchasable product-type-simple\" data-loop=\"6\" data-id=\"10126\">\n\t\n\t\n<div class=\"product-wrapper\">\n\t<div class=\"product-element-top wd-quick-shop\">\n\t\t<a href=\"https:\/\/funerariaconceptochile.cl\/es\/product\/anfora-mini-a15\/\" class=\"product-image-link\">\n\t\t\t<img loading=\"lazy\" decoding=\"async\" width=\"400\" height=\"400\" src=\"https:\/\/funerariaconceptochile.cl\/wp-content\/uploads\/2025\/01\/246-400x400.png\" class=\"attachment-woocommerce_thumbnail size-woocommerce_thumbnail\" alt=\"\" srcset=\"https:\/\/funerariaconceptochile.cl\/wp-content\/uploads\/2025\/01\/246-400x400.png 400w, https:\/\/funerariaconceptochile.cl\/wp-content\/uploads\/2025\/01\/246-300x300.png 300w, https:\/\/funerariaconceptochile.cl\/wp-content\/uploads\/2025\/01\/246-800x800.png 800w, https:\/\/funerariaconceptochile.cl\/wp-content\/uploads\/2025\/01\/246-150x150.png 150w, https:\/\/funerariaconceptochile.cl\/wp-content\/uploads\/2025\/01\/246-768x768.png 768w, https:\/\/funerariaconceptochile.cl\/wp-content\/uploads\/2025\/01\/246.png 1200w\" sizes=\"auto, (max-width: 400px) 100vw, 400px\" \/>\t\t<\/a>\n\t\t\t\t<div class=\"wd-buttons wd-pos-r-t\">\n\t\t\t\t\t\t\t\t\t\t\t<div class=\"quick-view wd-action-btn wd-style-icon wd-quick-view-icon\">\n\t\t\t<a\n\t\t\t\thref=\"https:\/\/funerariaconceptochile.cl\/es\/product\/anfora-mini-a15\/\"\n\t\t\t\tclass=\"open-quick-view quick-view-button\"\n\t\t\t\trel=\"nofollow\"\n\t\t\t\tdata-id=\"10126\"\n\t\t\t\t>Vista R\u00e1pida<\/a>\n\t\t<\/div>\n\t\t\t\t\t\t\t\t<div class=\"wd-wishlist-btn wd-action-btn wd-style-icon wd-wishlist-icon\">\n\t\t\t\t<a class=\"\" href=\"https:\/\/funerariaconceptochile.cl\/es\/wishlist\/\" data-key=\"0d11eae95b\" data-product-id=\"10126\" rel=\"nofollow\" data-added-text=\"Ver lista\">\n\t\t\t\t\t<span>A\u00f1adir a lista<\/span>\n\t\t\t\t<\/a>\n\t\t\t<\/div>\n\t\t\t\t<\/div>\n\n\t\t<div class=\"wd-add-btn wd-add-btn-replace\">\n\t\t\t\n\t\t\t<a href=\"\/es\/wp-json\/wp\/v2\/pages\/2188?add-to-cart=10126\" data-quantity=\"1\" class=\"button product_type_simple add_to_cart_button ajax_add_to_cart add-to-cart-loop\" data-product_id=\"10126\" data-product_sku=\"A.na15\" aria-label=\"A\u00f1adir al carrito: &ldquo;anfora mini a15&rdquo;\" rel=\"nofollow\" data-success_message=\"\u00abanfora mini a15\u00bb se ha a\u00f1adido a tu carrito\" role=\"button\"><span>A\u00f1adir al carrito<\/span><\/a>\t\t<\/div>\n\t<\/div>\n\t\t\t<h3 class=\"wd-entities-title\"><a href=\"https:\/\/funerariaconceptochile.cl\/es\/product\/anfora-mini-a15\/\">anfora mini a15<\/a><\/h3>\n\t\t\t<div class=\"wd-product-cats\">\n\t\t\t<a href=\"https:\/\/funerariaconceptochile.cl\/es\/product-category\/accesorios-funerarios\/\" rel=\"tag\">Accesorios funerarios<\/a>\t\t<\/div>\n\t\t\t\t\n\t<span class=\"price\"><span class=\"woocommerce-Price-amount amount\"><bdi><span class=\"woocommerce-Price-currencySymbol\">&#36;<\/span>46.200<\/bdi><\/span><\/span>\n\n\t\n\t\n\t\t<\/div>\n<\/div>\n<div class=\"product-grid-item product wd-hover-quick  col-lg-20_0 col-md-3 col-6 type-product post-10115 status-publish last instock product_cat-accesorios-funerarios has-post-thumbnail shipping-taxable purchasable product-type-simple\" data-loop=\"7\" data-id=\"10115\">\n\t\n\t\n<div class=\"product-wrapper\">\n\t<div class=\"product-element-top wd-quick-shop\">\n\t\t<a href=\"https:\/\/funerariaconceptochile.cl\/es\/product\/anfora-premium-a03\/\" class=\"product-image-link\">\n\t\t\t<img loading=\"lazy\" decoding=\"async\" width=\"400\" height=\"400\" src=\"https:\/\/funerariaconceptochile.cl\/wp-content\/uploads\/2025\/01\/235-400x400.png\" class=\"attachment-woocommerce_thumbnail size-woocommerce_thumbnail\" alt=\"\" srcset=\"https:\/\/funerariaconceptochile.cl\/wp-content\/uploads\/2025\/01\/235-400x400.png 400w, https:\/\/funerariaconceptochile.cl\/wp-content\/uploads\/2025\/01\/235-300x300.png 300w, https:\/\/funerariaconceptochile.cl\/wp-content\/uploads\/2025\/01\/235-800x800.png 800w, https:\/\/funerariaconceptochile.cl\/wp-content\/uploads\/2025\/01\/235-150x150.png 150w, https:\/\/funerariaconceptochile.cl\/wp-content\/uploads\/2025\/01\/235-768x768.png 768w, https:\/\/funerariaconceptochile.cl\/wp-content\/uploads\/2025\/01\/235.png 1200w\" sizes=\"auto, (max-width: 400px) 100vw, 400px\" \/>\t\t<\/a>\n\t\t\t\t<div class=\"wd-buttons wd-pos-r-t\">\n\t\t\t\t\t\t\t\t\t\t\t<div class=\"quick-view wd-action-btn wd-style-icon wd-quick-view-icon\">\n\t\t\t<a\n\t\t\t\thref=\"https:\/\/funerariaconceptochile.cl\/es\/product\/anfora-premium-a03\/\"\n\t\t\t\tclass=\"open-quick-view quick-view-button\"\n\t\t\t\trel=\"nofollow\"\n\t\t\t\tdata-id=\"10115\"\n\t\t\t\t>Vista R\u00e1pida<\/a>\n\t\t<\/div>\n\t\t\t\t\t\t\t\t<div class=\"wd-wishlist-btn wd-action-btn wd-style-icon wd-wishlist-icon\">\n\t\t\t\t<a class=\"\" href=\"https:\/\/funerariaconceptochile.cl\/es\/wishlist\/\" data-key=\"0d11eae95b\" data-product-id=\"10115\" rel=\"nofollow\" data-added-text=\"Ver lista\">\n\t\t\t\t\t<span>A\u00f1adir a lista<\/span>\n\t\t\t\t<\/a>\n\t\t\t<\/div>\n\t\t\t\t<\/div>\n\n\t\t<div class=\"wd-add-btn wd-add-btn-replace\">\n\t\t\t\n\t\t\t<a href=\"\/es\/wp-json\/wp\/v2\/pages\/2188?add-to-cart=10115\" data-quantity=\"1\" class=\"button product_type_simple add_to_cart_button ajax_add_to_cart add-to-cart-loop\" data-product_id=\"10115\" data-product_sku=\"ApA03\" aria-label=\"A\u00f1adir al carrito: &ldquo;anfora premium A03&rdquo;\" rel=\"nofollow\" data-success_message=\"\u00abanfora premium A03\u00bb se ha a\u00f1adido a tu carrito\" role=\"button\"><span>A\u00f1adir al carrito<\/span><\/a>\t\t<\/div>\n\t<\/div>\n\t\t\t<h3 class=\"wd-entities-title\"><a href=\"https:\/\/funerariaconceptochile.cl\/es\/product\/anfora-premium-a03\/\">anfora premium A03<\/a><\/h3>\n\t\t\t<div class=\"wd-product-cats\">\n\t\t\t<a href=\"https:\/\/funerariaconceptochile.cl\/es\/product-category\/accesorios-funerarios\/\" rel=\"tag\">Accesorios funerarios<\/a>\t\t<\/div>\n\t\t\t\t\n\t<span class=\"price\"><span class=\"woocommerce-Price-amount amount\"><bdi><span class=\"woocommerce-Price-currencySymbol\">&#36;<\/span>183.300<\/bdi><\/span><\/span>\n\n\t\n\t\n\t\t<\/div>\n<\/div>\n<div class=\"product-grid-item product wd-hover-quick  col-lg-20_0 col-md-3 col-6 type-product post-10113 status-publish first instock product_cat-accesorios-funerarios has-post-thumbnail shipping-taxable purchasable product-type-simple\" data-loop=\"8\" data-id=\"10113\">\n\t\n\t\n<div class=\"product-wrapper\">\n\t<div class=\"product-element-top wd-quick-shop\">\n\t\t<a href=\"https:\/\/funerariaconceptochile.cl\/es\/product\/anfora-premium-a06\/\" class=\"product-image-link\">\n\t\t\t<img loading=\"lazy\" decoding=\"async\" width=\"400\" height=\"400\" src=\"https:\/\/funerariaconceptochile.cl\/wp-content\/uploads\/2025\/01\/233-400x400.png\" class=\"attachment-woocommerce_thumbnail size-woocommerce_thumbnail\" alt=\"\" srcset=\"https:\/\/funerariaconceptochile.cl\/wp-content\/uploads\/2025\/01\/233-400x400.png 400w, https:\/\/funerariaconceptochile.cl\/wp-content\/uploads\/2025\/01\/233-300x300.png 300w, https:\/\/funerariaconceptochile.cl\/wp-content\/uploads\/2025\/01\/233-800x800.png 800w, https:\/\/funerariaconceptochile.cl\/wp-content\/uploads\/2025\/01\/233-150x150.png 150w, https:\/\/funerariaconceptochile.cl\/wp-content\/uploads\/2025\/01\/233-768x768.png 768w, https:\/\/funerariaconceptochile.cl\/wp-content\/uploads\/2025\/01\/233.png 1200w\" sizes=\"auto, (max-width: 400px) 100vw, 400px\" \/>\t\t<\/a>\n\t\t\t\t<div class=\"wd-buttons wd-pos-r-t\">\n\t\t\t\t\t\t\t\t\t\t\t<div class=\"quick-view wd-action-btn wd-style-icon wd-quick-view-icon\">\n\t\t\t<a\n\t\t\t\thref=\"https:\/\/funerariaconceptochile.cl\/es\/product\/anfora-premium-a06\/\"\n\t\t\t\tclass=\"open-quick-view quick-view-button\"\n\t\t\t\trel=\"nofollow\"\n\t\t\t\tdata-id=\"10113\"\n\t\t\t\t>Vista R\u00e1pida<\/a>\n\t\t<\/div>\n\t\t\t\t\t\t\t\t<div class=\"wd-wishlist-btn wd-action-btn wd-style-icon wd-wishlist-icon\">\n\t\t\t\t<a class=\"\" href=\"https:\/\/funerariaconceptochile.cl\/es\/wishlist\/\" data-key=\"0d11eae95b\" data-product-id=\"10113\" rel=\"nofollow\" data-added-text=\"Ver lista\">\n\t\t\t\t\t<span>A\u00f1adir a lista<\/span>\n\t\t\t\t<\/a>\n\t\t\t<\/div>\n\t\t\t\t<\/div>\n\n\t\t<div class=\"wd-add-btn wd-add-btn-replace\">\n\t\t\t\n\t\t\t<a href=\"\/es\/wp-json\/wp\/v2\/pages\/2188?add-to-cart=10113\" data-quantity=\"1\" class=\"button product_type_simple add_to_cart_button ajax_add_to_cart add-to-cart-loop\" data-product_id=\"10113\" data-product_sku=\"APA06\" aria-label=\"A\u00f1adir al carrito: &ldquo;anfora premium A06&rdquo;\" rel=\"nofollow\" data-success_message=\"\u00abanfora premium A06\u00bb se ha a\u00f1adido a tu carrito\" role=\"button\"><span>A\u00f1adir al carrito<\/span><\/a>\t\t<\/div>\n\t<\/div>\n\t\t\t<h3 class=\"wd-entities-title\"><a href=\"https:\/\/funerariaconceptochile.cl\/es\/product\/anfora-premium-a06\/\">anfora premium A06<\/a><\/h3>\n\t\t\t<div class=\"wd-product-cats\">\n\t\t\t<a href=\"https:\/\/funerariaconceptochile.cl\/es\/product-category\/accesorios-funerarios\/\" rel=\"tag\">Accesorios funerarios<\/a>\t\t<\/div>\n\t\t\t\t\n\t<span class=\"price\"><span class=\"woocommerce-Price-amount amount\"><bdi><span class=\"woocommerce-Price-currencySymbol\">&#36;<\/span>183.300<\/bdi><\/span><\/span>\n\n\t\n\t\n\t\t<\/div>\n<\/div>\n<div class=\"product-grid-item product wd-hover-quick  col-lg-20_0 col-md-3 col-6 type-product post-10114 status-publish instock product_cat-accesorios-funerarios has-post-thumbnail shipping-taxable purchasable product-type-simple\" data-loop=\"9\" data-id=\"10114\">\n\t\n\t\n<div class=\"product-wrapper\">\n\t<div class=\"product-element-top wd-quick-shop\">\n\t\t<a href=\"https:\/\/funerariaconceptochile.cl\/es\/product\/anfora-premium-a27\/\" class=\"product-image-link\">\n\t\t\t<img loading=\"lazy\" decoding=\"async\" width=\"400\" height=\"400\" src=\"https:\/\/funerariaconceptochile.cl\/wp-content\/uploads\/2025\/01\/234-400x400.png\" class=\"attachment-woocommerce_thumbnail size-woocommerce_thumbnail\" alt=\"\" srcset=\"https:\/\/funerariaconceptochile.cl\/wp-content\/uploads\/2025\/01\/234-400x400.png 400w, https:\/\/funerariaconceptochile.cl\/wp-content\/uploads\/2025\/01\/234-300x300.png 300w, https:\/\/funerariaconceptochile.cl\/wp-content\/uploads\/2025\/01\/234-800x800.png 800w, https:\/\/funerariaconceptochile.cl\/wp-content\/uploads\/2025\/01\/234-150x150.png 150w, https:\/\/funerariaconceptochile.cl\/wp-content\/uploads\/2025\/01\/234-768x768.png 768w, https:\/\/funerariaconceptochile.cl\/wp-content\/uploads\/2025\/01\/234.png 1200w\" sizes=\"auto, (max-width: 400px) 100vw, 400px\" \/>\t\t<\/a>\n\t\t\t\t<div class=\"wd-buttons wd-pos-r-t\">\n\t\t\t\t\t\t\t\t\t\t\t<div class=\"quick-view wd-action-btn wd-style-icon wd-quick-view-icon\">\n\t\t\t<a\n\t\t\t\thref=\"https:\/\/funerariaconceptochile.cl\/es\/product\/anfora-premium-a27\/\"\n\t\t\t\tclass=\"open-quick-view quick-view-button\"\n\t\t\t\trel=\"nofollow\"\n\t\t\t\tdata-id=\"10114\"\n\t\t\t\t>Vista R\u00e1pida<\/a>\n\t\t<\/div>\n\t\t\t\t\t\t\t\t<div class=\"wd-wishlist-btn wd-action-btn wd-style-icon wd-wishlist-icon\">\n\t\t\t\t<a class=\"\" href=\"https:\/\/funerariaconceptochile.cl\/es\/wishlist\/\" data-key=\"0d11eae95b\" data-product-id=\"10114\" rel=\"nofollow\" data-added-text=\"Ver lista\">\n\t\t\t\t\t<span>A\u00f1adir a lista<\/span>\n\t\t\t\t<\/a>\n\t\t\t<\/div>\n\t\t\t\t<\/div>\n\n\t\t<div class=\"wd-add-btn wd-add-btn-replace\">\n\t\t\t\n\t\t\t<a href=\"\/es\/wp-json\/wp\/v2\/pages\/2188?add-to-cart=10114\" data-quantity=\"1\" class=\"button product_type_simple add_to_cart_button ajax_add_to_cart add-to-cart-loop\" data-product_id=\"10114\" data-product_sku=\"ApA27\" aria-label=\"A\u00f1adir al carrito: &ldquo;anfora premium A27&rdquo;\" rel=\"nofollow\" data-success_message=\"\u00abanfora premium A27\u00bb se ha a\u00f1adido a tu carrito\" role=\"button\"><span>A\u00f1adir al carrito<\/span><\/a>\t\t<\/div>\n\t<\/div>\n\t\t\t<h3 class=\"wd-entities-title\"><a href=\"https:\/\/funerariaconceptochile.cl\/es\/product\/anfora-premium-a27\/\">anfora premium A27<\/a><\/h3>\n\t\t\t<div class=\"wd-product-cats\">\n\t\t\t<a href=\"https:\/\/funerariaconceptochile.cl\/es\/product-category\/accesorios-funerarios\/\" rel=\"tag\">Accesorios funerarios<\/a>\t\t<\/div>\n\t\t\t\t\n\t<span class=\"price\"><span class=\"woocommerce-Price-amount amount\"><bdi><span class=\"woocommerce-Price-currencySymbol\">&#36;<\/span>183.300<\/bdi><\/span><\/span>\n\n\t\n\t\n\t\t<\/div>\n<\/div>\n<div class=\"product-grid-item product wd-hover-quick  col-lg-20_0 col-md-3 col-6 last  type-product post-10118 status-publish instock product_cat-accesorios-funerarios has-post-thumbnail shipping-taxable purchasable product-type-simple\" data-loop=\"10\" data-id=\"10118\">\n\t\n\t\n<div class=\"product-wrapper\">\n\t<div class=\"product-element-top wd-quick-shop\">\n\t\t<a href=\"https:\/\/funerariaconceptochile.cl\/es\/product\/anfora-tealight-a10\/\" class=\"product-image-link\">\n\t\t\t<img loading=\"lazy\" decoding=\"async\" width=\"400\" height=\"400\" src=\"https:\/\/funerariaconceptochile.cl\/wp-content\/uploads\/2025\/01\/238-400x400.png\" class=\"attachment-woocommerce_thumbnail size-woocommerce_thumbnail\" alt=\"\" srcset=\"https:\/\/funerariaconceptochile.cl\/wp-content\/uploads\/2025\/01\/238-400x400.png 400w, https:\/\/funerariaconceptochile.cl\/wp-content\/uploads\/2025\/01\/238-300x300.png 300w, https:\/\/funerariaconceptochile.cl\/wp-content\/uploads\/2025\/01\/238-800x800.png 800w, https:\/\/funerariaconceptochile.cl\/wp-content\/uploads\/2025\/01\/238-150x150.png 150w, https:\/\/funerariaconceptochile.cl\/wp-content\/uploads\/2025\/01\/238-768x768.png 768w, https:\/\/funerariaconceptochile.cl\/wp-content\/uploads\/2025\/01\/238.png 1200w\" sizes=\"auto, (max-width: 400px) 100vw, 400px\" \/>\t\t<\/a>\n\t\t\t\t<div class=\"wd-buttons wd-pos-r-t\">\n\t\t\t\t\t\t\t\t\t\t\t<div class=\"quick-view wd-action-btn wd-style-icon wd-quick-view-icon\">\n\t\t\t<a\n\t\t\t\thref=\"https:\/\/funerariaconceptochile.cl\/es\/product\/anfora-tealight-a10\/\"\n\t\t\t\tclass=\"open-quick-view quick-view-button\"\n\t\t\t\trel=\"nofollow\"\n\t\t\t\tdata-id=\"10118\"\n\t\t\t\t>Vista R\u00e1pida<\/a>\n\t\t<\/div>\n\t\t\t\t\t\t\t\t<div class=\"wd-wishlist-btn wd-action-btn wd-style-icon wd-wishlist-icon\">\n\t\t\t\t<a class=\"\" href=\"https:\/\/funerariaconceptochile.cl\/es\/wishlist\/\" data-key=\"0d11eae95b\" data-product-id=\"10118\" rel=\"nofollow\" data-added-text=\"Ver lista\">\n\t\t\t\t\t<span>A\u00f1adir a lista<\/span>\n\t\t\t\t<\/a>\n\t\t\t<\/div>\n\t\t\t\t<\/div>\n\n\t\t<div class=\"wd-add-btn wd-add-btn-replace\">\n\t\t\t\n\t\t\t<a href=\"\/es\/wp-json\/wp\/v2\/pages\/2188?add-to-cart=10118\" data-quantity=\"1\" class=\"button product_type_simple add_to_cart_button ajax_add_to_cart add-to-cart-loop\" data-product_id=\"10118\" data-product_sku=\"Atlh10\" aria-label=\"A\u00f1adir al carrito: &ldquo;anfora tealight A10&rdquo;\" rel=\"nofollow\" data-success_message=\"\u00abanfora tealight A10\u00bb se ha a\u00f1adido a tu carrito\" role=\"button\"><span>A\u00f1adir al carrito<\/span><\/a>\t\t<\/div>\n\t<\/div>\n\t\t\t<h3 class=\"wd-entities-title\"><a href=\"https:\/\/funerariaconceptochile.cl\/es\/product\/anfora-tealight-a10\/\">anfora tealight A10<\/a><\/h3>\n\t\t\t<div class=\"wd-product-cats\">\n\t\t\t<a href=\"https:\/\/funerariaconceptochile.cl\/es\/product-category\/accesorios-funerarios\/\" rel=\"tag\">Accesorios funerarios<\/a>\t\t<\/div>\n\t\t\t\t\n\t<span class=\"price\"><span class=\"woocommerce-Price-amount amount\"><bdi><span class=\"woocommerce-Price-currencySymbol\">&#36;<\/span>114.800<\/bdi><\/span><\/span>\n\n\t\n\t\n\t\t<\/div>\n<\/div>\n\t\t\t<\/div>\n\t\t\t<\/div><\/div><\/div><\/div><\/div><div data-vc-full-width=\"true\" data-vc-full-width-init=\"false\" class=\"vc_row wpb_row vc_row-fluid vc_custom_1682018632082 vc_row-has-fill vc_row-o-content-middle vc_row-flex wd-rs-644191403938c\"><div class=\"wpb_column vc_column_container vc_col-sm-8 color-scheme-light wd-rs-6441912c04c63\"><div class=\"vc_column-inner\"><div class=\"wpb_wrapper\">\t\t<div id=\"wd-64418f9fa95dc\" class=\"wd-text-block wd-wpb reset-last-child wd-rs-64418f9fa95dc text-center wd-font-weight-400 color-title wd-fontsize-xxl font-primary vc_custom_1682018219325\">\n\t\t\t<h2 style=\"text-align: left;\">Si tienes alguna duda o necesitas informaci\u00f3n no dudes en contactarnos<\/h2>\n<h1 style=\"text-align: left;\"><a href=\"http:\/\/wa.me\/+56951180538\">+56951180538<\/a><\/h1>\n\t\t<\/div>\n\t\t<\/div><\/div><\/div><div class=\"wpb_column vc_column_container vc_col-sm-4 wd-rs-64419018f26db\"><div class=\"vc_column-inner\"><div class=\"wpb_wrapper\"><div id=\"wd-64418ffbdd716\" class=\" wd-rs-64418ffbdd716  wd-button-wrapper text-center\"><a href=\"https:\/\/wa.me\/+56951180538\" title=\"\" class=\"btn btn-color-white btn-style-default btn-style-rectangle btn-size-default\">Contactar<\/a><\/div><\/div><\/div><\/div><\/div><div class=\"vc_row-full-width vc_clearfix\"><\/div>\n<\/section>","protected":false},"excerpt":{"rendered":"anfora tealight para cenizas Atlh10, material brass, dimensiones 13.5cm x 9.5cm, capacidad cenizas 400kg aprx, peso 10,75 kg\/con vaso 1.150kg","protected":false},"author":2,"featured_media":0,"parent":0,"menu_order":0,"comment_status":"closed","ping_status":"closed","template":"","meta":{"footnotes":""},"class_list":["post-2188","page","type-page","status-publish","hentry"],"yoast_head":"<!-- This site is optimized with the Yoast SEO plugin v27.5 - https:\/\/yoast.com\/product\/yoast-seo-wordpress\/ -->\n<title>Funeraria Concepto | Acompa\u00f1amiento funerario integral 24 horas<\/title>\n<meta name=\"description\" content=\"Acompa\u00f1amos a las familias con servicios funerarios integrales, cremaci\u00f3n, traslados y apoyo profesional las 24 horas. Estamos para ayudarte.\" \/>\n<meta name=\"robots\" content=\"index, follow, max-snippet:-1, max-image-preview:large, max-video-preview:-1\" \/>\n<link rel=\"canonical\" href=\"https:\/\/funerariaconceptochile.cl\/es\/\" \/>\n<meta property=\"og:locale\" content=\"es_ES\" \/>\n<meta property=\"og:type\" content=\"article\" \/>\n<meta property=\"og:title\" content=\"Funeraria Concepto | Acompa\u00f1amiento funerario integral 24 horas\" \/>\n<meta property=\"og:description\" content=\"Acompa\u00f1amos a las familias con servicios funerarios integrales, cremaci\u00f3n, traslados y apoyo profesional las 24 horas. Estamos para ayudarte.\" \/>\n<meta property=\"og:url\" content=\"https:\/\/funerariaconceptochile.cl\/es\/\" \/>\n<meta property=\"og:site_name\" content=\"Funeraria Concepto\" \/>\n<meta property=\"article:modified_time\" content=\"2026-04-29T02:51:30+00:00\" \/>\n<meta name=\"twitter:card\" content=\"summary_large_image\" \/>\n<meta name=\"twitter:label1\" content=\"Tiempo de lectura\" \/>\n\t<meta name=\"twitter:data1\" content=\"5 minutos\" \/>\n<script type=\"application\/ld+json\" class=\"yoast-schema-graph\">{\"@context\":\"https:\\\/\\\/schema.org\",\"@graph\":[{\"@type\":\"WebPage\",\"@id\":\"https:\\\/\\\/funerariaconceptochile.cl\\\/\",\"url\":\"https:\\\/\\\/funerariaconceptochile.cl\\\/\",\"name\":\"Funeraria Concepto | Acompa\u00f1amiento funerario integral 24 horas\",\"isPartOf\":{\"@id\":\"https:\\\/\\\/funerariaconceptochile.cl\\\/#website\"},\"datePublished\":\"2021-08-04T07:55:44+00:00\",\"dateModified\":\"2026-04-29T02:51:30+00:00\",\"description\":\"Acompa\u00f1amos a las familias con servicios funerarios integrales, cremaci\u00f3n, traslados y apoyo profesional las 24 horas. Estamos para ayudarte.\",\"breadcrumb\":{\"@id\":\"https:\\\/\\\/funerariaconceptochile.cl\\\/#breadcrumb\"},\"inLanguage\":\"es\",\"potentialAction\":[{\"@type\":\"ReadAction\",\"target\":[\"https:\\\/\\\/funerariaconceptochile.cl\\\/\"]}]},{\"@type\":\"BreadcrumbList\",\"@id\":\"https:\\\/\\\/funerariaconceptochile.cl\\\/#breadcrumb\",\"itemListElement\":[{\"@type\":\"ListItem\",\"position\":1,\"name\":\"Portada\",\"item\":\"https:\\\/\\\/funerariaconceptochile.cl\\\/\"},{\"@type\":\"ListItem\",\"position\":2,\"name\":\"Inicio\"}]},{\"@type\":\"WebSite\",\"@id\":\"https:\\\/\\\/funerariaconceptochile.cl\\\/#website\",\"url\":\"https:\\\/\\\/funerariaconceptochile.cl\\\/\",\"name\":\"Funeraria Concepto\",\"description\":\"\",\"potentialAction\":[{\"@type\":\"SearchAction\",\"target\":{\"@type\":\"EntryPoint\",\"urlTemplate\":\"https:\\\/\\\/funerariaconceptochile.cl\\\/?s={search_term_string}\"},\"query-input\":{\"@type\":\"PropertyValueSpecification\",\"valueRequired\":true,\"valueName\":\"search_term_string\"}}],\"inLanguage\":\"es\"}]}<\/script>\n<!-- \/ Yoast SEO plugin. -->","yoast_head_json":{"title":"Funeraria Concepto | Acompa\u00f1amiento funerario integral 24 horas","description":"Acompa\u00f1amos a las familias con servicios funerarios integrales, cremaci\u00f3n, traslados y apoyo profesional las 24 horas. Estamos para ayudarte.","robots":{"index":"index","follow":"follow","max-snippet":"max-snippet:-1","max-image-preview":"max-image-preview:large","max-video-preview":"max-video-preview:-1"},"canonical":"https:\/\/funerariaconceptochile.cl\/es\/","og_locale":"es_ES","og_type":"article","og_title":"Funeraria Concepto | Acompa\u00f1amiento funerario integral 24 horas","og_description":"Acompa\u00f1amos a las familias con servicios funerarios integrales, cremaci\u00f3n, traslados y apoyo profesional las 24 horas. Estamos para ayudarte.","og_url":"https:\/\/funerariaconceptochile.cl\/es\/","og_site_name":"Funeraria Concepto","article_modified_time":"2026-04-29T02:51:30+00:00","twitter_card":"summary_large_image","twitter_misc":{"Tiempo de lectura":"5 minutos"},"schema":{"@context":"https:\/\/schema.org","@graph":[{"@type":"WebPage","@id":"https:\/\/funerariaconceptochile.cl\/","url":"https:\/\/funerariaconceptochile.cl\/","name":"Funeraria Concepto | Acompa\u00f1amiento funerario integral 24 horas","isPartOf":{"@id":"https:\/\/funerariaconceptochile.cl\/#website"},"datePublished":"2021-08-04T07:55:44+00:00","dateModified":"2026-04-29T02:51:30+00:00","description":"Acompa\u00f1amos a las familias con servicios funerarios integrales, cremaci\u00f3n, traslados y apoyo profesional las 24 horas. Estamos para ayudarte.","breadcrumb":{"@id":"https:\/\/funerariaconceptochile.cl\/#breadcrumb"},"inLanguage":"es","potentialAction":[{"@type":"ReadAction","target":["https:\/\/funerariaconceptochile.cl\/"]}]},{"@type":"BreadcrumbList","@id":"https:\/\/funerariaconceptochile.cl\/#breadcrumb","itemListElement":[{"@type":"ListItem","position":1,"name":"Portada","item":"https:\/\/funerariaconceptochile.cl\/"},{"@type":"ListItem","position":2,"name":"Inicio"}]},{"@type":"WebSite","@id":"https:\/\/funerariaconceptochile.cl\/#website","url":"https:\/\/funerariaconceptochile.cl\/","name":"Funeraria Concepto","description":"","potentialAction":[{"@type":"SearchAction","target":{"@type":"EntryPoint","urlTemplate":"https:\/\/funerariaconceptochile.cl\/?s={search_term_string}"},"query-input":{"@type":"PropertyValueSpecification","valueRequired":true,"valueName":"search_term_string"}}],"inLanguage":"es"}]}},"_links":{"self":[{"href":"https:\/\/funerariaconceptochile.cl\/es\/wp-json\/wp\/v2\/pages\/2188","targetHints":{"allow":["GET"]}}],"collection":[{"href":"https:\/\/funerariaconceptochile.cl\/es\/wp-json\/wp\/v2\/pages"}],"about":[{"href":"https:\/\/funerariaconceptochile.cl\/es\/wp-json\/wp\/v2\/types\/page"}],"author":[{"embeddable":true,"href":"https:\/\/funerariaconceptochile.cl\/es\/wp-json\/wp\/v2\/users\/2"}],"replies":[{"embeddable":true,"href":"https:\/\/funerariaconceptochile.cl\/es\/wp-json\/wp\/v2\/comments?post=2188"}],"version-history":[{"count":31,"href":"https:\/\/funerariaconceptochile.cl\/es\/wp-json\/wp\/v2\/pages\/2188\/revisions"}],"predecessor-version":[{"id":11819,"href":"https:\/\/funerariaconceptochile.cl\/es\/wp-json\/wp\/v2\/pages\/2188\/revisions\/11819"}],"wp:attachment":[{"href":"https:\/\/funerariaconceptochile.cl\/es\/wp-json\/wp\/v2\/media?parent=2188"}],"curies":[{"name":"wp","href":"https:\/\/api.w.org\/{rel}","templated":true}]}}